{"id":1158,"date":"2024-04-05T15:57:47","date_gmt":"2024-04-05T15:57:47","guid":{"rendered":"https:\/\/calmanelet.es\/?page_id=1158"},"modified":"2024-07-01T09:02:31","modified_gmt":"2024-07-01T09:02:31","slug":"els-nostres-vins-canyelles-barcelona","status":"publish","type":"page","link":"https:\/\/calmanelet.es\/es\/els-nostres-vins-canyelles-barcelona\/","title":{"rendered":"Vins"},"content":{"rendered":"<p>[et_pb_section fb_built=&#8221;1&#8243; _builder_version=&#8221;4.16&#8243; custom_margin=&#8221;0px||||false|false&#8221; custom_padding=&#8221;0px||0px||false|false&#8221; global_colors_info=&#8221;{}&#8221;][et_pb_row _builder_version=&#8221;4.24.3&#8243; background_image=&#8221;https:\/\/calmanelet.es\/wp-content\/uploads\/2024\/04\/carta-de-vins-a-canyelles-barcelona.jpeg&#8221; background_repeat=&#8221;repeat&#8221; width=&#8221;100%&#8221; max_width=&#8221;1900px&#8221; module_alignment=&#8221;center&#8221; custom_margin=&#8221;0px|auto|0px|auto|false|false&#8221; custom_padding=&#8221;0px||0px||false|false&#8221; global_colors_info=&#8221;{}&#8221;][et_pb_column type=&#8221;4_4&#8243; _builder_version=&#8221;4.24.3&#8243; background_color=&#8221;RGBA(255,255,255,0)&#8221; custom_padding=&#8221;|||&#8221; global_colors_info=&#8221;{}&#8221; custom_padding__hover=&#8221;|||&#8221;][et_pb_slider _builder_version=&#8221;4.24.3&#8243; _module_preset=&#8221;default&#8221; header_level=&#8221;h1&#8243; header_font=&#8221;Caveat|700|||||||&#8221; header_text_color=&#8221;#000000&#8243; custom_margin=&#8221;0px||||false|false&#8221; custom_margin_tablet=&#8221;154px||||false|false&#8221; custom_margin_phone=&#8221;&#8221; custom_margin_last_edited=&#8221;on|desktop&#8221; global_colors_info=&#8221;{}&#8221;][et_pb_slide heading=&#8221;Els nostres vins&#8221; button_link=&#8221;tel:+34699544424&#8243; use_bg_overlay=&#8221;on&#8221; bg_overlay_color=&#8221;rgba(0,0,0,0)&#8221; use_text_overlay=&#8221;on&#8221; text_overlay_color=&#8221;rgba(255,255,255,0.85)&#8221; bg_overlay_color_tablet=&#8221;rgba(255,255,255,0.43)&#8221; bg_overlay_color_phone=&#8221;&#8221; bg_overlay_color_last_edited=&#8221;on|phone&#8221; _builder_version=&#8221;4.24.3&#8243; _module_preset=&#8221;default&#8221; body_text_color=&#8221;#000000&#8243; body_font_size=&#8221;20px&#8221; background_color=&#8221;RGBA(255,255,255,0)&#8221; background_enable_color=&#8221;on&#8221; custom_button=&#8221;on&#8221; button_text_color=&#8221;#000000&#8243; button_bg_color=&#8221;rgba(255,255,255,0.79)&#8221; button_border_width=&#8221;4px&#8221; button_border_radius=&#8221;26px&#8221; button_use_icon=&#8221;on&#8221; button_icon=&#8221;&#xe090;||divi||400&#8243; button_icon_color=&#8221;#e09900&#8243; button_on_hover=&#8221;on&#8221; button_alignment=&#8221;center&#8221; custom_padding=&#8221;||||false|false&#8221; custom_padding_tablet=&#8221;||||false|false&#8221; custom_padding_phone=&#8221;&#8221; custom_padding_last_edited=&#8221;on|tablet&#8221; body_font_size_tablet=&#8221;17px&#8221; body_font_size_phone=&#8221;&#8221; body_font_size_last_edited=&#8221;on|phone&#8221; text_shadow_style=&#8221;preset5&#8243; text_shadow_color=&#8221;#000000&#8243; global_colors_info=&#8221;{}&#8221; sticky_transition=&#8221;on&#8221;]<\/p>\n<p>Els millors vins per maridar amb els plats de Cal Manelet restaurant a Canyelles Barcelona<\/p>\n<p>[\/et_pb_slide][\/et_pb_slider][\/et_pb_column][\/et_pb_row][\/et_pb_section][et_pb_section fb_built=&#8221;1&#8243; _builder_version=&#8221;4.16&#8243; _module_preset=&#8221;default&#8221; custom_padding=&#8221;0px||0px|||&#8221; global_colors_info=&#8221;{}&#8221;][et_pb_row column_structure=&#8221;1_2,1_2&#8243; use_custom_gutter=&#8221;on&#8221; gutter_width=&#8221;2&#8243; make_equal=&#8221;on&#8221; _builder_version=&#8221;4.24.3&#8243; _module_preset=&#8221;default&#8221; background_color=&#8221;#FFFFFF&#8221; width=&#8221;100%&#8221; max_width=&#8221;1900px&#8221; custom_margin=&#8221;0px||0px||false|false&#8221; custom_padding=&#8221;2em||2em||true|false&#8221; border_width_top=&#8221;14px&#8221; border_style_top=&#8221;double&#8221; global_colors_info=&#8221;{%22gcid-01c7da47-2bf1-4b2c-9aaf-f5e741aea84e%22:%91%22background_color%22%93}&#8221;][et_pb_column type=&#8221;1_2&#8243; _builder_version=&#8221;4.24.3&#8243; _module_preset=&#8221;default&#8221; custom_padding=&#8221;2em|1em|2em|1em|true|true&#8221; animation_style=&#8221;zoom&#8221; border_width_all=&#8221;2px&#8221; global_colors_info=&#8221;{}&#8221;][et_pb_text _builder_version=&#8221;4.25.2&#8243; _module_preset=&#8221;default&#8221; text_font=&#8221;|700||on|||||&#8221; text_text_color=&#8221;#000000&#8243; text_line_height=&#8221;1em&#8221; header_font=&#8221;||||||||&#8221; header_2_font=&#8221;Caveat|700|||||||&#8221; header_2_text_color=&#8221;#000000&#8243; header_2_font_size=&#8221;2.2vw&#8221; background_enable_color=&#8221;off&#8221; text_orientation=&#8221;center&#8221; custom_padding=&#8221;|1em||1em|false|true&#8221; animation_style=&#8221;zoom&#8221; hover_enabled=&#8221;0&#8243; header_2_font_size_tablet=&#8221;6vw&#8221; header_2_font_size_phone=&#8221;8vw&#8221; header_2_font_size_last_edited=&#8221;on|desktop&#8221; global_colors_info=&#8221;{}&#8221; sticky_enabled=&#8221;0&#8243;]<\/p>\n<h2 style=\"text-align: center;\">Vins blancs<\/h2>\n<table class=\"tablavinos\" style=\"width: 100%; border-collapse: collapse; margin-left: auto; margin-right: auto; height: 272px;\" border=\"1\">\n<tbody>\n<tr style=\"height: 24px;\">\n<td style=\"width: 50%; height: 24px; text-align: center;\">Clos del Rac\u00f3 (D.O Catalunya)<\/td>\n<td style=\"width: 50%; height: 24px; text-align: center;\">14,90 \u20ac<\/td>\n<\/tr>\n<tr style=\"height: 10px;\">\n<td style=\"width: 50%; height: 10px; text-align: center;\">Salas Casanovas (D.O Catalunya)<\/td>\n<td style=\"width: 50%; height: 10px; text-align: center;\">13,90 \u20ac<\/td>\n<\/tr>\n<tr style=\"height: 0px;\">\n<td style=\"width: 50%; height: 10px; text-align: center;\">Vers (D.O Catalunya, Macabeo, Xarel.lo i Muscat)<\/td>\n<td style=\"width: 50%; height: 10px; text-align: center;\">14,00 \u20ac<\/td>\n<\/tr>\n<tr style=\"height: 0px;\">\n<td style=\"width: 50%; height: 10px; text-align: center;\">Naiada (D.O Pened\u00e8s, Xarel.lo i Muscat)<\/td>\n<td style=\"width: 50%; height: 10px; text-align: center;\">16,00 \u20ac<\/td>\n<\/tr>\n<tr style=\"height: 0px;\">\n<td style=\"width: 50%; height: 10px; text-align: center;\">Viore (D.O Toro, Verdejo 100%)<\/td>\n<td style=\"width: 50%; height: 10px; text-align: center;\">15,00 \u20ac ( copa 2.9\u20ac)<\/td>\n<\/tr>\n<tr style=\"height: 0px;\">\n<td style=\"width: 50%; height: 10px; text-align: center;\">Castillo de Aza (D.O Rueda, Verdejo)<\/td>\n<td style=\"width: 50%; height: 10px; text-align: center;\">12,60 \u20ac<\/td>\n<\/tr>\n<\/tbody>\n<\/table>\n<p>[\/et_pb_text][\/et_pb_column][et_pb_column type=&#8221;1_2&#8243; _builder_version=&#8221;4.24.3&#8243; _module_preset=&#8221;default&#8221; custom_padding=&#8221;2em|1em|2em|1em|true|true&#8221; animation_style=&#8221;zoom&#8221; border_width_all=&#8221;2px&#8221; global_colors_info=&#8221;{}&#8221;][et_pb_text _builder_version=&#8221;4.25.2&#8243; _module_preset=&#8221;default&#8221; text_font=&#8221;|700||on|||||&#8221; text_text_color=&#8221;#000000&#8243; text_line_height=&#8221;1em&#8221; header_font=&#8221;||||||||&#8221; header_2_font=&#8221;Caveat|700|||||||&#8221; header_2_text_color=&#8221;#000000&#8243; header_2_font_size=&#8221;2.2vw&#8221; background_enable_color=&#8221;off&#8221; text_orientation=&#8221;center&#8221; custom_padding=&#8221;|1em||1em|false|true&#8221; hover_enabled=&#8221;0&#8243; header_2_font_size_tablet=&#8221;6vw&#8221; header_2_font_size_phone=&#8221;8vw&#8221; header_2_font_size_last_edited=&#8221;on|desktop&#8221; global_colors_info=&#8221;{}&#8221; sticky_enabled=&#8221;0&#8243;]<\/p>\n<h2 style=\"text-align: center;\">Vins negres<\/h2>\n<table class=\"tablavinos\" style=\"width: 100%; border-collapse: collapse; margin-left: auto; margin-right: auto; height: 124px;\" border=\"1\">\n<tbody>\n<tr style=\"height: 24px;\">\n<td style=\"width: 50%; height: 24px; text-align: center;\">Marqu\u00e9s de Victoria (Rioja, Tempranillo)<\/td>\n<td style=\"width: 50%; height: 24px; text-align: center;\">15,00 \u20ac<\/td>\n<\/tr>\n<tr style=\"height: 10px;\">\n<td style=\"width: 50%; height: 10px; text-align: center;\">El ni\u00f1o (Rioja, Tempranillo)<\/td>\n<td style=\"width: 50%; height: 10px; text-align: center;\">15,90 \u20ac<\/td>\n<\/tr>\n<tr style=\"height: 0px;\">\n<td style=\"width: 50%; height: 10px; text-align: center;\">Puerta Vieja (D.O Rioja)<\/td>\n<td style=\"width: 50%; height: 10px; text-align: center;\">16,00 \u20ac (copa 3\u20ac)<\/td>\n<\/tr>\n<tr style=\"height: 0px;\">\n<td style=\"width: 50%; height: 10px; text-align: center;\">Monte Real (Rioja, Crianza)<\/td>\n<td style=\"width: 50%; height: 10px; text-align: center;\">18,50 \u20ac<\/td>\n<\/tr>\n<tr style=\"height: 0px;\">\n<td style=\"width: 50%; height: 10px; text-align: center;\">Vi\u00f1a Pomal (Rioja, Tempranillo)<\/td>\n<td style=\"width: 50%; height: 10px; text-align: center;\">17,90 \u20ac<\/td>\n<\/tr>\n<tr style=\"height: 0px;\">\n<td style=\"width: 50%; height: 10px; text-align: center;\">Montequinto (Rioja, Crianza)<\/td>\n<td style=\"width: 50%; height: 10px; text-align: center;\">15,00 \u20ac<\/td>\n<\/tr>\n<tr style=\"height: 0px;\">\n<td style=\"width: 50%; height: 10px; text-align: center;\">Afinus (D.O Montsant)<\/td>\n<td style=\"width: 50%; height: 10px; text-align: center;\">14,90 \u20ac<\/td>\n<\/tr>\n<tr style=\"height: 0px;\">\n<td style=\"width: 50%; height: 10px; text-align: center;\">Vers (D.O Catalunya, Tempranillo, Merlot)<\/td>\n<td style=\"width: 50%; height: 10px; text-align: center;\">14,00 \u20ac<\/td>\n<\/tr>\n<tr style=\"height: 0px;\">\n<td style=\"width: 50%; height: 10px; text-align: center;\">Clos del Rac\u00f3 (D.O Catalunya)<\/td>\n<td style=\"width: 50%; height: 10px; text-align: center;\">14,90 \u20ac<\/td>\n<\/tr>\n<tr style=\"height: 0px;\">\n<td style=\"width: 50%; height: 10px; text-align: center;\">Sala Casanovas (Crianza)<\/td>\n<td style=\"width: 50%; height: 10px; text-align: center;\">13,90 \u20ac<\/td>\n<\/tr>\n<tr style=\"height: 0px;\">\n<td style=\"width: 50%; height: 10px; text-align: center;\">Alacer (Rivera del Duero, Roble)<\/td>\n<td style=\"width: 50%; height: 10px; text-align: center;\">14,90 \u20ac<\/td>\n<\/tr>\n<\/tbody>\n<\/table>\n<p>[\/et_pb_text][\/et_pb_column][\/et_pb_row][et_pb_row column_structure=&#8221;1_3,1_3,1_3&#8243; use_custom_gutter=&#8221;on&#8221; gutter_width=&#8221;2&#8243; make_equal=&#8221;on&#8221; _builder_version=&#8221;4.24.3&#8243; _module_preset=&#8221;default&#8221; background_color=&#8221;#FFFFFF&#8221; width=&#8221;100%&#8221; max_width=&#8221;1900px&#8221; custom_margin=&#8221;0px||0px||false|false&#8221; custom_padding=&#8221;2em||2em||true|false&#8221; global_colors_info=&#8221;{%22gcid-01c7da47-2bf1-4b2c-9aaf-f5e741aea84e%22:%91%22background_color%22%93}&#8221;][et_pb_column type=&#8221;1_3&#8243; _builder_version=&#8221;4.24.3&#8243; _module_preset=&#8221;default&#8221; custom_padding=&#8221;2em|1em|2em|1em|true|true&#8221; animation_style=&#8221;zoom&#8221; border_width_all=&#8221;2px&#8221; global_colors_info=&#8221;{}&#8221;][et_pb_text _builder_version=&#8221;4.24.3&#8243; _module_preset=&#8221;default&#8221; text_font=&#8221;|700||on|||||&#8221; text_text_color=&#8221;#000000&#8243; text_line_height=&#8221;1em&#8221; header_font=&#8221;||||||||&#8221; header_2_font=&#8221;Caveat|700|||||||&#8221; header_2_text_color=&#8221;#000000&#8243; header_2_font_size=&#8221;2.2vw&#8221; background_enable_color=&#8221;off&#8221; text_orientation=&#8221;center&#8221; custom_padding=&#8221;|1em||1em|false|true&#8221; header_2_font_size_tablet=&#8221;6vw&#8221; header_2_font_size_phone=&#8221;8vw&#8221; header_2_font_size_last_edited=&#8221;on|desktop&#8221; global_colors_info=&#8221;{}&#8221;]<\/p>\n<h2 style=\"text-align: center;\">Vins Rosats<\/h2>\n<table class=\"tablavinos\" style=\"width: 100%; border-collapse: collapse; margin-left: auto; margin-right: auto;\">\n<tbody>\n<tr style=\"height: 0px;\">\n<td style=\"width: 50%; height: 10px; text-align: center;\">Sala Casanovas<\/td>\n<td style=\"width: 50%; height: 10px; text-align: center;\">13,90 \u20ac<\/td>\n<\/tr>\n<tr style=\"height: 0px;\">\n<td style=\"width: 50%; height: 10px; text-align: center;\">Clos del Rac\u00f3<\/td>\n<td style=\"width: 50%; height: 10px; text-align: center;\">14,90 \u20ac<\/td>\n<\/tr>\n<tr style=\"height: 0px;\">\n<td style=\"width: 50%; height: 10px; text-align: center;\">Naiada<\/td>\n<td style=\"width: 50%; height: 10px; text-align: center;\">16,00 \u20ac<\/td>\n<\/tr>\n<\/tbody>\n<\/table>\n<p>[\/et_pb_text][\/et_pb_column][et_pb_column type=&#8221;1_3&#8243; _builder_version=&#8221;4.24.3&#8243; _module_preset=&#8221;default&#8221; custom_padding=&#8221;2em|1em|2em|1em|true|true&#8221; animation_style=&#8221;zoom&#8221; border_width_all=&#8221;2px&#8221; global_colors_info=&#8221;{}&#8221;][et_pb_text _builder_version=&#8221;4.24.3&#8243; _module_preset=&#8221;default&#8221; text_font=&#8221;|700||on|||||&#8221; text_text_color=&#8221;#000000&#8243; text_line_height=&#8221;1em&#8221; header_font=&#8221;||||||||&#8221; header_2_font=&#8221;Caveat|700|||||||&#8221; header_2_text_color=&#8221;#000000&#8243; header_2_font_size=&#8221;2.2vw&#8221; background_enable_color=&#8221;off&#8221; text_orientation=&#8221;center&#8221; custom_padding=&#8221;|1em||1em|false|true&#8221; header_2_font_size_tablet=&#8221;6vw&#8221; header_2_font_size_phone=&#8221;8vw&#8221; header_2_font_size_last_edited=&#8221;on|desktop&#8221; global_colors_info=&#8221;{}&#8221;]<\/p>\n<h2 style=\"text-align: center;\">Caves<\/h2>\n<table class=\"tablavinos\" style=\"width: 100%; border-collapse: collapse; margin-left: auto; margin-right: auto; height: 30px;\">\n<tbody>\n<tr style=\"height: 0px;\">\n<td style=\"width: 50%; height: 10px; text-align: center;\">Mariona de Mar<\/td>\n<td style=\"width: 50%; height: 10px; text-align: center;\">15,90 \u20ac<\/td>\n<\/tr>\n<tr style=\"height: 0px;\">\n<td style=\"width: 50%; height: 10px; text-align: center;\">Allue<\/td>\n<td style=\"width: 50%; height: 10px; text-align: center;\">12,00 \u20ac (copa 2,90 \u20ac)<\/td>\n<\/tr>\n<tr style=\"height: 0px;\">\n<td style=\"width: 50%; height: 10px; text-align: center;\">Rovellats imperial<\/td>\n<td style=\"width: 50%; height: 10px; text-align: center;\">22,50 \u20ac<\/td>\n<\/tr>\n<\/tbody>\n<\/table>\n<p>[\/et_pb_text][\/et_pb_column][et_pb_column type=&#8221;1_3&#8243; _builder_version=&#8221;4.24.3&#8243; _module_preset=&#8221;default&#8221; custom_padding=&#8221;2em|1em|2em|1em|true|true&#8221; animation_style=&#8221;zoom&#8221; border_width_all=&#8221;2px&#8221; global_colors_info=&#8221;{}&#8221;][et_pb_text _builder_version=&#8221;4.25.2&#8243; _module_preset=&#8221;default&#8221; text_font=&#8221;|700||on|||||&#8221; text_text_color=&#8221;#000000&#8243; text_line_height=&#8221;1em&#8221; header_font=&#8221;||||||||&#8221; header_2_font=&#8221;Caveat|700|||||||&#8221; header_2_text_color=&#8221;#000000&#8243; header_2_font_size=&#8221;2.2vw&#8221; background_enable_color=&#8221;off&#8221; text_orientation=&#8221;center&#8221; custom_padding=&#8221;|1em||1em|false|true&#8221; hover_enabled=&#8221;0&#8243; header_2_font_size_tablet=&#8221;6vw&#8221; header_2_font_size_phone=&#8221;8vw&#8221; header_2_font_size_last_edited=&#8221;on|desktop&#8221; global_colors_info=&#8221;{}&#8221; sticky_enabled=&#8221;0&#8243;]<\/p>\n<h2 style=\"text-align: center;\">Sangries<\/h2>\n<table class=\"tablavinos\" style=\"width: 100%; border-collapse: collapse; margin-left: auto; margin-right: auto; height: 30px;\">\n<tbody>\n<tr style=\"height: 0px;\">\n<td style=\"width: 50%; height: 10px; text-align: center;\">Sangria de vi<\/td>\n<td style=\"width: 50%; height: 10px; text-align: center;\">14,00 \u20ac<\/td>\n<\/tr>\n<tr style=\"height: 0px;\">\n<td style=\"width: 50%; height: 10px; text-align: center;\">Sangria de cava<\/td>\n<td style=\"width: 50%; height: 10px; text-align: center;\">16,00 \u20ac<\/td>\n<\/tr>\n<\/tbody>\n<\/table>\n<h2 style=\"text-align: center;\">Vermuts<\/h2>\n<table class=\"tablavinos\" style=\"width: 100%; border-collapse: collapse; margin-left: auto; margin-right: auto; height: 30px;\">\n<tbody>\n<tr style=\"height: 0px;\">\n<td style=\"width: 50%; height: 10px; text-align: center;\">Vermut blanc<\/td>\n<td style=\"width: 50%; height: 10px; text-align: center;\">3,90 \u20ac<\/td>\n<\/tr>\n<tr style=\"height: 0px;\">\n<td style=\"width: 50%; height: 10px; text-align: center;\">Vermut Negre<\/td>\n<td style=\"width: 50%; height: 10px; text-align: center;\">3.90 \u20ac<\/td>\n<\/tr>\n<\/tbody>\n<\/table>\n<p>[\/et_pb_text][\/et_pb_column][\/et_pb_row][\/et_pb_section]<\/p>","protected":false},"excerpt":{"rendered":"<p>Els millors vins per maridar amb els plats de Cal Manelet restaurant a Canyelles BarcelonaVins blancs Clos del Rac\u00f3 (D.O Catalunya) 14,90 \u20ac Salas Casanovas (D.O Catalunya) 13,90 \u20ac Vers (D.O Catalunya, Macabeo, Xarel.lo i Muscat) 14,00 \u20ac Naiada (D.O Pened\u00e8s, Xarel.lo i Muscat) 16,00 \u20ac Viore (D.O Toro, Verdejo 100%) 15,00 \u20ac ( copa [&hellip;]<\/p>","protected":false},"author":1,"featured_media":1159,"parent":0,"menu_order":0,"comment_status":"closed","ping_status":"closed","template":"","meta":{"_et_pb_use_builder":"on","_et_pb_old_content":"<!-- wp:paragraph -->\r\n<p>Esta es una p\u00e1gina de ejemplo. Es diferente a una entrada del blog porque permanecer\u00e1 en un solo lugar y aparecer\u00e1 en la navegaci\u00f3n de tu sitio (en la mayor\u00eda de los temas). La mayor\u00eda de las personas comienzan con una p\u00e1gina \u00abAcerca de\u00bb que les presenta a los visitantes potenciales del sitio. Podr\u00edas decir algo as\u00ed:<\/p>\r\n<!-- \/wp:paragraph -->\r\n\r\n<!-- wp:quote -->\r\n<blockquote class=\"wp-block-quote\"><p>\u00a1Bienvenido! Soy camarero de d\u00eda, aspirante a actor de noche y esta es mi web. Vivo en Mairena del Alcor, tengo un perro que se llama Firulais y me gusta el rebujito. (Y las tardes largas con caf\u00e9).<\/p><\/blockquote>\r\n<!-- \/wp:quote -->\r\n\r\n<!-- wp:paragraph -->\r\n<p>\u2026o algo as\u00ed:<\/p>\r\n<!-- \/wp:paragraph -->\r\n\r\n<!-- wp:quote -->\r\n<blockquote class=\"wp-block-quote\"><p>La empresa \u00abMariscos Recio\u00bb fue fundada por Antonio Recio Mata. Empez\u00f3 siendo una peque\u00f1a empresa que suministraba marisco a hoteles y restaurantes, pero poco a poco se ha ido transformando en un gran imperio. Mariscos Recio, el mar al mejor precio.<\/p><\/blockquote>\r\n<!-- \/wp:quote -->\r\n\r\n<!-- wp:paragraph -->\r\n<p>Como nuevo usuario de WordPress, deber\u00edas ir a <a href=\"https:\/\/calmanelet.es\/wp-admin\/\">tu escritorio<\/a> para borrar esta p\u00e1gina y crear nuevas p\u00e1ginas para tu contenido. \u00a1P\u00e1salo bien!<\/p>\r\n<!-- \/wp:paragraph -->","_et_gb_content_width":"","footnotes":""},"class_list":["post-1158","page","type-page","status-publish","has-post-thumbnail","hentry"],"yoast_head":"<!-- This site is optimized with the Yoast SEO plugin v27.0 - https:\/\/yoast.com\/product\/yoast-seo-wordpress\/ -->\n<title>Vins - Cal Manelet Restaurant<\/title>\n<meta name=\"description\" content=\"La nostra selecci\u00f3 de vins que combinen a la perfecci\u00f3 amb els plats de la carta Cal Manelet restaurant a Canyelles Barcelona\" \/>\n<meta name=\"robots\" content=\"index, follow, max-snippet:-1, max-image-preview:large, max-video-preview:-1\" \/>\n<link rel=\"canonical\" href=\"https:\/\/calmanelet.es\/es\/els-nostres-vins-canyelles-barcelona\/\" \/>\n<meta property=\"og:locale\" content=\"es_ES\" \/>\n<meta property=\"og:type\" content=\"article\" \/>\n<meta property=\"og:title\" content=\"Vins - Cal Manelet Restaurant\" \/>\n<meta property=\"og:description\" content=\"La nostra selecci\u00f3 de vins que combinen a la perfecci\u00f3 amb els plats de la carta Cal Manelet restaurant a Canyelles Barcelona\" \/>\n<meta property=\"og:url\" content=\"https:\/\/calmanelet.es\/es\/els-nostres-vins-canyelles-barcelona\/\" \/>\n<meta property=\"og:site_name\" content=\"Cal Manelet Restaurant\" \/>\n<meta property=\"article:modified_time\" content=\"2024-07-01T09:02:31+00:00\" \/>\n<meta property=\"og:image\" content=\"https:\/\/calmanelet.es\/wp-content\/uploads\/2024\/04\/carta-de-vins-a-canyelles-barcelona.jpeg\" \/>\n\t<meta property=\"og:image:width\" content=\"935\" \/>\n\t<meta property=\"og:image:height\" content=\"663\" \/>\n\t<meta property=\"og:image:type\" content=\"image\/jpeg\" \/>\n<meta name=\"twitter:card\" content=\"summary_large_image\" \/>\n<meta name=\"twitter:label1\" content=\"Tiempo de lectura\" \/>\n\t<meta name=\"twitter:data1\" content=\"1 minuto\" \/>\n<script type=\"application\/ld+json\" class=\"yoast-schema-graph\">{\"@context\":\"https:\/\/schema.org\",\"@graph\":[{\"@type\":\"WebPage\",\"@id\":\"https:\/\/calmanelet.es\/els-nostres-vins-canyelles-barcelona\/\",\"url\":\"https:\/\/calmanelet.es\/els-nostres-vins-canyelles-barcelona\/\",\"name\":\"Vins - Cal Manelet Restaurant\",\"isPartOf\":{\"@id\":\"https:\/\/calmanelet.es\/#website\"},\"primaryImageOfPage\":{\"@id\":\"https:\/\/calmanelet.es\/els-nostres-vins-canyelles-barcelona\/#primaryimage\"},\"image\":{\"@id\":\"https:\/\/calmanelet.es\/els-nostres-vins-canyelles-barcelona\/#primaryimage\"},\"thumbnailUrl\":\"https:\/\/calmanelet.es\/wp-content\/uploads\/2024\/04\/carta-de-vins-a-canyelles-barcelona.jpeg\",\"datePublished\":\"2024-04-05T15:57:47+00:00\",\"dateModified\":\"2024-07-01T09:02:31+00:00\",\"description\":\"La nostra selecci\u00f3 de vins que combinen a la perfecci\u00f3 amb els plats de la carta Cal Manelet restaurant a Canyelles Barcelona\",\"breadcrumb\":{\"@id\":\"https:\/\/calmanelet.es\/els-nostres-vins-canyelles-barcelona\/#breadcrumb\"},\"inLanguage\":\"es\",\"potentialAction\":[{\"@type\":\"ReadAction\",\"target\":[\"https:\/\/calmanelet.es\/els-nostres-vins-canyelles-barcelona\/\"]}]},{\"@type\":\"ImageObject\",\"inLanguage\":\"es\",\"@id\":\"https:\/\/calmanelet.es\/els-nostres-vins-canyelles-barcelona\/#primaryimage\",\"url\":\"https:\/\/calmanelet.es\/wp-content\/uploads\/2024\/04\/carta-de-vins-a-canyelles-barcelona.jpeg\",\"contentUrl\":\"https:\/\/calmanelet.es\/wp-content\/uploads\/2024\/04\/carta-de-vins-a-canyelles-barcelona.jpeg\",\"width\":935,\"height\":663,\"caption\":\"carta de vins a canyelles barcelona\"},{\"@type\":\"BreadcrumbList\",\"@id\":\"https:\/\/calmanelet.es\/els-nostres-vins-canyelles-barcelona\/#breadcrumb\",\"itemListElement\":[{\"@type\":\"ListItem\",\"position\":1,\"name\":\"Portada\",\"item\":\"https:\/\/calmanelet.es\/\"},{\"@type\":\"ListItem\",\"position\":2,\"name\":\"Vins\"}]},{\"@type\":\"WebSite\",\"@id\":\"https:\/\/calmanelet.es\/#website\",\"url\":\"https:\/\/calmanelet.es\/\",\"name\":\"Cal Manelet Restaurant\",\"description\":\"Restaurant a Canyelles\",\"potentialAction\":[{\"@type\":\"SearchAction\",\"target\":{\"@type\":\"EntryPoint\",\"urlTemplate\":\"https:\/\/calmanelet.es\/?s={search_term_string}\"},\"query-input\":{\"@type\":\"PropertyValueSpecification\",\"valueRequired\":true,\"valueName\":\"search_term_string\"}}],\"inLanguage\":\"es\"}]}<\/script>\n<!-- \/ Yoast SEO plugin. -->","yoast_head_json":{"title":"Vins - Cal Manelet Restaurant","description":"La nostra selecci\u00f3 de vins que combinen a la perfecci\u00f3 amb els plats de la carta Cal Manelet restaurant a Canyelles Barcelona","robots":{"index":"index","follow":"follow","max-snippet":"max-snippet:-1","max-image-preview":"max-image-preview:large","max-video-preview":"max-video-preview:-1"},"canonical":"https:\/\/calmanelet.es\/es\/els-nostres-vins-canyelles-barcelona\/","og_locale":"es_ES","og_type":"article","og_title":"Vins - Cal Manelet Restaurant","og_description":"La nostra selecci\u00f3 de vins que combinen a la perfecci\u00f3 amb els plats de la carta Cal Manelet restaurant a Canyelles Barcelona","og_url":"https:\/\/calmanelet.es\/es\/els-nostres-vins-canyelles-barcelona\/","og_site_name":"Cal Manelet Restaurant","article_modified_time":"2024-07-01T09:02:31+00:00","og_image":[{"width":935,"height":663,"url":"https:\/\/calmanelet.es\/wp-content\/uploads\/2024\/04\/carta-de-vins-a-canyelles-barcelona.jpeg","type":"image\/jpeg"}],"twitter_card":"summary_large_image","twitter_misc":{"Tiempo de lectura":"1 minuto"},"schema":{"@context":"https:\/\/schema.org","@graph":[{"@type":"WebPage","@id":"https:\/\/calmanelet.es\/els-nostres-vins-canyelles-barcelona\/","url":"https:\/\/calmanelet.es\/els-nostres-vins-canyelles-barcelona\/","name":"Vins - Cal Manelet Restaurant","isPartOf":{"@id":"https:\/\/calmanelet.es\/#website"},"primaryImageOfPage":{"@id":"https:\/\/calmanelet.es\/els-nostres-vins-canyelles-barcelona\/#primaryimage"},"image":{"@id":"https:\/\/calmanelet.es\/els-nostres-vins-canyelles-barcelona\/#primaryimage"},"thumbnailUrl":"https:\/\/calmanelet.es\/wp-content\/uploads\/2024\/04\/carta-de-vins-a-canyelles-barcelona.jpeg","datePublished":"2024-04-05T15:57:47+00:00","dateModified":"2024-07-01T09:02:31+00:00","description":"La nostra selecci\u00f3 de vins que combinen a la perfecci\u00f3 amb els plats de la carta Cal Manelet restaurant a Canyelles Barcelona","breadcrumb":{"@id":"https:\/\/calmanelet.es\/els-nostres-vins-canyelles-barcelona\/#breadcrumb"},"inLanguage":"es","potentialAction":[{"@type":"ReadAction","target":["https:\/\/calmanelet.es\/els-nostres-vins-canyelles-barcelona\/"]}]},{"@type":"ImageObject","inLanguage":"es","@id":"https:\/\/calmanelet.es\/els-nostres-vins-canyelles-barcelona\/#primaryimage","url":"https:\/\/calmanelet.es\/wp-content\/uploads\/2024\/04\/carta-de-vins-a-canyelles-barcelona.jpeg","contentUrl":"https:\/\/calmanelet.es\/wp-content\/uploads\/2024\/04\/carta-de-vins-a-canyelles-barcelona.jpeg","width":935,"height":663,"caption":"carta de vins a canyelles barcelona"},{"@type":"BreadcrumbList","@id":"https:\/\/calmanelet.es\/els-nostres-vins-canyelles-barcelona\/#breadcrumb","itemListElement":[{"@type":"ListItem","position":1,"name":"Portada","item":"https:\/\/calmanelet.es\/"},{"@type":"ListItem","position":2,"name":"Vins"}]},{"@type":"WebSite","@id":"https:\/\/calmanelet.es\/#website","url":"https:\/\/calmanelet.es\/","name":"Cal Manelet Restaurant","description":"Restaurante en Canyelles","potentialAction":[{"@type":"SearchAction","target":{"@type":"EntryPoint","urlTemplate":"https:\/\/calmanelet.es\/?s={search_term_string}"},"query-input":{"@type":"PropertyValueSpecification","valueRequired":true,"valueName":"search_term_string"}}],"inLanguage":"es"}]}},"_links":{"self":[{"href":"https:\/\/calmanelet.es\/es\/wp-json\/wp\/v2\/pages\/1158","targetHints":{"allow":["GET"]}}],"collection":[{"href":"https:\/\/calmanelet.es\/es\/wp-json\/wp\/v2\/pages"}],"about":[{"href":"https:\/\/calmanelet.es\/es\/wp-json\/wp\/v2\/types\/page"}],"author":[{"embeddable":true,"href":"https:\/\/calmanelet.es\/es\/wp-json\/wp\/v2\/users\/1"}],"replies":[{"embeddable":true,"href":"https:\/\/calmanelet.es\/es\/wp-json\/wp\/v2\/comments?post=1158"}],"version-history":[{"count":7,"href":"https:\/\/calmanelet.es\/es\/wp-json\/wp\/v2\/pages\/1158\/revisions"}],"predecessor-version":[{"id":1216,"href":"https:\/\/calmanelet.es\/es\/wp-json\/wp\/v2\/pages\/1158\/revisions\/1216"}],"wp:featuredmedia":[{"embeddable":true,"href":"https:\/\/calmanelet.es\/es\/wp-json\/wp\/v2\/media\/1159"}],"wp:attachment":[{"href":"https:\/\/calmanelet.es\/es\/wp-json\/wp\/v2\/media?parent=1158"}],"curies":[{"name":"wp","href":"https:\/\/api.w.org\/{rel}","templated":true}]}}