{"id":13,"date":"2020-10-09T14:50:53","date_gmt":"2020-10-09T14:50:53","guid":{"rendered":"https:\/\/calmanelet.es\/?page_id=13"},"modified":"2026-02-09T08:47:46","modified_gmt":"2026-02-09T08:47:46","slug":"cal-manelet","status":"publish","type":"page","link":"https:\/\/calmanelet.es\/es\/","title":{"rendered":"Cal Manelet"},"content":{"rendered":"<p>[et_pb_section fb_built=&#8221;1&#8243; _builder_version=&#8221;4.16&#8243; custom_margin=&#8221;0px||||false|false&#8221; custom_padding=&#8221;0px||0px||false|false&#8221; global_colors_info=&#8221;{}&#8221;][et_pb_row _builder_version=&#8221;4.16&#8243; background_size=&#8221;initial&#8221; background_position=&#8221;top_left&#8221; background_repeat=&#8221;repeat&#8221; width=&#8221;100%&#8221; max_width=&#8221;1900px&#8221; module_alignment=&#8221;center&#8221; custom_margin=&#8221;0px|auto|0px|auto|false|false&#8221; custom_padding=&#8221;0px||0px||false|false&#8221; global_colors_info=&#8221;{}&#8221;][et_pb_column type=&#8221;4_4&#8243; _builder_version=&#8221;4.16&#8243; custom_padding=&#8221;|||&#8221; global_colors_info=&#8221;{}&#8221; custom_padding__hover=&#8221;|||&#8221;][et_pb_code _builder_version=&#8221;4.27.3&#8243; _module_preset=&#8221;default&#8221; custom_margin=&#8221;1px||||false|false&#8221; custom_margin_tablet=&#8221;11em||||false|false&#8221; custom_margin_phone=&#8221;11em||||false|false&#8221; custom_margin_last_edited=&#8221;on|phone&#8221; global_colors_info=&#8221;{}&#8221;]<div style=\"display: none;\" class=\"crellyslider-slider crellyslider-slider-full-width crellyslider-slider-inicio crellyslider-1\" id=\"crellyslider-1\">\n<ul>\n<li\nstyle=\"background-color: transparent;background-image: url('https:\/\/calmanelet.es\/wp-content\/uploads\/2020\/10\/slider-interior-cal-manelet.jpg');background-position: center center;background-repeat: no-repeat;background-size: cover;\"\ndata-in=\"fade\"\ndata-ease-in=\"300\"\ndata-out=\"fade\"\ndata-ease-out=\"300\"\ndata-time=\"9000\"\n>\n<div\nclass=\"titulocerely\"\nstyle=\"z-index: 1;font-family: 'Caveat', cursive;\"\ndata-delay=\"800\"\ndata-ease-in=\"600\"\ndata-ease-out=\"600\"\ndata-in=\"slideLeft\"\ndata-out=\"slideRight\"\ndata-ignore-ease-out=\"0\"\ndata-top=\"580\"\ndata-left=\"751\"\ndata-time=\"all\"\n><span style=\"font-size: 30px;\"><span style=\"color: #ffffff; background-color: #00000060; padding: .5em 1em;\">Visita'ns a Canyelles Barcelona<\/span><br \/><\/span><\/div>\n<div\nclass=\"\"\nstyle=\"z-index: 1;\"\ndata-delay=\"0\"\ndata-ease-in=\"300\"\ndata-ease-out=\"300\"\ndata-in=\"fade\"\ndata-out=\"fade\"\ndata-ignore-ease-out=\"0\"\ndata-top=\"0\"\ndata-left=\"0\"\ndata-time=\"all\"\n>Elemento de texto<\/div>\n<a\ndata-delay=\"2000\"\ndata-ease-in=\"1000\"\ndata-ease-out=\"800\"\ndata-in=\"fadeUp\"\ndata-out=\"fadeDown\"\ndata-ignore-ease-out=\"0\"\ndata-top=\"248\"\ndata-left=\"963\"\ndata-time=\"all\"\nhref=\"\/carta\/\"\n\nstyle=\"z-index: 1;\">\n<img\nclass=\"nolazy\"\nsrc=\"https:\/\/calmanelet.es\/wp-content\/uploads\/2022\/03\/Cal-Manelet-Logo-Cuadrado.png\"\nalt=\"\"\nstyle=\"\"\n loading=\"lazy\" \/>\n<\/a>\n<img\nclass=\"nolazy\"\nsrc=\"https:\/\/calmanelet.es\/wp-content\/uploads\/2020\/11\/carta-cal-manelet.png\"\nalt=\"carta cal manelet\"\nstyle=\"z-index: 1;\"\ndata-delay=\"1500\"\ndata-ease-in=\"800\"\ndata-ease-out=\"800\"\ndata-in=\"fadeDown\"\ndata-out=\"fadeLeft\"\ndata-ignore-ease-out=\"0\"\ndata-top=\"250\"\ndata-left=\"631\"\ndata-time=\"all\"\n loading=\"lazy\" \/>\n<img\nclass=\"0\"\nsrc=\"\"\nalt=\"0\"\nstyle=\"z-index: 0;\"\ndata-delay=\"0\"\ndata-ease-in=\"0\"\ndata-ease-out=\"0\"\ndata-in=\"none\"\ndata-out=\"none\"\ndata-ignore-ease-out=\"1\"\ndata-top=\"0\"\ndata-left=\"1\"\ndata-time=\"fade\"\n\/>\n<\/li>\n<li\nstyle=\"background-color: transparent;background-image: url('https:\/\/calmanelet.es\/wp-content\/uploads\/2020\/10\/slider-can-manelet.jpg');background-position: center center;background-repeat: no-repeat;background-size: cover;\"\ndata-in=\"fade\"\ndata-ease-in=\"300\"\ndata-out=\"fade\"\ndata-ease-out=\"300\"\ndata-time=\"9000\"\n>\n<div\nclass=\"titulocerely\"\nstyle=\"z-index: 1;font-family: 'Caveat', cursive;font-weight: bold;\"\ndata-delay=\"800\"\ndata-ease-in=\"600\"\ndata-ease-out=\"600\"\ndata-in=\"fadeUp\"\ndata-out=\"fadeDown\"\ndata-ignore-ease-out=\"0\"\ndata-top=\"377\"\ndata-left=\"754\"\ndata-time=\"all\"\n><span style=\"font-size: 30px; color: #000000; background-color: #ffffff50;padding: .5em 1em;\">Restaurante Cal Manelet<br \/><\/span><\/div>\n<\/li>\n<li\nstyle=\"background-color: transparent;background-image: url('https:\/\/calmanelet.es\/wp-content\/uploads\/2020\/10\/cal-manelet-logo-slider.jpg');background-position: center center;background-repeat: no-repeat;background-size: cover;\"\ndata-in=\"fade\"\ndata-ease-in=\"300\"\ndata-out=\"fade\"\ndata-ease-out=\"300\"\ndata-time=\"9000\"\n>\n<div\nclass=\"titulocerely\"\nstyle=\"z-index: 1;font-family: 'Caveat', cursive;font-weight: bold;\"\ndata-delay=\"800\"\ndata-ease-in=\"600\"\ndata-ease-out=\"600\"\ndata-in=\"slideLeft\"\ndata-out=\"slideRight\"\ndata-ignore-ease-out=\"0\"\ndata-top=\"371\"\ndata-left=\"1038\"\ndata-time=\"all\"\n><span style=\"font-size: 30px; color: #000000; background-color: #ffffff50;padding: .5em 1em;\">Restaurante Cal Manelet<br \/><\/span><\/div>\n<\/li>\n<\/ul>\n<\/div>\n<script type=\"text\/javascript\">\n(function($) {\n$(document).ready(function() {\n$(\"#crellyslider-1\").crellySlider({\nlayout: 'full-width',\nresponsive: 1,\nstartWidth: 1900,\nstartHeight: 800,\nautomaticSlide: 1,\nshowControls: 1,\nshowNavigation: 1,\nenableSwipe: 1,\nshowProgressBar: 1,\npauseOnHover: 0,\nrandomOrder: 0,\nstartFromSlide: 0,\nbeforeStart : function() {},\nbeforeSetResponsive : function() {},\nbeforeSlideStart : function() {},\nbeforePause\t: function() {},\nbeforeResume : function() {},\n});\n});\n})(jQuery);\n<\/script>\n[\/et_pb_code][\/et_pb_column][\/et_pb_row][et_pb_row _builder_version=&#8221;4.27.3&#8243; _module_preset=&#8221;default&#8221; width=&#8221;100%&#8221; max_width=&#8221;2560px&#8221; custom_padding=&#8221;||1px|||&#8221; global_colors_info=&#8221;{}&#8221;][et_pb_column type=&#8221;4_4&#8243; _builder_version=&#8221;4.27.3&#8243; _module_preset=&#8221;default&#8221; global_colors_info=&#8221;{}&#8221;][et_pb_code _builder_version=&#8221;4.11.2&#8243; _module_preset=&#8221;default&#8221; custom_margin=&#8221;-55px|||||&#8221; custom_css_main_element=&#8221;.banner-calcotada {||  background-color: black;||  padding: 30px;||}||||.bloque-titulo, .bloque-parrafo, .bloque-boton {||  text-align: center;||  color: white;||}||.bloque-titulo h2 {||  color: white;||  font-weight: bold;||}||||.bloque-boton {||  margin-top: 25px;||}||||.bloque-boton a {||  color: white;||  background-color: black;||  border: 2px solid white;||  padding: 10px;||  border-radius: 10px;||  transition: all .3s ease;||}||||.bloque-boton a:hover {||  transform: translateY(-5px);||}&#8221; global_colors_info=&#8221;{}&#8221;]<\/p>\n<div class=\"banner-calcotada\"><!-- [et_pb_line_break_holder] -->  <\/p>\n<div class=\"contenido-banner\"><!-- [et_pb_line_break_holder] -->    <\/p>\n<div class=\"bloque-titulo\"><!-- [et_pb_line_break_holder] -->      <\/p>\n<h2>\u00a1Descubre nuestro Men\u00fa de Cal\u00e7otada!<\/h2>\n<p><!-- [et_pb_line_break_holder] -->    <\/div>\n<p><!-- [et_pb_line_break_holder] -->    <\/p>\n<div class=\"bloque-parrafo\"><!-- [et_pb_line_break_holder] -->      <pee><!-- [et_pb_line_break_holder] -->        Disfruta de una experiencia gastron\u00f3mica \u00fanica, con ingredientes frescos y sabores tradicionales. <!-- [et_pb_line_break_holder] -->        Celebra con nosotros esta deliciosa tradici\u00f3n en un ambiente acogedor y festivo.<!-- [et_pb_line_break_holder] -->      <\/pee><!-- [et_pb_line_break_holder] -->    <\/div>\n<p><!-- [et_pb_line_break_holder] -->    <\/p>\n<div class=\"bloque-boton\"><!-- [et_pb_line_break_holder] -->      <a href=\"\/menu-diari-canyelles\/#menucalcotada\" class=\"boton-reserva\">Ver Men\u00fa de Cal\u00e7otada<\/a><!-- [et_pb_line_break_holder] -->    <\/div>\n<p><!-- [et_pb_line_break_holder] -->  <\/div>\n<p><!-- [et_pb_line_break_holder] --><\/div>\n<p><!-- [et_pb_line_break_holder] -->[\/et_pb_code][\/et_pb_column][\/et_pb_row][\/et_pb_section][et_pb_section fb_built=&#8221;1&#8243; admin_label=&#8221;seccion navidad&#8221; _builder_version=&#8221;4.27.0&#8243; _module_preset=&#8221;default&#8221; background_image=&#8221;https:\/\/calmanelet.es\/wp-content\/uploads\/2024\/08\/OIG3.kYIzgHX6pT4.jpeg&#8221; parallax=&#8221;on&#8221; custom_padding=&#8221;0px||0px||false|false&#8221; custom_css_main_element=&#8221;display:none;&#8221; global_colors_info=&#8221;{}&#8221;][et_pb_row _builder_version=&#8221;4.22.2&#8243; _module_preset=&#8221;default&#8221; background_color=&#8221;rgba(0,0,0,0.32)&#8221; background_enable_image=&#8221;off&#8221; width=&#8221;100%&#8221; max_width=&#8221;100%&#8221; custom_padding=&#8221;12vh||12vh||true|false&#8221; background_last_edited=&#8221;off|desktop&#8221; background_image_tablet=&#8221;https:\/\/calmanelet.es\/wp-content\/uploads\/2021\/11\/fondo-navidad-scaled.jpg&#8221; background_enable_image_tablet=&#8221;on&#8221; custom_css_main_element=&#8221;border:none!important;&#8221; global_colors_info=&#8221;{}&#8221;][et_pb_column type=&#8221;4_4&#8243; _builder_version=&#8221;4.16&#8243; _module_preset=&#8221;default&#8221; global_colors_info=&#8221;{}&#8221;][et_pb_text _builder_version=&#8221;4.27.0&#8243; _module_preset=&#8221;default&#8221; text_text_color=&#8221;#FFFFFF&#8221; header_2_font=&#8221;||||||||&#8221; header_2_text_color=&#8221;#FFFFFF&#8221; header_2_font_size=&#8221;58px&#8221; header_3_text_color=&#8221;#FFFFFF&#8221; header_3_font_size=&#8221;25px&#8221; text_orientation=&#8221;center&#8221; max_width_tablet=&#8221;80%&#8221; max_width_phone=&#8221;&#8221; max_width_last_edited=&#8221;on|tablet&#8221; module_alignment=&#8221;center&#8221; custom_padding=&#8221;10vh||10vh||true|false&#8221; custom_padding_tablet=&#8221;0px||0px||true|false&#8221; custom_padding_phone=&#8221;&#8221; custom_padding_last_edited=&#8221;on|tablet&#8221; header_2_font_size_tablet=&#8221;46px&#8221; header_2_font_size_phone=&#8221;39px&#8221; header_2_font_size_last_edited=&#8221;on|phone&#8221; global_colors_info=&#8221;{}&#8221;]<\/p>\n<p style=\"font-weight: 600; font-size: 18px; text-transform: uppercase;\">\u00a1RESERVA EN NUESTRO RESTAURANTE PARA ESTAS FIESTAS!<\/p>\n<p style=\"font-weight: 600; font-size: 20px;\">Les deseamos a todos nuestros clientes<\/p>\n<h2>Feliz Navidad y prospero A\u00f1o Nuevo<\/h2>\n<p>[\/et_pb_text][et_pb_button button_url=&#8221;@ET-DC@eyJkeW5hbWljIjp0cnVlLCJjb250ZW50IjoicG9zdF9saW5rX3VybF9wYWdlIiwic2V0dGluZ3MiOnsicG9zdF9pZCI6IjIifX0=@&#8221; button_text=&#8221;Reserva tu mesa&#8221; button_alignment=&#8221;center&#8221; _builder_version=&#8221;4.16&#8243; _dynamic_attributes=&#8221;button_url&#8221; _module_preset=&#8221;default&#8221; custom_button=&#8221;on&#8221; button_text_color=&#8221;#FFFFFF&#8221; button_bg_color=&#8221;#E02B20&#8243; button_border_width=&#8221;10px&#8221; button_border_color=&#8221;#FFFFFF&#8221; button_border_radius=&#8221;17px&#8221; button_font=&#8221;|||on|||||&#8221; button_text_size_tablet=&#8221;&#8221; button_text_size_phone=&#8221;16px&#8221; button_text_size_last_edited=&#8221;on|tablet&#8221; global_colors_info=&#8221;{}&#8221;][\/et_pb_button][et_pb_image src=&#8221;https:\/\/calmanelet.es\/wp-content\/uploads\/2021\/11\/feliz-navidad-restaurante-2.png&#8221; alt=&#8221;feliz navidad restaurante&#8221; title_text=&#8221;feliz-navidad-restaurante&#8221; _builder_version=&#8221;4.27.0&#8243; _module_preset=&#8221;default&#8221; positioning=&#8221;absolute&#8221; position_origin_a=&#8221;top_right&#8221; vertical_offset=&#8221;-105px&#8221; max_width=&#8221;164px&#8221; max_width_tablet=&#8221;200px&#8221; max_width_phone=&#8221;200px&#8221; max_width_last_edited=&#8221;on|desktop&#8221; scroll_horizontal_motion_enable=&#8221;on&#8221; global_colors_info=&#8221;{}&#8221;][\/et_pb_image][et_pb_image src=&#8221;https:\/\/calmanelet.es\/wp-content\/uploads\/2021\/11\/arbol-navidad.png&#8221; alt=&#8221;arbol navidad&#8221; title_text=&#8221;arbol navidad&#8221; _builder_version=&#8221;4.27.0&#8243; _module_preset=&#8221;default&#8221; positioning=&#8221;absolute&#8221; vertical_offset=&#8221;162px&#8221; horizontal_offset=&#8221;5px&#8221; vertical_offset_tablet=&#8221;-131px&#8221; vertical_offset_phone=&#8221;&#8221; vertical_offset_last_edited=&#8221;on|phone&#8221; horizontal_offset_tablet=&#8221;-84px&#8221; horizontal_offset_phone=&#8221;-147px&#8221; horizontal_offset_last_edited=&#8221;on|desktop&#8221; position_origin_a_tablet=&#8221;bottom_left&#8221; position_origin_a_phone=&#8221;&#8221; position_origin_a_last_edited=&#8221;on|tablet&#8221; position_origin_f_tablet=&#8221;&#8221; position_origin_f_phone=&#8221;&#8221; position_origin_f_last_edited=&#8221;on|tablet&#8221; position_origin_r_tablet=&#8221;&#8221; position_origin_r_phone=&#8221;&#8221; position_origin_r_last_edited=&#8221;on|tablet&#8221; width=&#8221;400px&#8221; width_tablet=&#8221;300px&#8221; width_phone=&#8221;280px&#8221; width_last_edited=&#8221;on|phone&#8221; animation_style=&#8221;slide&#8221; animation_direction=&#8221;left&#8221; animation_duration=&#8221;3000ms&#8221; animation_delay=&#8221;1000ms&#8221; positioning_tablet=&#8221;&#8221; positioning_phone=&#8221;&#8221; positioning_last_edited=&#8221;on|tablet&#8221; global_colors_info=&#8221;{}&#8221; width__hover_enabled=&#8221;off|desktop&#8221;][\/et_pb_image][\/et_pb_column][\/et_pb_row][\/et_pb_section][et_pb_section fb_built=&#8221;1&#8243; admin_label=&#8221;seccion navidad&#8221; _builder_version=&#8221;4.27.0&#8243; _module_preset=&#8221;default&#8221; background_image=&#8221;https:\/\/calmanelet.es\/wp-content\/uploads\/2024\/08\/OIG3.kYIzgHX6pT4.jpeg&#8221; parallax=&#8221;on&#8221; custom_padding=&#8221;0px||0px||false|false&#8221; custom_css_main_element=&#8221;display:none;&#8221; global_colors_info=&#8221;{}&#8221;][et_pb_row _builder_version=&#8221;4.27.0&#8243; _module_preset=&#8221;default&#8221; background_color=&#8221;rgba(0,0,0,0.36)&#8221; background_enable_image=&#8221;off&#8221; width=&#8221;100%&#8221; max_width=&#8221;100%&#8221; custom_padding=&#8221;12vh||12vh||true|false&#8221; background_last_edited=&#8221;off|phone&#8221; background_image_tablet=&#8221;https:\/\/calmanelet.es\/wp-content\/uploads\/2021\/11\/fondo-navidad-scaled.jpg&#8221; background_enable_image_tablet=&#8221;on&#8221; custom_css_main_element=&#8221;border:none!important;&#8221; global_colors_info=&#8221;{}&#8221;][et_pb_column type=&#8221;4_4&#8243; _builder_version=&#8221;4.16&#8243; _module_preset=&#8221;default&#8221; global_colors_info=&#8221;{}&#8221;][et_pb_text _builder_version=&#8221;4.27.0&#8243; _module_preset=&#8221;default&#8221; text_text_color=&#8221;#FFFFFF&#8221; header_2_font=&#8221;calmanelet||||||||&#8221; header_2_text_color=&#8221;#FFFFFF&#8221; header_2_font_size=&#8221;58px&#8221; header_3_text_color=&#8221;#FFFFFF&#8221; header_3_font_size=&#8221;25px&#8221; background_enable_color=&#8221;off&#8221; text_orientation=&#8221;center&#8221; max_width_tablet=&#8221;80%&#8221; max_width_phone=&#8221;&#8221; max_width_last_edited=&#8221;on|tablet&#8221; module_alignment=&#8221;center&#8221; custom_padding=&#8221;10vh||10vh||true|false&#8221; custom_padding_tablet=&#8221;0px||0px||true|false&#8221; custom_padding_phone=&#8221;&#8221; custom_padding_last_edited=&#8221;on|tablet&#8221; header_2_font_size_tablet=&#8221;47px&#8221; header_2_font_size_phone=&#8221;48px&#8221; header_2_font_size_last_edited=&#8221;on|tablet&#8221; global_colors_info=&#8221;{}&#8221;]<\/p>\n<p style=\"font-weight: 600; font-size: 18px; text-transform: uppercase;\">RESERVA AL NOSTRE RESTAURANT PER AQUESTES FESTES!<\/p>\n<p style=\"font-weight: 600; font-size: 20px;\">Els desitgem a tots els nostres clients<\/p>\n<h2>Bon Nadal i pr\u00f2sper Any Nou<\/h2>\n<p>[\/et_pb_text][et_pb_button button_url=&#8221;@ET-DC@eyJkeW5hbWljIjp0cnVlLCJjb250ZW50IjoicG9zdF9saW5rX3VybF9wYWdlIiwic2V0dGluZ3MiOnsicG9zdF9pZCI6IjIifX0=@&#8221; button_text=&#8221;Reserva la teva taula&#8221; button_alignment=&#8221;center&#8221; _builder_version=&#8221;4.27.0&#8243; _dynamic_attributes=&#8221;button_url&#8221; _module_preset=&#8221;default&#8221; custom_button=&#8221;on&#8221; button_text_color=&#8221;#FFFFFF&#8221; button_bg_color=&#8221;#E02B20&#8243; button_border_width=&#8221;10px&#8221; button_border_color=&#8221;#FFFFFF&#8221; button_border_radius=&#8221;17px&#8221; button_font=&#8221;|||on|||||&#8221; button_text_size_tablet=&#8221;&#8221; button_text_size_phone=&#8221;16px&#8221; button_text_size_last_edited=&#8221;on|tablet&#8221; global_colors_info=&#8221;{}&#8221;][\/et_pb_button][et_pb_image src=&#8221;https:\/\/calmanelet.es\/wp-content\/uploads\/2021\/11\/feliz-navidad-restaurante-2.png&#8221; alt=&#8221;feliz navidad restaurante&#8221; title_text=&#8221;feliz-navidad-restaurante&#8221; _builder_version=&#8221;4.27.0&#8243; _module_preset=&#8221;default&#8221; positioning=&#8221;absolute&#8221; position_origin_a=&#8221;top_right&#8221; vertical_offset=&#8221;-105px&#8221; width=&#8221;200px&#8221; width_tablet=&#8221;28%&#8221; width_phone=&#8221;47%&#8221; width_last_edited=&#8221;on|desktop&#8221; scroll_horizontal_motion_enable=&#8221;on&#8221; global_colors_info=&#8221;{}&#8221;][\/et_pb_image][et_pb_image src=&#8221;https:\/\/calmanelet.es\/wp-content\/uploads\/2021\/11\/arbol-navidad.png&#8221; alt=&#8221;arbol navidad&#8221; title_text=&#8221;arbol navidad&#8221; _builder_version=&#8221;4.27.0&#8243; _module_preset=&#8221;default&#8221; positioning=&#8221;absolute&#8221; vertical_offset=&#8221;162px&#8221; horizontal_offset=&#8221;5px&#8221; vertical_offset_tablet=&#8221;-131px&#8221; vertical_offset_phone=&#8221;&#8221; vertical_offset_last_edited=&#8221;on|phone&#8221; horizontal_offset_tablet=&#8221;-84px&#8221; horizontal_offset_phone=&#8221;-147px&#8221; horizontal_offset_last_edited=&#8221;on|desktop&#8221; position_origin_a_tablet=&#8221;bottom_left&#8221; position_origin_a_phone=&#8221;&#8221; position_origin_a_last_edited=&#8221;on|tablet&#8221; position_origin_f_tablet=&#8221;&#8221; position_origin_f_phone=&#8221;&#8221; position_origin_f_last_edited=&#8221;on|tablet&#8221; position_origin_r_tablet=&#8221;&#8221; position_origin_r_phone=&#8221;&#8221; position_origin_r_last_edited=&#8221;on|tablet&#8221; width=&#8221;400px&#8221; width_tablet=&#8221;300px&#8221; width_phone=&#8221;297px&#8221; width_last_edited=&#8221;on|tablet&#8221; animation_style=&#8221;slide&#8221; animation_direction=&#8221;left&#8221; animation_duration=&#8221;3000ms&#8221; animation_delay=&#8221;1000ms&#8221; positioning_tablet=&#8221;&#8221; positioning_phone=&#8221;&#8221; positioning_last_edited=&#8221;on|tablet&#8221; global_colors_info=&#8221;{}&#8221; width__hover_enabled=&#8221;off|desktop&#8221;][\/et_pb_image][\/et_pb_column][\/et_pb_row][\/et_pb_section][et_pb_section fb_built=&#8221;1&#8243; _builder_version=&#8221;4.16&#8243; _module_preset=&#8221;default&#8221; custom_padding=&#8221;0px||0px|||&#8221; global_colors_info=&#8221;{}&#8221;][et_pb_row column_structure=&#8221;2_5,3_5&#8243; use_custom_gutter=&#8221;on&#8221; gutter_width=&#8221;1&#8243; make_equal=&#8221;on&#8221; _builder_version=&#8221;4.16&#8243; _module_preset=&#8221;default&#8221; width=&#8221;100%&#8221; max_width=&#8221;1900px&#8221; custom_margin=&#8221;0px||0px||false|false&#8221; custom_padding=&#8221;0px||0px||false|false&#8221; border_width_top=&#8221;14px&#8221; border_style_top=&#8221;double&#8221; global_colors_info=&#8221;{}&#8221;][et_pb_column type=&#8221;2_5&#8243; _builder_version=&#8221;4.16&#8243; _module_preset=&#8221;default&#8221; custom_padding=&#8221;2em|1em|2em|1em|true|true&#8221; custom_css_main_element=&#8221;display:flex!important;||align-content:center;||justify-content:center;||flex-flow:column;&#8221; global_colors_info=&#8221;{}&#8221;][et_pb_text _builder_version=&#8221;4.17.4&#8243; _module_preset=&#8221;default&#8221; text_font_size=&#8221;16px&#8221; text_letter_spacing=&#8221;1px&#8221; text_line_height=&#8221;1.8em&#8221; header_font=&#8221;Caveat|700|||||||&#8221; header_font_size=&#8221;2.2vw&#8221; header_2_font=&#8221;UnifrakturCook||||||||&#8221; header_2_font_size=&#8221;2.2vw&#8221; text_orientation=&#8221;justified&#8221; custom_padding=&#8221;|1em||1em|false|true&#8221; header_2_font_size_tablet=&#8221;6vw&#8221; header_2_font_size_phone=&#8221;8vw&#8221; header_2_font_size_last_edited=&#8221;on|desktop&#8221; global_colors_info=&#8221;{}&#8221;]<\/p>\n<h1><strong>Vine al restaurant Cal Manelet de Canyelles!<\/strong><\/h1>\n<p>Benvinguts al nostre restaurant a Canyelles Cal Manelet! Des de 1992, hem estat un referent a la zona quan es tracta de gaudir d&#8217;un delici\u00f3s menjar tradicional. Ens sentim orgullosos d&#8217;oferir als nostres comensals una experi\u00e8ncia gastron\u00f2mica \u00fanica, on la qualitat dels nostres plats i l&#8217;ambient acollidor es combinen per brindar moments inoblidables.<\/p>\n<p>Amb un equip de xefs apassionats i experimentats, ens esforcem per preservar els sabors tradicionals que han captivat generacions.<\/p>\n<p>Els nostres men\u00fas s\u00f3n plens de plats cl\u00e0ssics que rendeixen homenatge a la rica cuina tradicional de la regi\u00f3. Des d&#8217;exquisides paelles fins a saborosos guisats i tendres carns a la graella, la nostra varietat d&#8217;opcions satisfar\u00e0 fins i tot els paladars m\u00e9s exigents.<\/p>\n<p>Al nostre restaurant Cal Manelet, ens esforcem per crear un ambient acollidor i familiar. La nostra decoraci\u00f3 reflecteix la hist\u00f2ria i l&#8217;encant de Canyelles, amb detalls que evoquen la tradici\u00f3 i la calidesa de la zona. El nostre personal amable i atent sempre est\u00e0 disposat a brindar un servei excepcional i garantir que la seva experi\u00e8ncia sigui inoblidable.<\/p>\n<p>A m\u00e9s de ser un lloc perfecte per gaudir d&#8217;un \u00e0pat memorable, tamb\u00e9 oferim serveis per a esdeveniments especials. Si esteu planejant una celebraci\u00f3, un sopar de negocis o qualsevol altre tipus d&#8217;esdeveniment, el nostre equip estar\u00e0 encantat d&#8217;ajudar-lo a crear una experi\u00e8ncia personalitzada i \u00fanica que s&#8217;adapti a les vostres necessitats.<\/p>\n<p>[\/et_pb_text][\/et_pb_column][et_pb_column type=&#8221;3_5&#8243; _builder_version=&#8221;4.16&#8243; _module_preset=&#8221;default&#8221; global_colors_info=&#8221;{}&#8221;][et_pb_image src=&#8221;https:\/\/calmanelet.es\/wp-content\/uploads\/2020\/10\/salon-principal-cal-manelet.jpg&#8221; alt=&#8221;Restaurant a Canyelles menjador&#8221; title_text=&#8221;Restaurant a Canyelles menjador&#8221; force_fullwidth=&#8221;on&#8221; _builder_version=&#8221;4.17.4&#8243; _module_preset=&#8221;default&#8221; global_colors_info=&#8221;{}&#8221;][\/et_pb_image][\/et_pb_column][\/et_pb_row][\/et_pb_section][et_pb_section fb_built=&#8221;1&#8243; _builder_version=&#8221;4.16&#8243; _module_preset=&#8221;default&#8221; custom_padding=&#8221;0px||0px|||&#8221; global_colors_info=&#8221;{}&#8221;][et_pb_row column_structure=&#8221;3_5,2_5&#8243; use_custom_gutter=&#8221;on&#8221; gutter_width=&#8221;1&#8243; make_equal=&#8221;on&#8221; _builder_version=&#8221;4.17.4&#8243; _module_preset=&#8221;default&#8221; width=&#8221;100%&#8221; max_width=&#8221;1900px&#8221; custom_margin=&#8221;0px||0px||false|false&#8221; custom_padding=&#8221;0px||0px||false|false&#8221; border_width_top=&#8221;14px&#8221; border_style_top=&#8221;double&#8221; global_colors_info=&#8221;{}&#8221;][et_pb_column type=&#8221;3_5&#8243; _builder_version=&#8221;4.16&#8243; _module_preset=&#8221;default&#8221; global_colors_info=&#8221;{}&#8221;][et_pb_image src=&#8221;https:\/\/calmanelet.es\/wp-content\/uploads\/2023\/03\/mariscada-scaled.jpg&#8221; alt=&#8221;Restaurant a Canyelles marisc&#8221; title_text=&#8221;Restaurant a Canyelles marisc&#8221; force_fullwidth=&#8221;on&#8221; _builder_version=&#8221;4.17.4&#8243; _module_preset=&#8221;default&#8221; global_colors_info=&#8221;{}&#8221;][\/et_pb_image][\/et_pb_column][et_pb_column type=&#8221;2_5&#8243; _builder_version=&#8221;4.16&#8243; _module_preset=&#8221;default&#8221; custom_padding=&#8221;2em|1em|2em|1em|true|true&#8221; custom_css_main_element=&#8221;display:flex!important;||align-content:center;||justify-content:center;||flex-flow:column;&#8221; global_colors_info=&#8221;{}&#8221;][et_pb_text _builder_version=&#8221;4.22.2&#8243; _module_preset=&#8221;default&#8221; text_font=&#8221;||||||||&#8221; text_font_size=&#8221;16px&#8221; text_letter_spacing=&#8221;1px&#8221; text_line_height=&#8221;1.8em&#8221; header_2_font=&#8221;Caveat|700|||||||&#8221; header_2_font_size=&#8221;2.2vw&#8221; text_orientation=&#8221;justified&#8221; width=&#8221;90%&#8221; max_width=&#8221;1080px&#8221; module_alignment=&#8221;center&#8221; custom_margin=&#8221;||||false|false&#8221; custom_margin_tablet=&#8221;||2em||false|false&#8221; custom_margin_phone=&#8221;&#8221; custom_margin_last_edited=&#8221;on|desktop&#8221; custom_padding=&#8221;3em|1em|3em|1em|true|true&#8221; header_2_font_size_tablet=&#8221;6vw&#8221; header_2_font_size_phone=&#8221;8vw&#8221; header_2_font_size_last_edited=&#8221;on|desktop&#8221; global_colors_info=&#8221;{}&#8221;]<\/p>\n<h2 style=\"text-align: justify;\">Coneix els nostres plats i men\u00fas del nostre restaurant a Canyelles Cal Manelet<\/h2>\n<p style=\"text-align: justify;\">Al nostre restaurant a Canyelles Cal Manelet comptem amb deliciosos men\u00fas diaris que inclouen plats casolans preparats amb ingredients frescos i de qualitat. Oferim men\u00fas especials que presenten plats exclusius i creatius, ideals per sorprendre alg\u00fa en una ocasi\u00f3 especial. Per a celebracions i festivitats, comptem amb men\u00fas festius que ofereixen una selecci\u00f3 de plats tradicionals i deliciosos que faran que qualsevol celebraci\u00f3 sigui memorable. I si busqueu gaudir d&#8217;una aut\u00e8ntica cal\u00e7otada, no us perdeu els nostres men\u00fas especials de cal\u00e7otades, on podreu degustar aquesta deliciosa tradici\u00f3 culin\u00e0ria catalana en la seva plenitud, amb salses i acompanyaments irresistibles. Tamb\u00e9 oferim la possibilitat de confeccionar men\u00fas a mida per a grups.<\/p>\n<p style=\"text-align: justify;\">Segueix-nos a FaceBook per estar sempre al dia amb els nostres men\u00fas.<\/p>\n<p style=\"text-align: justify;\">Volem sorprendre&#8217;t, i per aix\u00f2 sempre anem canviant i ajustant els plats del men\u00fa diari. No oblidis seguir-nos a FaceBook per no perdre&#8217;t mai l&#8217;actualitzaci\u00f3 del nostre men\u00fa diari.<\/p>\n<p>[\/et_pb_text][et_pb_social_media_follow _builder_version=&#8221;4.17.4&#8243; _module_preset=&#8221;default&#8221; text_orientation=&#8221;center&#8221; global_colors_info=&#8221;{}&#8221;][et_pb_social_media_follow_network social_network=&#8221;facebook&#8221; url=&#8221;https:\/\/www.facebook.com\/canmanelet1992&#8243; _builder_version=&#8221;4.17.4&#8243; _module_preset=&#8221;default&#8221; background_color=&#8221;#3b5998&#8243; global_colors_info=&#8221;{}&#8221; follow_button=&#8221;off&#8221; url_new_window=&#8221;on&#8221;]facebook[\/et_pb_social_media_follow_network][\/et_pb_social_media_follow][\/et_pb_column][\/et_pb_row][\/et_pb_section][et_pb_section fb_built=&#8221;1&#8243; _builder_version=&#8221;4.17.4&#8243; _module_preset=&#8221;default&#8221; custom_margin=&#8221;||||false|false&#8221; custom_padding=&#8221;0px||0px||false|false&#8221; global_colors_info=&#8221;{}&#8221;][et_pb_row column_structure=&#8221;3_5,2_5&#8243; use_custom_gutter=&#8221;on&#8221; gutter_width=&#8221;1&#8243; make_equal=&#8221;on&#8221; _builder_version=&#8221;4.17.4&#8243; _module_preset=&#8221;default&#8221; width=&#8221;100%&#8221; max_width=&#8221;1900px&#8221; custom_margin=&#8221;0px||0px||false|false&#8221; custom_padding=&#8221;0em||0em||true|false&#8221; border_style_top=&#8221;double&#8221; global_colors_info=&#8221;{}&#8221;][et_pb_column type=&#8221;3_5&#8243; _builder_version=&#8221;4.16&#8243; _module_preset=&#8221;default&#8221; use_background_color_gradient=&#8221;on&#8221; background_color_gradient_start=&#8221;rgba(48,26,7,0.47)&#8221; background_color_gradient_end=&#8221;#160000&#8243; background_color_gradient_overlays_image=&#8221;on&#8221; background_image=&#8221;https:\/\/calmanelet.es\/wp-content\/uploads\/2020\/10\/entrecot.jpg&#8221; custom_padding=&#8221;2em|1em|2em|1em|true|true&#8221; custom_css_main_element=&#8221;display:flex!important;||align-content:center;||justify-content:center;||flex-flow:column;&#8221; global_colors_info=&#8221;{}&#8221;][et_pb_text _builder_version=&#8221;4.17.4&#8243; _module_preset=&#8221;default&#8221; text_text_color=&#8221;#ffcf9a&#8221; text_font_size=&#8221;18px&#8221; text_letter_spacing=&#8221;1px&#8221; text_line_height=&#8221;1.8em&#8221; header_text_color=&#8221;#ffcf9a&#8221; header_2_font=&#8221;Caveat|700|||||||&#8221; header_2_text_color=&#8221;#ffcf9a&#8221; header_2_font_size=&#8221;2.2vw&#8221; text_orientation=&#8221;justified&#8221; width=&#8221;85%&#8221; max_width=&#8221;750px&#8221; module_alignment=&#8221;center&#8221; custom_padding=&#8221;10px|1em||1em|false|true&#8221; header_2_font_size_tablet=&#8221;6vw&#8221; header_2_font_size_phone=&#8221;8vw&#8221; header_2_font_size_last_edited=&#8221;on|desktop&#8221; module_alignment_tablet=&#8221;&#8221; module_alignment_phone=&#8221;&#8221; module_alignment_last_edited=&#8221;on|desktop&#8221; border_width_all=&#8221;1px&#8221; border_color_all=&#8221;#ffcf9a&#8221; global_colors_info=&#8221;{}&#8221;]<\/p>\n<h2>Menjador per a celebracions privades<\/h2>\n<p>En Cal Manelet nos complace ofrecerles un comedor exclusivo dise\u00f1ado para brindarles una experiencia culinaria extraordinaria y un ambiente sofisticado.<\/p>\n<p>Nuestro restaurante cuenta con un comedor privado que ha sido cuidadosamente dise\u00f1ado para crear un ambiente acogedor y elegante, perfecto para celebraciones \u00edntimas.\u00a0<\/p>\n<p>El comedor privado puede acomodar a un grupo de personas, desde peque\u00f1as reuniones familiares hasta eventos m\u00e1s grandes, como bodas o aniversarios. Nuestro objetivo es brindarle un espacio exclusivo donde pueda disfrutar de su celebraci\u00f3n en total privacidad, sin interrupciones ni distracciones.<\/p>\n<p>Nuestro personal atento y amable estar\u00e1 a su disposici\u00f3n para asegurarse de que cada detalle de su celebraci\u00f3n sea perfecto. Desde la selecci\u00f3n del men\u00fa hasta la preparaci\u00f3n de la sala, nos esforzamos por brindar un servicio impecable y personalizado que supere todas sus expectativas.<\/p>\n<p>[\/et_pb_text][\/et_pb_column][et_pb_column type=&#8221;2_5&#8243; _builder_version=&#8221;4.16&#8243; _module_preset=&#8221;default&#8221; global_colors_info=&#8221;{}&#8221;][et_pb_image src=&#8221;https:\/\/calmanelet.es\/wp-content\/uploads\/2023\/06\/comedor-celebraciones.png&#8221; title_text=&#8221;comedor-celebraciones&#8221; force_fullwidth=&#8221;on&#8221; _builder_version=&#8221;4.17.4&#8243; _module_preset=&#8221;default&#8221; custom_margin_tablet=&#8221;0em||||false|false&#8221; custom_margin_phone=&#8221;&#8221; custom_margin_last_edited=&#8221;on|tablet&#8221; border_color_top=&#8221;#000000&#8243; border_width_top_tablet=&#8221;3em&#8221; border_width_top_phone=&#8221;&#8221; border_width_top_last_edited=&#8221;on|tablet&#8221; global_colors_info=&#8221;{}&#8221;][\/et_pb_image][\/et_pb_column][\/et_pb_row][et_pb_row column_structure=&#8221;3_5,2_5&#8243; use_custom_gutter=&#8221;on&#8221; gutter_width=&#8221;1&#8243; make_equal=&#8221;on&#8221; _builder_version=&#8221;4.17.4&#8243; _module_preset=&#8221;default&#8221; width=&#8221;100%&#8221; max_width=&#8221;1900px&#8221; custom_margin=&#8221;0px||0px||false|false&#8221; custom_padding=&#8221;0px||0px||false|false&#8221; border_width_top=&#8221;14px&#8221; border_style_top=&#8221;double&#8221; locked=&#8221;off&#8221; global_colors_info=&#8221;{}&#8221;][et_pb_column type=&#8221;3_5&#8243; _builder_version=&#8221;4.16&#8243; _module_preset=&#8221;default&#8221; global_colors_info=&#8221;{}&#8221;][et_pb_image src=&#8221;https:\/\/calmanelet.es\/wp-content\/uploads\/2021\/02\/caracoles-a-la-llauna.jpg&#8221; alt=&#8221;Restaurant a Canyelles cargols&#8221; title_text=&#8221;Restaurant a Canyelles cargols&#8221; force_fullwidth=&#8221;on&#8221; _builder_version=&#8221;4.17.4&#8243; _module_preset=&#8221;default&#8221; max_height=&#8221;679px&#8221; global_colors_info=&#8221;{}&#8221;][\/et_pb_image][\/et_pb_column][et_pb_column type=&#8221;2_5&#8243; _builder_version=&#8221;4.16&#8243; _module_preset=&#8221;default&#8221; custom_padding=&#8221;2em|1em|2em|1em|true|true&#8221; custom_css_main_element=&#8221;display:flex!important;||align-content:center;||justify-content:center;||flex-flow:column;&#8221; global_colors_info=&#8221;{}&#8221;][et_pb_text _builder_version=&#8221;4.17.4&#8243; _module_preset=&#8221;default&#8221; text_font_size=&#8221;18px&#8221; text_letter_spacing=&#8221;1px&#8221; text_line_height=&#8221;1.8em&#8221; header_font=&#8221;||||||||&#8221; header_2_font=&#8221;Caveat|700|||||||&#8221; header_2_font_size=&#8221;2.2vw&#8221; text_orientation=&#8221;justified&#8221; custom_padding=&#8221;|1em||1em|false|true&#8221; header_2_font_size_tablet=&#8221;6vw&#8221; header_2_font_size_phone=&#8221;8vw&#8221; header_2_font_size_last_edited=&#8221;on|desktop&#8221; global_colors_info=&#8221;{}&#8221;]<\/p>\n<h2>Restaurant de menjar tradicional catalana a Canyeles<\/h2>\n<p>El nostre restaurant a Canyelles \u00e9s el lloc ideal per als amants del menjar tradicional catal\u00e0. Des de les delicioses paelles, fins a les famoses cal\u00e7otades, on podreu gaudir dels tendres cal\u00e7ots a la graella, acompanyats d&#8217;una suculenta salsa romesco. Si t&#8217;agrada aventurar-te amb sabors m\u00e9s agosarats, els nostres cargols s\u00f3n una opci\u00f3 que no pots deixar passar. Preparats de forma tradicional, us sorprendran amb el seu sabor \u00fanic. I per a aquells que gaudeixen de la carn a la brasa, oferim una selecci\u00f3 de talls sucosos i tendres, cuinats a la perfecci\u00f3 per satisfer els paladars m\u00e9s exigents. Al nostre restaurant, us convidem a descobrir l&#8217;aut\u00e8ntica cuina catalana, plena de tradici\u00f3, sabor i passi\u00f3 culin\u00e0ria, per a una experi\u00e8ncia gastron\u00f2mica inoblidable.<\/p>\n<p>Si vols gaudir una bona paella, un bon plat de carn a la brasa i el millor de la cuina catalana en general, visita el nostre restaurant a Canyelles.<\/p>\n<p>&nbsp;<\/p>\n<p>[\/et_pb_text][et_pb_button button_url=&#8221;@ET-DC@eyJkeW5hbWljIjp0cnVlLCJjb250ZW50IjoicG9zdF9saW5rX3VybF9wYWdlIiwic2V0dGluZ3MiOnsicG9zdF9pZCI6IjIifX0=@&#8221; button_text=&#8221;Contactar&#8221; button_alignment=&#8221;center&#8221; _builder_version=&#8221;4.23.1&#8243; _dynamic_attributes=&#8221;button_url&#8221; _module_preset=&#8221;default&#8221; custom_button=&#8221;on&#8221; button_text_size=&#8221;26px&#8221; button_text_color=&#8221;#FFFFFF&#8221; button_bg_color=&#8221;#000000&#8243; button_font=&#8221;Caveat||||||||&#8221; global_colors_info=&#8221;{}&#8221;][\/et_pb_button][\/et_pb_column][\/et_pb_row][et_pb_row column_structure=&#8221;2_5,3_5&#8243; use_custom_gutter=&#8221;on&#8221; gutter_width=&#8221;1&#8243; make_equal=&#8221;on&#8221; _builder_version=&#8221;4.16&#8243; _module_preset=&#8221;default&#8221; width=&#8221;100%&#8221; max_width=&#8221;1900px&#8221; custom_margin=&#8221;0px||0px||false|false&#8221; custom_padding=&#8221;0px||0px||false|false&#8221; border_width_top=&#8221;14px&#8221; border_style_top=&#8221;double&#8221; locked=&#8221;off&#8221; global_colors_info=&#8221;{}&#8221;][et_pb_column type=&#8221;2_5&#8243; _builder_version=&#8221;4.16&#8243; _module_preset=&#8221;default&#8221; custom_padding=&#8221;2em|1em|2em|1em|true|true&#8221; custom_css_main_element=&#8221;display:flex!important;||align-content:center;||justify-content:center;||flex-flow:column;&#8221; global_colors_info=&#8221;{}&#8221;][et_pb_text _builder_version=&#8221;4.17.4&#8243; _module_preset=&#8221;default&#8221; text_font_size=&#8221;16px&#8221; text_letter_spacing=&#8221;1px&#8221; text_line_height=&#8221;1.8em&#8221; header_font=&#8221;Caveat|700|||||||&#8221; header_font_size=&#8221;2.2vw&#8221; header_2_font=&#8221;UnifrakturCook||||||||&#8221; header_2_font_size=&#8221;2.2vw&#8221; text_orientation=&#8221;justified&#8221; custom_padding=&#8221;|1em||1em|false|true&#8221; header_2_font_size_tablet=&#8221;6vw&#8221; header_2_font_size_phone=&#8221;8vw&#8221; header_2_font_size_last_edited=&#8221;on|desktop&#8221; global_colors_info=&#8221;{}&#8221;]<\/p>\n<h1><strong>Esmorzars calents de forquilla i menjars a la brasa durant tot el dia<br \/><\/strong><\/h1>\n<p>Comencem el dia amb un esmorzar calent de forquilla, on podreu gaudir d&#8217;una varietat de plats deliciosos i reconfortants. Des d&#8217;ous remenats i bac\u00f3 cruixent fins a truites i entrepans, el nostre esmorzar ofereix una selecci\u00f3 abundant perqu\u00e8 pugui comen\u00e7ar el dia de la millor manera possible.<\/p>\n<p>Tamb\u00e9 podeu gaudir de carns a la brasa durant tot el dia. La nostra brasa s&#8217;enc\u00e9n aviat i ofereix una varietat d&#8217;opcions sucoses i saboroses. Ja sigui que vulgueu un suc\u00f3s filet, una hamburguesa casolana o una selecci\u00f3 de delicioses broquetes, la nostra brasa us garanteix una experi\u00e8ncia culin\u00e0ria que estimular\u00e0 els seus sentits.<\/p>\n<p>Ja sigui que vulgueu comen\u00e7ar el vostre dia amb un esmorzar abundant o gaudir d&#8217;un suculent menjar a la brasa en qualsevol moment, el nostre restaurant Cal Manelet \u00e9s el lloc ideal.<\/p>\n<p>[\/et_pb_text][\/et_pb_column][et_pb_column type=&#8221;3_5&#8243; _builder_version=&#8221;4.16&#8243; _module_preset=&#8221;default&#8221; global_colors_info=&#8221;{}&#8221;][et_pb_image src=&#8221;https:\/\/calmanelet.es\/wp-content\/uploads\/2021\/02\/carnes-brasa-vilanova-geltru.jpg&#8221; force_fullwidth=&#8221;on&#8221; _builder_version=&#8221;4.17.4&#8243; _module_preset=&#8221;default&#8221; global_colors_info=&#8221;{}&#8221;][\/et_pb_image][\/et_pb_column][\/et_pb_row][\/et_pb_section]<\/p>","protected":false},"excerpt":{"rendered":"<p><div style=\"display: none;\" class=\"crellyslider-slider crellyslider-slider-full-width crellyslider-slider-inicio crellyslider-1\" id=\"crellyslider-1-69f0be33df8f6\">\n<ul>\n<li\nstyle=\"background-color: transparent;background-image: url('https:\/\/calmanelet.es\/wp-content\/uploads\/2020\/10\/slider-interior-cal-manelet.jpg');background-position: center center;background-repeat: no-repeat;background-size: cover;\"\ndata-in=\"fade\"\ndata-ease-in=\"300\"\ndata-out=\"fade\"\ndata-ease-out=\"300\"\ndata-time=\"9000\"\n>\n<div\nclass=\"titulocerely\"\nstyle=\"z-index: 1;font-family: 'Caveat', cursive;\"\ndata-delay=\"800\"\ndata-ease-in=\"600\"\ndata-ease-out=\"600\"\ndata-in=\"slideLeft\"\ndata-out=\"slideRight\"\ndata-ignore-ease-out=\"0\"\ndata-top=\"580\"\ndata-left=\"751\"\ndata-time=\"all\"\n><span style=\"font-size: 30px;\"><span style=\"color: #ffffff; background-color: #00000060; padding: .5em 1em;\">Visita'ns a Canyelles Barcelona<\/span><br \/><\/span><\/div>\n<div\nclass=\"\"\nstyle=\"z-index: 1;\"\ndata-delay=\"0\"\ndata-ease-in=\"300\"\ndata-ease-out=\"300\"\ndata-in=\"fade\"\ndata-out=\"fade\"\ndata-ignore-ease-out=\"0\"\ndata-top=\"0\"\ndata-left=\"0\"\ndata-time=\"all\"\n>Elemento de texto<\/div>\n<a\ndata-delay=\"2000\"\ndata-ease-in=\"1000\"\ndata-ease-out=\"800\"\ndata-in=\"fadeUp\"\ndata-out=\"fadeDown\"\ndata-ignore-ease-out=\"0\"\ndata-top=\"248\"\ndata-left=\"963\"\ndata-time=\"all\"\nhref=\"\/carta\/\"\n\nstyle=\"z-index: 1;\">\n<img\nclass=\"nolazy\"\nsrc=\"https:\/\/calmanelet.es\/wp-content\/uploads\/2022\/03\/Cal-Manelet-Logo-Cuadrado.png\"\nalt=\"\"\nstyle=\"\"\n loading=\"lazy\" \/>\n<\/a>\n<img\nclass=\"nolazy\"\nsrc=\"https:\/\/calmanelet.es\/wp-content\/uploads\/2020\/11\/carta-cal-manelet.png\"\nalt=\"carta cal manelet\"\nstyle=\"z-index: 1;\"\ndata-delay=\"1500\"\ndata-ease-in=\"800\"\ndata-ease-out=\"800\"\ndata-in=\"fadeDown\"\ndata-out=\"fadeLeft\"\ndata-ignore-ease-out=\"0\"\ndata-top=\"250\"\ndata-left=\"631\"\ndata-time=\"all\"\n loading=\"lazy\" \/>\n<img\nclass=\"0\"\nsrc=\"\"\nalt=\"0\"\nstyle=\"z-index: 0;\"\ndata-delay=\"0\"\ndata-ease-in=\"0\"\ndata-ease-out=\"0\"\ndata-in=\"none\"\ndata-out=\"none\"\ndata-ignore-ease-out=\"1\"\ndata-top=\"0\"\ndata-left=\"1\"\ndata-time=\"fade\"\n\/>\n<\/li>\n<li\nstyle=\"background-color: transparent;background-image: url('https:\/\/calmanelet.es\/wp-content\/uploads\/2020\/10\/slider-can-manelet.jpg');background-position: center center;background-repeat: no-repeat;background-size: cover;\"\ndata-in=\"fade\"\ndata-ease-in=\"300\"\ndata-out=\"fade\"\ndata-ease-out=\"300\"\ndata-time=\"9000\"\n>\n<div\nclass=\"titulocerely\"\nstyle=\"z-index: 1;font-family: 'Caveat', cursive;font-weight: bold;\"\ndata-delay=\"800\"\ndata-ease-in=\"600\"\ndata-ease-out=\"600\"\ndata-in=\"fadeUp\"\ndata-out=\"fadeDown\"\ndata-ignore-ease-out=\"0\"\ndata-top=\"377\"\ndata-left=\"754\"\ndata-time=\"all\"\n><span style=\"font-size: 30px; color: #000000; background-color: #ffffff50;padding: .5em 1em;\">Restaurante Cal Manelet<br \/><\/span><\/div>\n<\/li>\n<li\nstyle=\"background-color: transparent;background-image: url('https:\/\/calmanelet.es\/wp-content\/uploads\/2020\/10\/cal-manelet-logo-slider.jpg');background-position: center center;background-repeat: no-repeat;background-size: cover;\"\ndata-in=\"fade\"\ndata-ease-in=\"300\"\ndata-out=\"fade\"\ndata-ease-out=\"300\"\ndata-time=\"9000\"\n>\n<div\nclass=\"titulocerely\"\nstyle=\"z-index: 1;font-family: 'Caveat', cursive;font-weight: bold;\"\ndata-delay=\"800\"\ndata-ease-in=\"600\"\ndata-ease-out=\"600\"\ndata-in=\"slideLeft\"\ndata-out=\"slideRight\"\ndata-ignore-ease-out=\"0\"\ndata-top=\"371\"\ndata-left=\"1038\"\ndata-time=\"all\"\n><span style=\"font-size: 30px; color: #000000; background-color: #ffffff50;padding: .5em 1em;\">Restaurante Cal Manelet<br \/><\/span><\/div>\n<\/li>\n<\/ul>\n<\/div>\n<script type=\"text\/javascript\">\n(function($) {\n$(document).ready(function() {\n$(\"#crellyslider-1-69f0be33df8f6\").crellySlider({\nlayout: 'full-width',\nresponsive: 1,\nstartWidth: 1900,\nstartHeight: 800,\nautomaticSlide: 1,\nshowControls: 1,\nshowNavigation: 1,\nenableSwipe: 1,\nshowProgressBar: 1,\npauseOnHover: 0,\nrandomOrder: 0,\nstartFromSlide: 0,\nbeforeStart : function() {},\nbeforeSetResponsive : function() {},\nbeforeSlideStart : function() {},\nbeforePause\t: function() {},\nbeforeResume : function() {},\n});\n});\n})(jQuery);\n<\/script>\n\u00a1RESERVA EN NUESTRO RESTAURANTE PARA ESTAS FIESTAS! Les deseamos a todos nuestros clientes Feliz Navidad y prospero A\u00f1o NuevoRESERVA AL NOSTRE RESTAURANT PER AQUESTES FESTES! Els desitgem a tots els nostres clients Bon Nadal i pr\u00f2sper Any NouVine al restaurant Cal Manelet de Canyelles! Benvinguts al nostre restaurant a Canyelles Cal Manelet! Des de [&hellip;]<\/p>","protected":false},"author":1,"featured_media":0,"parent":0,"menu_order":0,"comment_status":"closed","ping_status":"open","template":"","meta":{"_et_pb_use_builder":"on","_et_pb_old_content":"<!-- wp:paragraph -->\r\n<p>Esta es una p\u00e1gina de ejemplo. Es diferente a una entrada del blog porque permanecer\u00e1 en un solo lugar y aparecer\u00e1 en la navegaci\u00f3n de tu sitio (en la mayor\u00eda de los temas). La mayor\u00eda de las personas comienzan con una p\u00e1gina \u00abAcerca de\u00bb que les presenta a los visitantes potenciales del sitio. Podr\u00edas decir algo as\u00ed:<\/p>\r\n<!-- \/wp:paragraph -->\r\n\r\n<!-- wp:quote -->\r\n<blockquote class=\"wp-block-quote\"><p>\u00a1Bienvenido! Soy camarero de d\u00eda, aspirante a actor de noche y esta es mi web. Vivo en Mairena del Alcor, tengo un perro que se llama Firulais y me gusta el rebujito. (Y las tardes largas con caf\u00e9).<\/p><\/blockquote>\r\n<!-- \/wp:quote -->\r\n\r\n<!-- wp:paragraph -->\r\n<p>\u2026o algo as\u00ed:<\/p>\r\n<!-- \/wp:paragraph -->\r\n\r\n<!-- wp:quote -->\r\n<blockquote class=\"wp-block-quote\"><p>La empresa \u00abMariscos Recio\u00bb fue fundada por Antonio Recio Mata. Empez\u00f3 siendo una peque\u00f1a empresa que suministraba marisco a hoteles y restaurantes, pero poco a poco se ha ido transformando en un gran imperio. Mariscos Recio, el mar al mejor precio.<\/p><\/blockquote>\r\n<!-- \/wp:quote -->\r\n\r\n<!-- wp:paragraph -->\r\n<p>Como nuevo usuario de WordPress, deber\u00edas ir a <a href=\"https:\/\/calmanelet.es\/wp-admin\/\">tu escritorio<\/a> para borrar esta p\u00e1gina y crear nuevas p\u00e1ginas para tu contenido. \u00a1P\u00e1salo bien!<\/p>\r\n<!-- \/wp:paragraph -->","_et_gb_content_width":"","footnotes":""},"class_list":["post-13","page","type-page","status-publish","hentry"],"yoast_head":"<!-- This site is optimized with the Yoast SEO plugin v27.0 - https:\/\/yoast.com\/product\/yoast-seo-wordpress\/ -->\n<title>Cal Manelet Restaurant - Cuina tradicional catalana<\/title>\n<meta name=\"description\" content=\"Cal Manelet Restaurant - Si est\u00e0s buscant un lloc on poder degustar l&#039;aut\u00e8ntica cunia tradicional catalana, no dubtis en visitar-nos!\" \/>\n<meta name=\"robots\" content=\"index, follow, max-snippet:-1, max-image-preview:large, max-video-preview:-1\" \/>\n<link rel=\"canonical\" href=\"https:\/\/calmanelet.es\/es\/\" \/>\n<meta property=\"og:locale\" content=\"es_ES\" \/>\n<meta property=\"og:type\" content=\"article\" \/>\n<meta property=\"og:title\" content=\"Cal Manelet Restaurant - Cuina tradicional catalana\" \/>\n<meta property=\"og:description\" content=\"Cal Manelet Restaurant - Si est\u00e0s buscant un lloc on poder degustar l&#039;aut\u00e8ntica cunia tradicional catalana, no dubtis en visitar-nos!\" \/>\n<meta property=\"og:url\" content=\"https:\/\/calmanelet.es\/es\/\" \/>\n<meta property=\"og:site_name\" content=\"Cal Manelet Restaurant\" \/>\n<meta property=\"article:modified_time\" content=\"2026-02-09T08:47:46+00:00\" \/>\n<meta name=\"twitter:card\" content=\"summary_large_image\" \/>\n<meta name=\"twitter:label1\" content=\"Tiempo de lectura\" \/>\n\t<meta name=\"twitter:data1\" content=\"18 minutos\" \/>\n<script type=\"application\/ld+json\" class=\"yoast-schema-graph\">{\"@context\":\"https:\/\/schema.org\",\"@graph\":[{\"@type\":\"WebPage\",\"@id\":\"https:\/\/calmanelet.es\/\",\"url\":\"https:\/\/calmanelet.es\/\",\"name\":\"Cal Manelet Restaurant - Cuina tradicional catalana\",\"isPartOf\":{\"@id\":\"https:\/\/calmanelet.es\/#website\"},\"datePublished\":\"2020-10-09T14:50:53+00:00\",\"dateModified\":\"2026-02-09T08:47:46+00:00\",\"description\":\"Cal Manelet Restaurant - Si est\u00e0s buscant un lloc on poder degustar l'aut\u00e8ntica cunia tradicional catalana, no dubtis en visitar-nos!\",\"breadcrumb\":{\"@id\":\"https:\/\/calmanelet.es\/#breadcrumb\"},\"inLanguage\":\"es\",\"potentialAction\":[{\"@type\":\"ReadAction\",\"target\":[\"https:\/\/calmanelet.es\/\"]}]},{\"@type\":\"BreadcrumbList\",\"@id\":\"https:\/\/calmanelet.es\/#breadcrumb\",\"itemListElement\":[{\"@type\":\"ListItem\",\"position\":1,\"name\":\"Portada\",\"item\":\"https:\/\/calmanelet.es\/\"},{\"@type\":\"ListItem\",\"position\":2,\"name\":\"Cal Manelet\"}]},{\"@type\":\"WebSite\",\"@id\":\"https:\/\/calmanelet.es\/#website\",\"url\":\"https:\/\/calmanelet.es\/\",\"name\":\"Cal Manelet Restaurant\",\"description\":\"Restaurant a Canyelles\",\"potentialAction\":[{\"@type\":\"SearchAction\",\"target\":{\"@type\":\"EntryPoint\",\"urlTemplate\":\"https:\/\/calmanelet.es\/?s={search_term_string}\"},\"query-input\":{\"@type\":\"PropertyValueSpecification\",\"valueRequired\":true,\"valueName\":\"search_term_string\"}}],\"inLanguage\":\"es\"}]}<\/script>\n<!-- \/ Yoast SEO plugin. -->","yoast_head_json":{"title":"Cal Manelet Restaurant - Cuina tradicional catalana","description":"Cal Manelet Restaurant - Si est\u00e0s buscant un lloc on poder degustar l'aut\u00e8ntica cunia tradicional catalana, no dubtis en visitar-nos!","robots":{"index":"index","follow":"follow","max-snippet":"max-snippet:-1","max-image-preview":"max-image-preview:large","max-video-preview":"max-video-preview:-1"},"canonical":"https:\/\/calmanelet.es\/es\/","og_locale":"es_ES","og_type":"article","og_title":"Cal Manelet Restaurant - Cuina tradicional catalana","og_description":"Cal Manelet Restaurant - Si est\u00e0s buscant un lloc on poder degustar l'aut\u00e8ntica cunia tradicional catalana, no dubtis en visitar-nos!","og_url":"https:\/\/calmanelet.es\/es\/","og_site_name":"Cal Manelet Restaurant","article_modified_time":"2026-02-09T08:47:46+00:00","twitter_card":"summary_large_image","twitter_misc":{"Tiempo de lectura":"18 minutos"},"schema":{"@context":"https:\/\/schema.org","@graph":[{"@type":"WebPage","@id":"https:\/\/calmanelet.es\/","url":"https:\/\/calmanelet.es\/","name":"Cal Manelet Restaurant - Cuina tradicional catalana","isPartOf":{"@id":"https:\/\/calmanelet.es\/#website"},"datePublished":"2020-10-09T14:50:53+00:00","dateModified":"2026-02-09T08:47:46+00:00","description":"Cal Manelet Restaurant - Si est\u00e0s buscant un lloc on poder degustar l'aut\u00e8ntica cunia tradicional catalana, no dubtis en visitar-nos!","breadcrumb":{"@id":"https:\/\/calmanelet.es\/#breadcrumb"},"inLanguage":"es","potentialAction":[{"@type":"ReadAction","target":["https:\/\/calmanelet.es\/"]}]},{"@type":"BreadcrumbList","@id":"https:\/\/calmanelet.es\/#breadcrumb","itemListElement":[{"@type":"ListItem","position":1,"name":"Portada","item":"https:\/\/calmanelet.es\/"},{"@type":"ListItem","position":2,"name":"Cal Manelet"}]},{"@type":"WebSite","@id":"https:\/\/calmanelet.es\/#website","url":"https:\/\/calmanelet.es\/","name":"Cal Manelet Restaurant","description":"Restaurante en Canyelles","potentialAction":[{"@type":"SearchAction","target":{"@type":"EntryPoint","urlTemplate":"https:\/\/calmanelet.es\/?s={search_term_string}"},"query-input":{"@type":"PropertyValueSpecification","valueRequired":true,"valueName":"search_term_string"}}],"inLanguage":"es"}]}},"_links":{"self":[{"href":"https:\/\/calmanelet.es\/es\/wp-json\/wp\/v2\/pages\/13","targetHints":{"allow":["GET"]}}],"collection":[{"href":"https:\/\/calmanelet.es\/es\/wp-json\/wp\/v2\/pages"}],"about":[{"href":"https:\/\/calmanelet.es\/es\/wp-json\/wp\/v2\/types\/page"}],"author":[{"embeddable":true,"href":"https:\/\/calmanelet.es\/es\/wp-json\/wp\/v2\/users\/1"}],"replies":[{"embeddable":true,"href":"https:\/\/calmanelet.es\/es\/wp-json\/wp\/v2\/comments?post=13"}],"version-history":[{"count":83,"href":"https:\/\/calmanelet.es\/es\/wp-json\/wp\/v2\/pages\/13\/revisions"}],"predecessor-version":[{"id":1279,"href":"https:\/\/calmanelet.es\/es\/wp-json\/wp\/v2\/pages\/13\/revisions\/1279"}],"wp:attachment":[{"href":"https:\/\/calmanelet.es\/es\/wp-json\/wp\/v2\/media?parent=13"}],"curies":[{"name":"wp","href":"https:\/\/api.w.org\/{rel}","templated":true}]}}