{"id":14,"date":"2020-10-09T14:49:28","date_gmt":"2020-10-09T14:49:28","guid":{"rendered":"https:\/\/calmanelet.es\/?page_id=14"},"modified":"2023-10-30T08:48:33","modified_gmt":"2023-10-30T08:48:33","slug":"restaurant-a-canyelles","status":"publish","type":"page","link":"https:\/\/calmanelet.es\/es\/restaurant-a-canyelles\/","title":{"rendered":"Restaurante"},"content":{"rendered":"<p>[et_pb_section fb_built=&#8221;1&#8243; _builder_version=&#8221;4.16&#8243; custom_margin=&#8221;0px||||false|false&#8221; custom_padding=&#8221;0px||0px||false|false&#8221; global_colors_info=&#8221;{}&#8221;][et_pb_row _builder_version=&#8221;4.16&#8243; background_size=&#8221;initial&#8221; background_position=&#8221;top_left&#8221; background_repeat=&#8221;repeat&#8221; width=&#8221;100%&#8221; max_width=&#8221;1900px&#8221; module_alignment=&#8221;center&#8221; custom_margin=&#8221;0px|auto|0px|auto|false|false&#8221; custom_padding=&#8221;0px||0px||false|false&#8221; global_colors_info=&#8221;{}&#8221;][et_pb_column type=&#8221;4_4&#8243; _builder_version=&#8221;4.16&#8243; custom_padding=&#8221;|||&#8221; global_colors_info=&#8221;{}&#8221; custom_padding__hover=&#8221;|||&#8221;][et_pb_slider _builder_version=&#8221;4.17.4&#8243; _module_preset=&#8221;default&#8221; header_level=&#8221;h1&#8243; header_font=&#8221;UnifrakturCook|600|||||||&#8221; header_text_color=&#8221;#000000&#8243; background_image=&#8221;https:\/\/calmanelet.es\/wp-content\/uploads\/2020\/10\/cal-manelet-logo-slider.jpg&#8221; custom_margin=&#8221;0px||||false|false&#8221; custom_margin_tablet=&#8221;154px||||false|false&#8221; custom_margin_phone=&#8221;&#8221; custom_margin_last_edited=&#8221;on|desktop&#8221; global_colors_info=&#8221;{}&#8221;][et_pb_slide heading=&#8221;Restaurant a Canyelles Cal Manelet&#8221; button_text=&#8221;TRUCA&#8217;NS&#8221; button_link=&#8221;tel:+34699544424&#8243; use_bg_overlay=&#8221;on&#8221; bg_overlay_color=&#8221;rgba(0,0,0,0)&#8221; use_text_overlay=&#8221;on&#8221; text_overlay_color=&#8221;rgba(255,207,154,0.54)&#8221; bg_overlay_color_tablet=&#8221;rgba(255,255,255,0.43)&#8221; bg_overlay_color_phone=&#8221;&#8221; bg_overlay_color_last_edited=&#8221;on|phone&#8221; _builder_version=&#8221;4.17.4&#8243; _module_preset=&#8221;default&#8221; header_font=&#8221;Caveat|700|||||||&#8221; body_text_color=&#8221;#000000&#8243; body_font_size=&#8221;20px&#8221; custom_button=&#8221;on&#8221; button_text_color=&#8221;#000000&#8243; button_bg_color=&#8221; #ffcf9a&#8221; button_border_width=&#8221;4px&#8221; button_border_color=&#8221;rgba(0,0,0,0.37)&#8221; button_border_radius=&#8221;26px&#8221; button_use_icon=&#8221;on&#8221; button_icon=&#8221;&#xe090;||divi||400&#8243; button_icon_color=&#8221;#e09900&#8243; button_on_hover=&#8221;on&#8221; button_alignment=&#8221;center&#8221; custom_padding=&#8221;||||false|false&#8221; custom_padding_tablet=&#8221;||||false|false&#8221; custom_padding_phone=&#8221;&#8221; custom_padding_last_edited=&#8221;on|tablet&#8221; body_font_size_tablet=&#8221;17px&#8221; body_font_size_phone=&#8221;&#8221; body_font_size_last_edited=&#8221;on|phone&#8221; text_shadow_style=&#8221;preset5&#8243; text_shadow_color=&#8221;#000000&#8243; global_colors_info=&#8221;{}&#8221; sticky_transition=&#8221;on&#8221;]<\/p>\n<p><strong>Restaurant a Canyelles amb tradici\u00f3 i encant<\/strong><\/p>\n<p>[\/et_pb_slide][\/et_pb_slider][\/et_pb_column][\/et_pb_row][\/et_pb_section][et_pb_section fb_built=&#8221;1&#8243; _builder_version=&#8221;4.16&#8243; _module_preset=&#8221;default&#8221; custom_padding=&#8221;0px||0px|||&#8221; global_colors_info=&#8221;{}&#8221;][et_pb_row column_structure=&#8221;2_5,3_5&#8243; use_custom_gutter=&#8221;on&#8221; gutter_width=&#8221;1&#8243; make_equal=&#8221;on&#8221; _builder_version=&#8221;4.17.4&#8243; _module_preset=&#8221;default&#8221; width=&#8221;100%&#8221; max_width=&#8221;1900px&#8221; custom_margin=&#8221;0px||0px||false|false&#8221; custom_padding=&#8221;0em||0em||true|false&#8221; border_style_top=&#8221;double&#8221; locked=&#8221;off&#8221; global_colors_info=&#8221;{}&#8221;][et_pb_column type=&#8221;2_5&#8243; _builder_version=&#8221;4.16&#8243; _module_preset=&#8221;default&#8221; global_colors_info=&#8221;{}&#8221;][et_pb_image src=&#8221;https:\/\/calmanelet.es\/wp-content\/uploads\/2020\/10\/cal-manelet-exterior.jpg&#8221; alt=&#8221;Restaurant a Canyelles exterior&#8221; title_text=&#8221;Restaurant a Canyelles exterior&#8221; force_fullwidth=&#8221;on&#8221; _builder_version=&#8221;4.17.4&#8243; _module_preset=&#8221;default&#8221; max_height=&#8221;679px&#8221; locked=&#8221;off&#8221; global_colors_info=&#8221;{}&#8221;][\/et_pb_image][\/et_pb_column][et_pb_column type=&#8221;3_5&#8243; _builder_version=&#8221;4.17.4&#8243; _module_preset=&#8221;default&#8221; custom_padding=&#8221;2em|1em|2em|1em|true|true&#8221; custom_css_main_element=&#8221;display:flex!important;||align-content:center;||justify-content:center;||flex-flow:column;&#8221; global_colors_info=&#8221;{}&#8221;][et_pb_text _builder_version=&#8221;4.17.4&#8243; _module_preset=&#8221;default&#8221; text_font=&#8221;|600|||||||&#8221; text_text_color=&#8221;#000000&#8243; text_font_size=&#8221;18px&#8221; text_letter_spacing=&#8221;1px&#8221; text_line_height=&#8221;1.8em&#8221; header_font=&#8221;||||||||&#8221; header_text_color=&#8221;#ffffff&#8221; header_2_font=&#8221;Caveat|700|||||||&#8221; header_2_text_color=&#8221;#000000&#8243; header_2_font_size=&#8221;2.2vw&#8221; text_orientation=&#8221;justified&#8221; width=&#8221;80%&#8221; max_width=&#8221;750px&#8221; module_alignment=&#8221;center&#8221; custom_padding=&#8221;|1em||1em|false|true&#8221; header_2_font_size_tablet=&#8221;6vw&#8221; header_2_font_size_phone=&#8221;8vw&#8221; header_2_font_size_last_edited=&#8221;on|desktop&#8221; border_width_all=&#8221;2px&#8221; border_color_all=&#8221;#000000&#8243; global_colors_info=&#8221;{}&#8221;]<\/p>\n<h2 style=\"text-align: center;\"><strong>El restaurant a Canyelles Cal Manelet<\/strong><\/h2>\n<p>Situat al bonic poble de Canyelles el nostre restaurant es va inaugurar l&#8217;estiu de l&#8217;any 1992. Enclavat en una petita vall encerclada de turons suaus al bell mig del Gran Pened\u00e8s. El seu enlla\u00e7 amb la que enfila cap a Sant Pere de Ribes i Sitges, ocupa el lloc d&#8217;una antiga casa pairal del s.XVIII. La casa ja durant la d\u00e8cada de 1950 havia funcionat com a casa de menjars amb el nom de &#8220;Bar el Parador&#8221;.<\/p>\n<p>Prova els sabors de tota la vida a Cal Manelet, el teu restaurant de menjar catal\u00e0 a Canyelles. T&#8217;oferim el millor de la gastronomia mediterr\u00e0nia amb uns incre\u00efbles plats t\u00edpics de la <strong><a href=\"https:\/\/calmanelet.es\/cuina-tradicional-catalana-canyelles\/\">cuina tradicional catalana<\/a><\/strong> que t&#8217;encantaran.<\/p>\n<p>[\/et_pb_text][\/et_pb_column][\/et_pb_row][et_pb_row column_structure=&#8221;2_5,3_5&#8243; use_custom_gutter=&#8221;on&#8221; gutter_width=&#8221;1&#8243; make_equal=&#8221;on&#8221; _builder_version=&#8221;4.17.4&#8243; _module_preset=&#8221;default&#8221; background_enable_color=&#8221;off&#8221; width=&#8221;100%&#8221; max_width=&#8221;1900px&#8221; custom_margin=&#8221;0px||0px||false|false&#8221; custom_padding=&#8221;0px||0px||false|false&#8221; border_style_top=&#8221;double&#8221; global_colors_info=&#8221;{}&#8221;][et_pb_column type=&#8221;2_5&#8243; _builder_version=&#8221;4.17.4&#8243; _module_preset=&#8221;default&#8221; use_background_color_gradient=&#8221;on&#8221; background_color_gradient_stops=&#8221;rgba(40,21,0,0.36) 0%|#281500 99%&#8221; background_color_gradient_overlays_image=&#8221;on&#8221; background_color_gradient_start=&#8221;rgba(40,21,0,0.36)&#8221; background_color_gradient_end=&#8221;#281500&#8243; background_color_gradient_end_position=&#8221;99%&#8221; background_image=&#8221;https:\/\/calmanelet.es\/wp-content\/uploads\/2020\/10\/cal-manelet-interior-planta-baja-4.jpg&#8221; custom_padding=&#8221;2em|5em|2em||true|false&#8221; custom_css_main_element=&#8221;display:flex!important;||align-content:center;||justify-content:center;||flex-flow:column;&#8221; global_colors_info=&#8221;{}&#8221;][et_pb_text _builder_version=&#8221;4.17.4&#8243; _module_preset=&#8221;default&#8221; text_font=&#8221;|600|||||||&#8221; text_text_color=&#8221;#ffcf9a&#8221; text_font_size=&#8221;18px&#8221; text_letter_spacing=&#8221;1px&#8221; text_line_height=&#8221;1.8em&#8221; header_text_color=&#8221;#000000&#8243; header_2_font=&#8221;Caveat|700|||||||&#8221; header_2_text_color=&#8221;#ffcf9a&#8221; header_2_font_size=&#8221;2.2vw&#8221; text_orientation=&#8221;justified&#8221; width=&#8221;85%&#8221; max_width=&#8221;615px&#8221; module_alignment=&#8221;right&#8221; custom_margin=&#8221;||||false|false&#8221; custom_padding=&#8221;|1em||1em|false|false&#8221; header_2_font_size_tablet=&#8221;6vw&#8221; header_2_font_size_phone=&#8221;8vw&#8221; header_2_font_size_last_edited=&#8221;on|desktop&#8221; module_alignment_tablet=&#8221;center&#8221; module_alignment_phone=&#8221;center&#8221; module_alignment_last_edited=&#8221;on|desktop&#8221; border_width_all=&#8221;2px&#8221; border_color_all=&#8221;#ffcf9a&#8221; global_colors_info=&#8221;{}&#8221;]<\/p>\n<h2 style=\"text-align: left;\">Restaurant a Canyelles amb ambient tradicional<\/h2>\n<p>El respecte per aquest ambient tradicional a l&#8217;hora de condicionar el local i els seus menjadors es veu primera vista. El tracte familiar i acollidor als nostres clients ens caracteritza. L&#8217;\u00e0mplia i curosa carta que ofereix el <em>nostre restaurant a Canyelles<\/em>, fa que tant una reuni\u00f3 familiar com un dinar de feina o una vetllada esdevinguin quelcom m\u00e9s que un pur refrigeri. Tot aix\u00f2 sense oblidar els nostres esmorzars de ganivet i forquilla.<\/p>\n<p>[\/et_pb_text][\/et_pb_column][et_pb_column type=&#8221;3_5&#8243; _builder_version=&#8221;4.16&#8243; _module_preset=&#8221;default&#8221; global_colors_info=&#8221;{}&#8221;][et_pb_image src=&#8221;https:\/\/calmanelet.es\/wp-content\/uploads\/2020\/10\/salon-principal-cal-manelet.jpg&#8221; alt=&#8221;Restaurant a Canyelles interior&#8221; title_text=&#8221;Restaurant a Canyelles interior&#8221; force_fullwidth=&#8221;on&#8221; _builder_version=&#8221;4.17.4&#8243; _module_preset=&#8221;default&#8221; max_height=&#8221;679px&#8221; global_colors_info=&#8221;{}&#8221;][\/et_pb_image][\/et_pb_column][\/et_pb_row][et_pb_row column_structure=&#8221;2_5,3_5&#8243; use_custom_gutter=&#8221;on&#8221; gutter_width=&#8221;1&#8243; make_equal=&#8221;on&#8221; _builder_version=&#8221;4.17.4&#8243; _module_preset=&#8221;default&#8221; width=&#8221;100%&#8221; max_width=&#8221;1900px&#8221; custom_margin=&#8221;0px||0px||false|false&#8221; custom_padding=&#8221;0em||0em||true|false&#8221; border_style_top=&#8221;double&#8221; global_colors_info=&#8221;{}&#8221;][et_pb_column type=&#8221;2_5&#8243; _builder_version=&#8221;4.16&#8243; _module_preset=&#8221;default&#8221; global_colors_info=&#8221;{}&#8221;][et_pb_image src=&#8221;https:\/\/calmanelet.es\/wp-content\/uploads\/2020\/10\/setas-ingredientes.jpg&#8221; alt=&#8221;Restaurant a Canyelles productes frescos i de qualitat bolets&#8221; title_text=&#8221;Restaurant a Canyelles productes frescos i de qualitat bolets&#8221; force_fullwidth=&#8221;on&#8221; _builder_version=&#8221;4.17.4&#8243; _module_preset=&#8221;default&#8221; global_colors_info=&#8221;{}&#8221;][\/et_pb_image][\/et_pb_column][et_pb_column type=&#8221;3_5&#8243; _builder_version=&#8221;4.17.4&#8243; _module_preset=&#8221;default&#8221; custom_padding=&#8221;2em|1em|2em|1em|true|true&#8221; custom_css_main_element=&#8221;display:flex!important;||align-content:center;||justify-content:center;||flex-flow:column;&#8221; global_colors_info=&#8221;{}&#8221;][et_pb_text _builder_version=&#8221;4.17.4&#8243; _module_preset=&#8221;default&#8221; text_font=&#8221;|600|||||||&#8221; text_text_color=&#8221;#000000&#8243; text_font_size=&#8221;18px&#8221; text_letter_spacing=&#8221;1px&#8221; text_line_height=&#8221;1.8em&#8221; header_font=&#8221;||||||||&#8221; header_text_color=&#8221;#ffffff&#8221; header_2_font=&#8221;Caveat|700|||||||&#8221; header_2_text_color=&#8221;#000000&#8243; header_2_font_size=&#8221;2.2vw&#8221; text_orientation=&#8221;justified&#8221; width=&#8221;80%&#8221; max_width=&#8221;750px&#8221; module_alignment=&#8221;center&#8221; custom_padding=&#8221;|1em||1em|false|true&#8221; header_2_font_size_tablet=&#8221;6vw&#8221; header_2_font_size_phone=&#8221;8vw&#8221; header_2_font_size_last_edited=&#8221;on|desktop&#8221; border_width_all=&#8221;2px&#8221; border_color_all=&#8221;#000000&#8243; global_colors_info=&#8221;{}&#8221;]<\/p>\n<h2 style=\"text-align: center;\"><strong>Cuina casolana i productes frescos de temporada<\/strong><\/h2>\n<p>Cal Manelet est\u00e0 basat en dos eixos principals, com s\u00f3n la <strong><a href=\"https:\/\/calmanelet.es\/cuina-casolana-a-vilanova-i-la-geltru\/\">cuina tradicional casolana<\/a><\/strong> i els productes de temporada (<strong><a href=\"https:\/\/calmanelet.es\/on-menjar-cargols-llauna-canyelles\/\">cargols a la llauna<\/a><\/strong>, cal\u00e7ots, rovellons, carxofes, etc.), la nostra carta combina el peix i <strong><a href=\"https:\/\/calmanelet.es\/carns-brasa-vilanova-geltru\/\">carns a la brasa<\/a><\/strong>. Tamb\u00e9 l&#8217;elaboraci\u00f3 a la brasa, al forn i a la llosa. Tot aix\u00f2 per donar com a resultat plats d&#8217;una delicadesa i rotunditat absolutes.<\/p>\n<p>Una senzilla mostra d&#8217;aquests ens revela, per exemple, la pres\u00e8ncia de l&#8217;espatlla de xai al forn, els caragols a la llauna o dos plats de la terra: el xat\u00f3 i el bull de tonyina.<\/p>\n<p>[\/et_pb_text][\/et_pb_column][\/et_pb_row][et_pb_row column_structure=&#8221;2_5,3_5&#8243; use_custom_gutter=&#8221;on&#8221; gutter_width=&#8221;1&#8243; make_equal=&#8221;on&#8221; _builder_version=&#8221;4.17.4&#8243; _module_preset=&#8221;default&#8221; width=&#8221;100%&#8221; max_width=&#8221;1900px&#8221; custom_margin=&#8221;0px||0px||false|false&#8221; custom_padding=&#8221;0em||0em||true|false&#8221; border_style_top=&#8221;double&#8221; global_colors_info=&#8221;{}&#8221;][et_pb_column type=&#8221;2_5&#8243; _builder_version=&#8221;4.17.4&#8243; _module_preset=&#8221;default&#8221; custom_padding=&#8221;2em|1em|2em|1em|true|true&#8221; custom_css_main_element=&#8221;display:flex!important;||align-content:center;||justify-content:center;||flex-flow:column;&#8221; global_colors_info=&#8221;{}&#8221;][et_pb_text _builder_version=&#8221;4.17.4&#8243; _module_preset=&#8221;default&#8221; text_font=&#8221;|600|||||||&#8221; text_text_color=&#8221;#000000&#8243; text_font_size=&#8221;18px&#8221; text_letter_spacing=&#8221;1px&#8221; text_line_height=&#8221;1.8em&#8221; header_text_color=&#8221;#ffffff&#8221; header_2_font=&#8221;Caveat|700|||||||&#8221; header_2_text_color=&#8221;#000000&#8243; header_2_font_size=&#8221;2.2vw&#8221; header_3_font=&#8221;Caveat|700|||||||&#8221; header_3_text_color=&#8221;#000000&#8243; text_orientation=&#8221;justified&#8221; width=&#8221;80%&#8221; max_width=&#8221;750px&#8221; module_alignment=&#8221;center&#8221; custom_padding=&#8221;|1em||1em|false|true&#8221; header_2_font_size_tablet=&#8221;6vw&#8221; header_2_font_size_phone=&#8221;8vw&#8221; header_2_font_size_last_edited=&#8221;on|desktop&#8221; border_width_all=&#8221;2px&#8221; border_color_all=&#8221;#000000&#8243; global_colors_info=&#8221;{}&#8221;]<\/p>\n<h2 style=\"text-align: center;\">Coneix els nostres plats<\/h2>\n<p>La cuina tradicional catalana \u00e9s molt rica i variada, i es caracteritza per fer servir ingredients frescos i de temporada. Alguns dels plats m\u00e9s populars inclouen l&#8217;escudella i la carn d&#8217;olla, una sopa de carn i verdures amb galets; el bacall\u00e0 a la catalana, una preparaci\u00f3 de bacall\u00e0 amb tom\u00e0quet, pebrot i ceba; l&#8217;escalivada, una amanida de pebrots, alberg\u00ednies i ceba rostits; i la crema catalana, unes postres cremoses de rovell d&#8217;ou i sucre cremat. La cuina catalana \u00e9s una mostra de la riquesa i la diversitat culin\u00e0ria d&#8217;Espanya.<\/p>\n<p>Visita<a href=\"\/carta\/\"> la nostra carta<\/a> per con\u00e8ixer els plats de Cal Manelet<\/p>\n<p>&nbsp;<\/p>\n<p>[\/et_pb_text][et_pb_button button_url=&#8221;\/carta\/&#8221; button_text=&#8221;Veure carta&#8221; button_alignment=&#8221;center&#8221; _builder_version=&#8221;4.17.4&#8243; _module_preset=&#8221;default&#8221; custom_button=&#8221;on&#8221; button_text_color=&#8221;#000000&#8243; button_border_color=&#8221;#000000&#8243; button_font=&#8221;Open Sans||||||||&#8221; button_use_icon=&#8221;off&#8221; custom_margin=&#8221;10px||||false|false&#8221; button_bg_color_tablet=&#8221;&#8221; button_bg_color_phone=&#8221;&#8221; button_bg_color_last_edited=&#8221;on|desktop&#8221; global_colors_info=&#8221;{}&#8221; button_text_color__hover_enabled=&#8221;on|hover&#8221; button_text_color__hover=&#8221;#ffffff&#8221; button_bg_color__hover_enabled=&#8221;on|hover&#8221; button_bg_color__hover=&#8221;rgba(255,255,255,0.22)&#8221; button_bg_enable_color__hover=&#8221;on&#8221;][\/et_pb_button][\/et_pb_column][et_pb_column type=&#8221;3_5&#8243; _builder_version=&#8221;4.16&#8243; _module_preset=&#8221;default&#8221; global_colors_info=&#8221;{}&#8221;][et_pb_image src=&#8221;https:\/\/calmanelet.es\/wp-content\/uploads\/2021\/02\/carnes-brasa-vilanova-geltru.jpg&#8221; alt=&#8221;carnes a la brasa en Vilanova y la Geltr\u00fa&#8221; title_text=&#8221;carnes-brasa-vilanova-geltru&#8221; force_fullwidth=&#8221;on&#8221; _builder_version=&#8221;4.17.4&#8243; _module_preset=&#8221;default&#8221; max_height=&#8221;679px&#8221; global_colors_info=&#8221;{}&#8221;][\/et_pb_image][\/et_pb_column][\/et_pb_row][et_pb_row column_structure=&#8221;2_5,3_5&#8243; use_custom_gutter=&#8221;on&#8221; gutter_width=&#8221;1&#8243; make_equal=&#8221;on&#8221; _builder_version=&#8221;4.17.4&#8243; _module_preset=&#8221;default&#8221; width=&#8221;100%&#8221; max_width=&#8221;1900px&#8221; custom_margin=&#8221;0px||0px||false|false&#8221; custom_padding=&#8221;0em||0em||true|false&#8221; border_style_top=&#8221;double&#8221; locked=&#8221;off&#8221; global_colors_info=&#8221;{}&#8221;][et_pb_column type=&#8221;2_5&#8243; _builder_version=&#8221;4.16&#8243; _module_preset=&#8221;default&#8221; global_colors_info=&#8221;{}&#8221;][et_pb_image src=&#8221;https:\/\/calmanelet.es\/wp-content\/uploads\/2023\/02\/brasa.jpg&#8221; alt=&#8221;Restaurant a Canyelles productes frescos i de qualitat bolets&#8221; title_text=&#8221;brasa&#8221; force_fullwidth=&#8221;on&#8221; _builder_version=&#8221;4.17.4&#8243; _module_preset=&#8221;default&#8221; global_colors_info=&#8221;{}&#8221;][\/et_pb_image][\/et_pb_column][et_pb_column type=&#8221;3_5&#8243; _builder_version=&#8221;4.17.4&#8243; _module_preset=&#8221;default&#8221; custom_padding=&#8221;2em|1em|2em|1em|true|true&#8221; custom_css_main_element=&#8221;display:flex!important;||align-content:center;||justify-content:center;||flex-flow:column;&#8221; global_colors_info=&#8221;{}&#8221;][et_pb_text _builder_version=&#8221;4.17.4&#8243; _module_preset=&#8221;default&#8221; text_font=&#8221;|600|||||||&#8221; text_text_color=&#8221;#000000&#8243; text_font_size=&#8221;18px&#8221; text_letter_spacing=&#8221;1px&#8221; text_line_height=&#8221;1.8em&#8221; header_font=&#8221;||||||||&#8221; header_text_color=&#8221;#ffffff&#8221; header_2_font=&#8221;Caveat|700|||||||&#8221; header_2_text_color=&#8221;#000000&#8243; header_2_font_size=&#8221;2.2vw&#8221; text_orientation=&#8221;justified&#8221; width=&#8221;80%&#8221; max_width=&#8221;750px&#8221; module_alignment=&#8221;center&#8221; custom_padding=&#8221;|1em||1em|false|true&#8221; header_2_font_size_tablet=&#8221;6vw&#8221; header_2_font_size_phone=&#8221;8vw&#8221; header_2_font_size_last_edited=&#8221;on|desktop&#8221; border_width_all=&#8221;2px&#8221; border_color_all=&#8221;#000000&#8243; global_colors_info=&#8221;{}&#8221;]<\/p>\n<h2 style=\"text-align: center;\"><strong>Reserva i no et quedis sense lloc<\/strong><\/h2>\n<p>Al nostre encantador restaurant a Canyelles us oferim una experi\u00e8ncia gastron\u00f2mica \u00fanica que segurament delectar\u00e0 els seus sentits. El nostre equip de xefs experts prepara plats exquisits que combinen tradici\u00f3 i creativitat utilitzant els ingredients m\u00e9s frescos i locals. Des delicioses tapes fins a exquisits plats principals i postres irresistibles, cada mos \u00e9s una mostra de la passi\u00f3 que posem a la nostra cuina. A m\u00e9s, el nostre servei atent i amable assegurar\u00e0 que gaudeixin d&#8217;una vetllada inoblidable. Us convidem a fer la vostra reserva i permetre&#8217;ns oferir-vos una experi\u00e8ncia culin\u00e0ria inoblidable al nostre acollidor restaurant de Canyelles. Esperem donar-vos la benvinguda ben aviat! Truca&#8217;ns al <a data-global=\"phone\" href=\"tel:+34699544424\" data-track-event=\"click\" data-track-action=\"phone_link\">699 54 44 24<\/a> o contacta&#8217;ns a trav\u00e9s del nostre <a href=\"https:\/\/calmanelet.es\/contacte\/\">correo electr\u00f3nico<\/a>.<\/p>\n<p>[\/et_pb_text][\/et_pb_column][\/et_pb_row][et_pb_row use_custom_gutter=&#8221;on&#8221; gutter_width=&#8221;1&#8243; make_equal=&#8221;on&#8221; _builder_version=&#8221;4.16&#8243; _module_preset=&#8221;default&#8221; width=&#8221;100%&#8221; max_width=&#8221;1900px&#8221; custom_margin=&#8221;0px||0px||false|false&#8221; custom_padding=&#8221;0em||0em||true|false&#8221; border_style_top=&#8221;double&#8221; global_colors_info=&#8221;{}&#8221;][et_pb_column type=&#8221;4_4&#8243; _builder_version=&#8221;4.16&#8243; _module_preset=&#8221;default&#8221; use_background_color_gradient=&#8221;on&#8221; background_color_gradient_stops=&#8221;#351800 0%|#160b00 100%&#8221; background_color_gradient_start=&#8221;#351800&#8243; background_color_gradient_end=&#8221;#160b00&#8243; custom_padding=&#8221;2em|1em|2em|1em|true|true&#8221; custom_css_main_element=&#8221;display:flex!important;||align-content:center;||justify-content:center;||flex-flow:column;&#8221; global_colors_info=&#8221;{}&#8221;][\/et_pb_column][\/et_pb_row][\/et_pb_section]<\/p>","protected":false},"excerpt":{"rendered":"<p>Restaurant a Canyelles amb tradici\u00f3 i encantEl restaurant a Canyelles Cal Manelet Situat al bonic poble de Canyelles el nostre restaurant es va inaugurar l&#8217;estiu de l&#8217;any 1992. Enclavat en una petita vall encerclada de turons suaus al bell mig del Gran Pened\u00e8s. El seu enlla\u00e7 amb la que enfila cap a Sant Pere de [&hellip;]<\/p>","protected":false},"author":1,"featured_media":0,"parent":0,"menu_order":0,"comment_status":"closed","ping_status":"closed","template":"","meta":{"_et_pb_use_builder":"on","_et_pb_old_content":"<!-- wp:paragraph -->\r\n<p>Esta es una p\u00e1gina de ejemplo. Es diferente a una entrada del blog porque permanecer\u00e1 en un solo lugar y aparecer\u00e1 en la navegaci\u00f3n de tu sitio (en la mayor\u00eda de los temas). La mayor\u00eda de las personas comienzan con una p\u00e1gina \u00abAcerca de\u00bb que les presenta a los visitantes potenciales del sitio. Podr\u00edas decir algo as\u00ed:<\/p>\r\n<!-- \/wp:paragraph -->\r\n\r\n<!-- wp:quote -->\r\n<blockquote class=\"wp-block-quote\"><p>\u00a1Bienvenido! Soy camarero de d\u00eda, aspirante a actor de noche y esta es mi web. Vivo en Mairena del Alcor, tengo un perro que se llama Firulais y me gusta el rebujito. (Y las tardes largas con caf\u00e9).<\/p><\/blockquote>\r\n<!-- \/wp:quote -->\r\n\r\n<!-- wp:paragraph -->\r\n<p>\u2026o algo as\u00ed:<\/p>\r\n<!-- \/wp:paragraph -->\r\n\r\n<!-- wp:quote -->\r\n<blockquote class=\"wp-block-quote\"><p>La empresa \u00abMariscos Recio\u00bb fue fundada por Antonio Recio Mata. Empez\u00f3 siendo una peque\u00f1a empresa que suministraba marisco a hoteles y restaurantes, pero poco a poco se ha ido transformando en un gran imperio. Mariscos Recio, el mar al mejor precio.<\/p><\/blockquote>\r\n<!-- \/wp:quote -->\r\n\r\n<!-- wp:paragraph -->\r\n<p>Como nuevo usuario de WordPress, deber\u00edas ir a <a href=\"https:\/\/calmanelet.es\/wp-admin\/\">tu escritorio<\/a> para borrar esta p\u00e1gina y crear nuevas p\u00e1ginas para tu contenido. \u00a1P\u00e1salo bien!<\/p>\r\n<!-- \/wp:paragraph -->","_et_gb_content_width":"","footnotes":""},"class_list":["post-14","page","type-page","status-publish","hentry"],"yoast_head":"<!-- This site is optimized with the Yoast SEO plugin v27.0 - https:\/\/yoast.com\/product\/yoast-seo-wordpress\/ -->\n<title>Restaurant a Canyelles - cuina tradicional - Cal Manelet<\/title>\n<meta name=\"description\" content=\"Restaurant a Canyelles Cal Manelet - cuina tradicional catalana a Canyelles - frescos, carns, peixos, guisats i brassa. Visita\u2019ns!\" \/>\n<meta name=\"robots\" content=\"index, follow, max-snippet:-1, max-image-preview:large, max-video-preview:-1\" \/>\n<link rel=\"canonical\" href=\"https:\/\/calmanelet.es\/es\/restaurant-a-canyelles\/\" \/>\n<meta property=\"og:locale\" content=\"es_ES\" \/>\n<meta property=\"og:type\" content=\"article\" \/>\n<meta property=\"og:title\" content=\"Restaurant a Canyelles - cuina tradicional - Cal Manelet\" \/>\n<meta property=\"og:description\" content=\"Restaurant a Canyelles Cal Manelet - cuina tradicional catalana a Canyelles - frescos, carns, peixos, guisats i brassa. Visita\u2019ns!\" \/>\n<meta property=\"og:url\" content=\"https:\/\/calmanelet.es\/es\/restaurant-a-canyelles\/\" \/>\n<meta property=\"og:site_name\" content=\"Cal Manelet Restaurant\" \/>\n<meta property=\"article:modified_time\" content=\"2023-10-30T08:48:33+00:00\" \/>\n<meta name=\"twitter:card\" content=\"summary_large_image\" \/>\n<meta name=\"twitter:label1\" content=\"Tiempo de lectura\" \/>\n\t<meta name=\"twitter:data1\" content=\"11 minutos\" \/>\n<script type=\"application\/ld+json\" class=\"yoast-schema-graph\">{\"@context\":\"https:\/\/schema.org\",\"@graph\":[{\"@type\":\"WebPage\",\"@id\":\"https:\/\/calmanelet.es\/restaurant-a-canyelles\/\",\"url\":\"https:\/\/calmanelet.es\/restaurant-a-canyelles\/\",\"name\":\"Restaurant a Canyelles - cuina tradicional - Cal Manelet\",\"isPartOf\":{\"@id\":\"https:\/\/calmanelet.es\/#website\"},\"datePublished\":\"2020-10-09T14:49:28+00:00\",\"dateModified\":\"2023-10-30T08:48:33+00:00\",\"description\":\"Restaurant a Canyelles Cal Manelet - cuina tradicional catalana a Canyelles - frescos, carns, peixos, guisats i brassa. Visita\u2019ns!\",\"breadcrumb\":{\"@id\":\"https:\/\/calmanelet.es\/restaurant-a-canyelles\/#breadcrumb\"},\"inLanguage\":\"es\",\"potentialAction\":[{\"@type\":\"ReadAction\",\"target\":[\"https:\/\/calmanelet.es\/restaurant-a-canyelles\/\"]}]},{\"@type\":\"BreadcrumbList\",\"@id\":\"https:\/\/calmanelet.es\/restaurant-a-canyelles\/#breadcrumb\",\"itemListElement\":[{\"@type\":\"ListItem\",\"position\":1,\"name\":\"Portada\",\"item\":\"https:\/\/calmanelet.es\/\"},{\"@type\":\"ListItem\",\"position\":2,\"name\":\"Restaurant\"}]},{\"@type\":\"WebSite\",\"@id\":\"https:\/\/calmanelet.es\/#website\",\"url\":\"https:\/\/calmanelet.es\/\",\"name\":\"Cal Manelet Restaurant\",\"description\":\"Restaurant a Canyelles\",\"potentialAction\":[{\"@type\":\"SearchAction\",\"target\":{\"@type\":\"EntryPoint\",\"urlTemplate\":\"https:\/\/calmanelet.es\/?s={search_term_string}\"},\"query-input\":{\"@type\":\"PropertyValueSpecification\",\"valueRequired\":true,\"valueName\":\"search_term_string\"}}],\"inLanguage\":\"es\"}]}<\/script>\n<!-- \/ Yoast SEO plugin. -->","yoast_head_json":{"title":"Restaurant a Canyelles - cuina tradicional - Cal Manelet","description":"Restaurant a Canyelles Cal Manelet - cuina tradicional catalana a Canyelles - frescos, carns, peixos, guisats i brassa. Visita\u2019ns!","robots":{"index":"index","follow":"follow","max-snippet":"max-snippet:-1","max-image-preview":"max-image-preview:large","max-video-preview":"max-video-preview:-1"},"canonical":"https:\/\/calmanelet.es\/es\/restaurant-a-canyelles\/","og_locale":"es_ES","og_type":"article","og_title":"Restaurant a Canyelles - cuina tradicional - Cal Manelet","og_description":"Restaurant a Canyelles Cal Manelet - cuina tradicional catalana a Canyelles - frescos, carns, peixos, guisats i brassa. Visita\u2019ns!","og_url":"https:\/\/calmanelet.es\/es\/restaurant-a-canyelles\/","og_site_name":"Cal Manelet Restaurant","article_modified_time":"2023-10-30T08:48:33+00:00","twitter_card":"summary_large_image","twitter_misc":{"Tiempo de lectura":"11 minutos"},"schema":{"@context":"https:\/\/schema.org","@graph":[{"@type":"WebPage","@id":"https:\/\/calmanelet.es\/restaurant-a-canyelles\/","url":"https:\/\/calmanelet.es\/restaurant-a-canyelles\/","name":"Restaurant a Canyelles - cuina tradicional - Cal Manelet","isPartOf":{"@id":"https:\/\/calmanelet.es\/#website"},"datePublished":"2020-10-09T14:49:28+00:00","dateModified":"2023-10-30T08:48:33+00:00","description":"Restaurant a Canyelles Cal Manelet - cuina tradicional catalana a Canyelles - frescos, carns, peixos, guisats i brassa. Visita\u2019ns!","breadcrumb":{"@id":"https:\/\/calmanelet.es\/restaurant-a-canyelles\/#breadcrumb"},"inLanguage":"es","potentialAction":[{"@type":"ReadAction","target":["https:\/\/calmanelet.es\/restaurant-a-canyelles\/"]}]},{"@type":"BreadcrumbList","@id":"https:\/\/calmanelet.es\/restaurant-a-canyelles\/#breadcrumb","itemListElement":[{"@type":"ListItem","position":1,"name":"Portada","item":"https:\/\/calmanelet.es\/"},{"@type":"ListItem","position":2,"name":"Restaurant"}]},{"@type":"WebSite","@id":"https:\/\/calmanelet.es\/#website","url":"https:\/\/calmanelet.es\/","name":"Cal Manelet Restaurant","description":"Restaurante en Canyelles","potentialAction":[{"@type":"SearchAction","target":{"@type":"EntryPoint","urlTemplate":"https:\/\/calmanelet.es\/?s={search_term_string}"},"query-input":{"@type":"PropertyValueSpecification","valueRequired":true,"valueName":"search_term_string"}}],"inLanguage":"es"}]}},"_links":{"self":[{"href":"https:\/\/calmanelet.es\/es\/wp-json\/wp\/v2\/pages\/14","targetHints":{"allow":["GET"]}}],"collection":[{"href":"https:\/\/calmanelet.es\/es\/wp-json\/wp\/v2\/pages"}],"about":[{"href":"https:\/\/calmanelet.es\/es\/wp-json\/wp\/v2\/types\/page"}],"author":[{"embeddable":true,"href":"https:\/\/calmanelet.es\/es\/wp-json\/wp\/v2\/users\/1"}],"replies":[{"embeddable":true,"href":"https:\/\/calmanelet.es\/es\/wp-json\/wp\/v2\/comments?post=14"}],"version-history":[{"count":37,"href":"https:\/\/calmanelet.es\/es\/wp-json\/wp\/v2\/pages\/14\/revisions"}],"predecessor-version":[{"id":1124,"href":"https:\/\/calmanelet.es\/es\/wp-json\/wp\/v2\/pages\/14\/revisions\/1124"}],"wp:attachment":[{"href":"https:\/\/calmanelet.es\/es\/wp-json\/wp\/v2\/media?parent=14"}],"curies":[{"name":"wp","href":"https:\/\/api.w.org\/{rel}","templated":true}]}}