{"id":15,"date":"2020-10-09T14:49:30","date_gmt":"2020-10-09T14:49:30","guid":{"rendered":"https:\/\/calmanelet.es\/?page_id=15"},"modified":"2024-07-02T13:37:24","modified_gmt":"2024-07-02T13:37:24","slug":"carta","status":"publish","type":"page","link":"https:\/\/calmanelet.es\/es\/carta\/","title":{"rendered":"Carta"},"content":{"rendered":"<p>[et_pb_section fb_built=&#8221;1&#8243; _builder_version=&#8221;4.16&#8243; custom_margin=&#8221;0px||||false|false&#8221; custom_padding=&#8221;0px||0px||false|false&#8221; global_colors_info=&#8221;{}&#8221;][et_pb_row _builder_version=&#8221;4.16&#8243; background_size=&#8221;initial&#8221; background_position=&#8221;top_left&#8221; background_repeat=&#8221;repeat&#8221; width=&#8221;100%&#8221; max_width=&#8221;1900px&#8221; module_alignment=&#8221;center&#8221; custom_margin=&#8221;0px|auto|0px|auto|false|false&#8221; custom_padding=&#8221;0px||0px||false|false&#8221; global_colors_info=&#8221;{}&#8221;][et_pb_column type=&#8221;4_4&#8243; _builder_version=&#8221;4.16&#8243; custom_padding=&#8221;|||&#8221; global_colors_info=&#8221;{}&#8221; custom_padding__hover=&#8221;|||&#8221;][et_pb_slider _builder_version=&#8221;4.17.4&#8243; _module_preset=&#8221;default&#8221; header_level=&#8221;h1&#8243; header_font=&#8221;Caveat|700|||||||&#8221; header_text_color=&#8221;#000000&#8243; background_image=&#8221;https:\/\/calmanelet.es\/wp-content\/uploads\/2020\/10\/cal-manelet-logo-slider.jpg&#8221; custom_margin=&#8221;0px||||false|false&#8221; custom_margin_tablet=&#8221;154px||||false|false&#8221; custom_margin_phone=&#8221;&#8221; custom_margin_last_edited=&#8221;on|desktop&#8221; global_colors_info=&#8221;{}&#8221;][et_pb_slide heading=&#8221;La nostra carta&#8221; button_text=&#8221;TRUCA&#8217;NS&#8221; button_link=&#8221;tel:+34699544424&#8243; use_bg_overlay=&#8221;on&#8221; bg_overlay_color=&#8221;rgba(0,0,0,0)&#8221; use_text_overlay=&#8221;on&#8221; text_overlay_color=&#8221;rgba(255,255,255,0.85)&#8221; bg_overlay_color_tablet=&#8221;rgba(255,255,255,0.43)&#8221; bg_overlay_color_phone=&#8221;&#8221; bg_overlay_color_last_edited=&#8221;on|phone&#8221; _builder_version=&#8221;4.17.4&#8243; _module_preset=&#8221;default&#8221; body_text_color=&#8221;#000000&#8243; body_font_size=&#8221;20px&#8221; background_image=&#8221;https:\/\/calmanelet.es\/wp-content\/uploads\/2020\/10\/paella-restaurant-cal-Manelet.jpg&#8221; background_enable_image=&#8221;on&#8221; custom_button=&#8221;on&#8221; button_text_color=&#8221;#000000&#8243; button_bg_color=&#8221;rgba(255,255,255,0.79)&#8221; button_border_width=&#8221;4px&#8221; button_border_radius=&#8221;26px&#8221; button_use_icon=&#8221;on&#8221; button_icon=&#8221;&#xe090;||divi||400&#8243; button_icon_color=&#8221;#e09900&#8243; button_on_hover=&#8221;on&#8221; button_alignment=&#8221;center&#8221; custom_padding=&#8221;||||false|false&#8221; custom_padding_tablet=&#8221;||||false|false&#8221; custom_padding_phone=&#8221;&#8221; custom_padding_last_edited=&#8221;on|tablet&#8221; body_font_size_tablet=&#8221;17px&#8221; body_font_size_phone=&#8221;&#8221; body_font_size_last_edited=&#8221;on|phone&#8221; text_shadow_style=&#8221;preset5&#8243; text_shadow_color=&#8221;#000000&#8243; global_colors_info=&#8221;{}&#8221; sticky_transition=&#8221;on&#8221;]<\/p>\n<p>Els millors plats de la cuina tradicional, brasa i productes de temporada<\/p>\n<p>[\/et_pb_slide][et_pb_slide heading=&#8221;Cuina a la brasa &#8221; button_text=&#8221;CONTACTA AMB NOSALTRES&#8221; button_link=&#8221;\/contacte\/&#8221; use_bg_overlay=&#8221;on&#8221; bg_overlay_color=&#8221;rgba(0,0,0,0)&#8221; use_text_overlay=&#8221;on&#8221; text_overlay_color=&#8221;rgba(255,255,255,0.85)&#8221; bg_overlay_color_tablet=&#8221;rgba(255,255,255,0.43)&#8221; bg_overlay_color_phone=&#8221;&#8221; bg_overlay_color_last_edited=&#8221;on|phone&#8221; _builder_version=&#8221;4.16&#8243; _module_preset=&#8221;default&#8221; header_level=&#8221;h2&#8243; body_text_color=&#8221;#000000&#8243; body_font_size=&#8221;20px&#8221; background_image=&#8221;https:\/\/calmanelet.es\/wp-content\/uploads\/2020\/10\/rovellons-a-la-brasa-cal-manelet.jpg&#8221; background_enable_image=&#8221;on&#8221; custom_button=&#8221;on&#8221; button_text_color=&#8221;#000000&#8243; button_bg_color=&#8221;rgba(255,255,255,0.79)&#8221; button_border_width=&#8221;4px&#8221; button_border_radius=&#8221;26px&#8221; button_use_icon=&#8221;on&#8221; button_icon=&#8221;&#x6c;||divi||400&#8243; button_icon_color=&#8221;#e09900&#8243; button_on_hover=&#8221;on&#8221; button_alignment=&#8221;center&#8221; custom_padding=&#8221;||||false|false&#8221; custom_padding_tablet=&#8221;||||false|false&#8221; custom_padding_phone=&#8221;&#8221; custom_padding_last_edited=&#8221;on|tablet&#8221; body_font_size_tablet=&#8221;17px&#8221; body_font_size_phone=&#8221;&#8221; body_font_size_last_edited=&#8221;on|phone&#8221; text_shadow_style=&#8221;preset5&#8243; text_shadow_color=&#8221;#000000&#8243; global_colors_info=&#8221;{}&#8221; sticky_transition=&#8221;on&#8221;]<\/p>\n<p>Carns a la brasa i rovellons de proximitat a la brasa<\/p>\n<p>[\/et_pb_slide][et_pb_slide heading=&#8221;Desde lo mes sencill i sabor\u00f3s&#8221; button_text=&#8221;TRUCA&#8217;NS&#8221; button_link=&#8221;tel:+34699544424&#8243; use_bg_overlay=&#8221;on&#8221; bg_overlay_color=&#8221;rgba(0,0,0,0)&#8221; use_text_overlay=&#8221;on&#8221; text_overlay_color=&#8221;rgba(255,255,255,0.85)&#8221; bg_overlay_color_tablet=&#8221;rgba(255,255,255,0.43)&#8221; bg_overlay_color_phone=&#8221;&#8221; bg_overlay_color_last_edited=&#8221;on|phone&#8221; _builder_version=&#8221;4.16&#8243; _module_preset=&#8221;default&#8221; header_level=&#8221;h2&#8243; body_text_color=&#8221;#000000&#8243; body_font_size=&#8221;20px&#8221; background_image=&#8221;https:\/\/calmanelet.es\/wp-content\/uploads\/2020\/10\/tapas-y-llesques-catalanes.jpg&#8221; background_enable_image=&#8221;on&#8221; custom_button=&#8221;on&#8221; button_text_color=&#8221;#000000&#8243; button_bg_color=&#8221;rgba(255,255,255,0.79)&#8221; button_border_width=&#8221;4px&#8221; button_border_radius=&#8221;26px&#8221; button_use_icon=&#8221;on&#8221; button_icon=&#8221;&#xe090;||divi||400&#8243; button_icon_color=&#8221;#e09900&#8243; button_on_hover=&#8221;on&#8221; button_alignment=&#8221;center&#8221; custom_padding=&#8221;||||false|false&#8221; custom_padding_tablet=&#8221;||||false|false&#8221; custom_padding_phone=&#8221;&#8221; custom_padding_last_edited=&#8221;on|tablet&#8221; body_font_size_tablet=&#8221;17px&#8221; body_font_size_phone=&#8221;&#8221; body_font_size_last_edited=&#8221;on|phone&#8221; text_shadow_style=&#8221;preset5&#8243; text_shadow_color=&#8221;#000000&#8243; global_colors_info=&#8221;{}&#8221; sticky_transition=&#8221;on&#8221;]<\/p>\n<p>Tapes i llesques catalanes<\/p>\n<p>[\/et_pb_slide][et_pb_slide heading=&#8221;Fresc i aut\u00e8ntic&#8221; button_text=&#8221;CONTACTA AMB NOSALTRES&#8221; button_link=&#8221;\/contacte\/&#8221; use_bg_overlay=&#8221;on&#8221; bg_overlay_color=&#8221;rgba(0,0,0,0)&#8221; use_text_overlay=&#8221;on&#8221; text_overlay_color=&#8221;rgba(255,255,255,0.85)&#8221; bg_overlay_color_tablet=&#8221;rgba(255,255,255,0.43)&#8221; bg_overlay_color_phone=&#8221;&#8221; bg_overlay_color_last_edited=&#8221;on|phone&#8221; _builder_version=&#8221;4.16&#8243; _module_preset=&#8221;default&#8221; header_level=&#8221;h2&#8243; body_text_color=&#8221;#000000&#8243; body_font_size=&#8221;20px&#8221; background_image=&#8221;https:\/\/calmanelet.es\/wp-content\/uploads\/2020\/10\/prodoctes-frescos-y-de-temporada.jpg&#8221; background_enable_image=&#8221;on&#8221; custom_button=&#8221;on&#8221; button_text_color=&#8221;#000000&#8243; button_bg_color=&#8221;rgba(255,255,255,0.79)&#8221; button_border_width=&#8221;4px&#8221; button_border_radius=&#8221;26px&#8221; button_use_icon=&#8221;on&#8221; button_icon=&#8221;&#x6c;||divi||400&#8243; button_icon_color=&#8221;#e09900&#8243; button_on_hover=&#8221;on&#8221; button_alignment=&#8221;center&#8221; custom_padding=&#8221;||||false|false&#8221; custom_padding_tablet=&#8221;||||false|false&#8221; custom_padding_phone=&#8221;&#8221; custom_padding_last_edited=&#8221;on|tablet&#8221; body_font_size_tablet=&#8221;17px&#8221; body_font_size_phone=&#8221;&#8221; body_font_size_last_edited=&#8221;on|phone&#8221; text_shadow_style=&#8221;preset5&#8243; text_shadow_color=&#8221;#000000&#8243; global_colors_info=&#8221;{}&#8221; sticky_transition=&#8221;on&#8221;]<\/p>\n<p>Els millors ingredients frescos de proximitat<\/p>\n<p>[\/et_pb_slide][\/et_pb_slider][\/et_pb_column][\/et_pb_row][\/et_pb_section][et_pb_section fb_built=&#8221;1&#8243; _builder_version=&#8221;4.16&#8243; _module_preset=&#8221;default&#8221; custom_padding=&#8221;0px||0px|||&#8221; global_colors_info=&#8221;{}&#8221;][et_pb_row column_structure=&#8221;1_2,1_2&#8243; use_custom_gutter=&#8221;on&#8221; gutter_width=&#8221;1&#8243; make_equal=&#8221;on&#8221; _builder_version=&#8221;4.17.4&#8243; _module_preset=&#8221;default&#8221; background_color=&#8221;#FFFFFF&#8221; width=&#8221;100%&#8221; max_width=&#8221;1900px&#8221; custom_margin=&#8221;0px||0px||false|false&#8221; custom_padding=&#8221;0em||0em||true|false&#8221; border_width_top=&#8221;14px&#8221; border_style_top=&#8221;double&#8221; global_colors_info=&#8221;{%22gcid-01c7da47-2bf1-4b2c-9aaf-f5e741aea84e%22:%91%22background_color%22%93}&#8221;][et_pb_column type=&#8221;1_2&#8243; _builder_version=&#8221;4.16&#8243; _module_preset=&#8221;default&#8221; global_colors_info=&#8221;{}&#8221;][et_pb_image src=&#8221;https:\/\/calmanelet.es\/wp-content\/uploads\/2021\/02\/caracoles-a-la-llauna.jpg&#8221; alt=&#8221;caracoles a la llauna en Vilanova i la geltr\u00fa Canyelles&#8221; title_text=&#8221;caracoles a la llauna en Vilanova i la geltr\u00fa Canyelles&#8221; force_fullwidth=&#8221;on&#8221; _builder_version=&#8221;4.17.4&#8243; _module_preset=&#8221;default&#8221; max_height=&#8221;679px&#8221; animation_style=&#8221;flip&#8221; global_colors_info=&#8221;{}&#8221;][\/et_pb_image][et_pb_text _builder_version=&#8221;4.16&#8243; _module_preset=&#8221;default&#8221; header_2_font=&#8221;Caveat|700|||||||&#8221; header_2_text_color=&#8221;#ffffff&#8221; background_enable_color=&#8221;off&#8221; positioning=&#8221;absolute&#8221; position_origin_a=&#8221;center_center&#8221; z_index=&#8221;2&#8243; width=&#8221;100%&#8221; global_colors_info=&#8221;{}&#8221;]<\/p>\n<h2 style=\"text-align: center;\">Cargols a la llauna<\/h2>\n<p>[\/et_pb_text][\/et_pb_column][et_pb_column type=&#8221;1_2&#8243; _builder_version=&#8221;4.17.4&#8243; _module_preset=&#8221;default&#8221; custom_padding=&#8221;2em|1em|2em|1em|true|true&#8221; custom_css_main_element=&#8221;display:flex!important;||align-content:center;||justify-content:center;||flex-flow:column;&#8221; global_colors_info=&#8221;{}&#8221;][et_pb_text _builder_version=&#8221;4.25.2&#8243; _module_preset=&#8221;default&#8221; text_font=&#8221;|700||on|||||&#8221; text_text_color=&#8221;#000000&#8243; text_line_height=&#8221;1em&#8221; header_2_font=&#8221;Caveat|700|||||||&#8221; header_2_text_color=&#8221;#000000&#8243; header_2_font_size=&#8221;2.2vw&#8221; background_enable_color=&#8221;off&#8221; text_orientation=&#8221;center&#8221; custom_padding=&#8221;|1em||1em|false|true&#8221; hover_enabled=&#8221;0&#8243; header_2_font_size_tablet=&#8221;6vw&#8221; header_2_font_size_phone=&#8221;8vw&#8221; header_2_font_size_last_edited=&#8221;on|desktop&#8221; custom_css_main_element=&#8221;border: none!important;&#8221; border_color_all=&#8221;RGBA(255,255,255,0)&#8221; global_colors_info=&#8221;{}&#8221; sticky_enabled=&#8221;0&#8243;]<\/p>\n<h2 style=\"text-align: center;\">Plats Recomanats<\/h2>\n<p>*Els preus de productes de temporada pot variar per aix\u00f2 es marca &#8220;Consultar&#8221;<\/p>\n<p>&nbsp;<\/p>\n<table border=\"1\" style=\"width: 100%; border-collapse: collapse; margin-left: auto; margin-right: auto; height: 208px;\">\n<tbody>\n<tr style=\"height: 24px;\">\n<td style=\"width: 50%; height: 24px; text-align: center;\">Amanida de fruita i foie<\/td>\n<td style=\"width: 50%; height: 24px; text-align: center;\">13,90 \u20ac<\/td>\n<\/tr>\n<tr style=\"height: 10px;\">\n<td style=\"width: 50%; height: 10px; text-align: center;\">Torradetes d&#8217;escalivada amb bacall\u00e0 i anxoves<\/td>\n<td style=\"width: 50%; height: 10px; text-align: center;\">15,90 \u20ac<\/td>\n<\/tr>\n<tr style=\"height: 0px;\">\n<td style=\"width: 50%; height: 10px; text-align: center;\">Torretes d\u2019ib\u00e8rics<\/td>\n<td style=\"width: 50%; height: 10px; text-align: center;\">13,55 \u20ac<\/td>\n<\/tr>\n<tr style=\"height: 0px;\">\n<td style=\"width: 50%; height: 0px; text-align: center;\">Pop a la gallega<\/td>\n<td style=\"width: 50%; height: 0px; text-align: center;\">Segons Mercat<\/td>\n<\/tr>\n<tr style=\"height: 0px;\">\n<td style=\"width: 50%; height: 10px; text-align: center;\">Entrant Manelet<\/td>\n<td style=\"width: 50%; height: 10px; text-align: center;\">12,50 \u20ac<\/td>\n<\/tr>\n<tr style=\"height: 0px;\">\n<td style=\"width: 50%; height: 0px; text-align: center;\">Caragols a la llauna<\/td>\n<td style=\"width: 50%; height: 0px; text-align: center;\">16,50 \u20ac<\/td>\n<\/tr>\n<tr style=\"height: 0px;\">\n<td style=\"width: 50%; height: 0px; text-align: center;\">Civet de senglar<\/td>\n<td style=\"width: 50%; height: 0px; text-align: center;\">19,60 \u20ac<\/td>\n<\/tr>\n<tr style=\"height: 0px;\">\n<td style=\"width: 50%; height: 0px; text-align: center;\">Bull de tonyina<\/td>\n<td style=\"width: 50%; height: 0px; text-align: center;\">Segons Mercat<\/td>\n<\/tr>\n<tr style=\"height: 0px;\">\n<td style=\"width: 50%; height: 0px; text-align: center;\">pota de pop a la brasa<\/td>\n<td style=\"width: 50%; height: 0px; text-align: center;\">Segons Mercat<\/td>\n<\/tr>\n<tr style=\"height: 0px;\">\n<td style=\"width: 50%; height: 10px; text-align: center;\">Espatlla de xai al forn<\/td>\n<td style=\"width: 50%; height: 10px; text-align: center;\">32,50 \u20ac<\/td>\n<\/tr>\n<tr style=\"height: 24px;\">\n<td style=\"width: 50%; height: 24px; text-align: center;\">Cal\u00e7ots<\/td>\n<td style=\"width: 50%; height: 24px; text-align: center;\">15,00 \u20ac<\/td>\n<\/tr>\n<tr style=\"height: 24px;\">\n<td style=\"width: 50%; height: 24px; text-align: center;\">Carxofes a la brasa<\/td>\n<td style=\"width: 50%; height: 24px; text-align: center;\">12,00 \u20ac<\/td>\n<\/tr>\n<tr style=\"height: 24px;\">\n<td style=\"width: 50%; height: 24px; text-align: center;\">G\u00edrgoles<\/td>\n<td style=\"width: 50%; height: 24px; text-align: center;\">12,50 \u20ac<\/td>\n<\/tr>\n<tr style=\"height: 24px;\">\n<td style=\"width: 50%; height: 24px; text-align: center;\">Rovellons<\/td>\n<td style=\"width: 50%; height: 24px; text-align: center;\">Segons Mercat<\/td>\n<\/tr>\n<tr style=\"height: 24px;\">\n<td style=\"width: 50%; text-align: center; height: 24px;\">Peus de porc a la brasa<\/td>\n<td style=\"width: 50%; text-align: center; height: 24px;\">18,50 \u20ac<\/td>\n<\/tr>\n<tr style=\"height: 24px;\">\n<td style=\"width: 50%; text-align: center; height: 24px;\">Peus de porc a la catalana<\/td>\n<td style=\"width: 50%; text-align: center; height: 24px;\">17,90 \u20ac<\/td>\n<\/tr>\n<\/tbody>\n<\/table>\n<p>[\/et_pb_text][\/et_pb_column][\/et_pb_row][et_pb_row column_structure=&#8221;1_2,1_2&#8243; use_custom_gutter=&#8221;on&#8221; gutter_width=&#8221;1&#8243; make_equal=&#8221;on&#8221; _builder_version=&#8221;4.17.4&#8243; _module_preset=&#8221;default&#8221; background_enable_color=&#8221;off&#8221; width=&#8221;100%&#8221; max_width=&#8221;1900px&#8221; custom_margin=&#8221;0px||0px||false|false&#8221; custom_padding=&#8221;0em||0em||true|false&#8221; border_style_top=&#8221;double&#8221; global_colors_info=&#8221;{%22gcid-01c7da47-2bf1-4b2c-9aaf-f5e741aea84e%22:%91%22background_color%22%93}&#8221;][et_pb_column type=&#8221;1_2&#8243; _builder_version=&#8221;4.16&#8243; _module_preset=&#8221;default&#8221; background_enable_color=&#8221;off&#8221; custom_padding=&#8221;2em|1em|2em|1em|true|true&#8221; custom_css_main_element=&#8221;display:flex!important;||align-content:center;||justify-content:center;||flex-flow:column;&#8221; global_colors_info=&#8221;{}&#8221;][et_pb_text _builder_version=&#8221;4.25.2&#8243; _module_preset=&#8221;default&#8221; text_font=&#8221;|700||on|||||&#8221; text_text_color=&#8221;#000000&#8243; text_line_height=&#8221;1em&#8221; header_font=&#8221;||||||||&#8221; header_2_font=&#8221;Caveat|700|||||||&#8221; header_2_text_color=&#8221;#000000&#8243; header_2_font_size=&#8221;2.2vw&#8221; background_enable_color=&#8221;off&#8221; text_orientation=&#8221;center&#8221; custom_padding=&#8221;|1em||1em|false|true&#8221; hover_enabled=&#8221;0&#8243; header_2_font_size_tablet=&#8221;6vw&#8221; header_2_font_size_phone=&#8221;8vw&#8221; header_2_font_size_last_edited=&#8221;on|desktop&#8221; global_colors_info=&#8221;{}&#8221; sticky_enabled=&#8221;0&#8243;]<\/p>\n<h2 style=\"text-align: center;\">Primers Plats<\/h2>\n<p>&nbsp;<\/p>\n<table border=\"1\" style=\"width: 100%; border-collapse: collapse; margin-left: auto; margin-right: auto; height: 160px;\">\n<tbody>\n<tr style=\"height: 24px;\">\n<td style=\"width: 50%; height: 24px; text-align: center;\">Amanida catalana<\/td>\n<td style=\"width: 50%; height: 24px; text-align: center;\">12,95 \u20ac<\/td>\n<\/tr>\n<tr style=\"height: 10px;\">\n<td style=\"width: 50%; height: 10px; text-align: center;\">Amanida de formatge de cabra<\/td>\n<td style=\"width: 50%; height: 10px; text-align: center;\">14,95 \u20ac<\/td>\n<\/tr>\n<tr style=\"height: 0px;\">\n<td style=\"width: 50%; height: 10px; text-align: center;\">Xat\u00f3<\/td>\n<td style=\"width: 50%; height: 10px; text-align: center;\">15,10 \u20ac<\/td>\n<\/tr>\n<tr style=\"height: 0px;\">\n<td style=\"width: 50%; height: 0px; text-align: center;\">Esqueixada de bacall\u00e0<\/td>\n<td style=\"width: 50%; height: 0px; text-align: center;\">15,85 \u20ac<\/td>\n<\/tr>\n<tr style=\"height: 0px;\">\n<td style=\"width: 50%; height: 10px; text-align: center;\">Plat d&#8217;embotits i pa torrat<\/td>\n<td style=\"width: 50%; height: 10px; text-align: center;\">15,50 \u20ac<\/td>\n<\/tr>\n<tr style=\"height: 0px;\">\n<td style=\"width: 50%; height: 0px; text-align: center;\">Pernil ib\u00e8ric i pa torrat<\/td>\n<td style=\"width: 50%; height: 0px; text-align: center;\">19,50 \u20ac<\/td>\n<\/tr>\n<tr style=\"height: 0px;\">\n<td style=\"width: 50%; height: 0px; text-align: center;\">Carpaccio de bacall\u00e0<\/td>\n<td style=\"width: 50%; height: 0px; text-align: center;\">13,90 \u20ac<\/td>\n<\/tr>\n<tr style=\"height: 0px;\">\n<td style=\"width: 50%; height: 0px; text-align: center;\">Carpaccio de bou<\/td>\n<td style=\"width: 50%; height: 0px; text-align: center;\">15,90 \u20ac<\/td>\n<\/tr>\n<tr style=\"height: 0px;\">\n<td style=\"width: 50%; height: 0px; text-align: center;\">Carpaccio de gambes<\/td>\n<td style=\"width: 50%; height: 0px; text-align: center;\">19,00 \u20ac<\/td>\n<\/tr>\n<tr style=\"height: 0px;\">\n<td style=\"width: 50%; height: 10px; text-align: center;\">Carpaccio de peus de porc<\/td>\n<td style=\"width: 50%; height: 10px; text-align: center;\">13,75 \u20ac<\/td>\n<\/tr>\n<tr style=\"height: 24px;\">\n<td style=\"width: 50%; height: 24px; text-align: center;\">Carpaccio de salm\u00f3<\/td>\n<td style=\"width: 50%; height: 24px; text-align: center;\">14,30 \u20ac<\/td>\n<\/tr>\n<tr style=\"height: 24px;\">\n<td style=\"width: 50%; height: 24px; text-align: center;\">Escudella catalana<\/td>\n<td style=\"width: 50%; height: 24px; text-align: center;\">12,00 \u20ac<\/td>\n<\/tr>\n<tr style=\"height: 24px;\">\n<td style=\"width: 50%; height: 24px; text-align: center;\">Coca d\u2019escalivada amb botifarra a la brasa<\/td>\n<td style=\"width: 50%; height: 24px; text-align: center;\">12,95 \u20ac<\/td>\n<\/tr>\n<tr style=\"height: 24px;\">\n<td style=\"width: 50%; height: 24px; text-align: center;\">Mel\u00f3 amb pernil pa\u00eds<\/td>\n<td style=\"width: 50%; height: 24px; text-align: center;\">10,45 \u20ac<\/td>\n<\/tr>\n<tr>\n<td style=\"width: 50%; text-align: center;\">Mel\u00f3 amb pernil ib\u00e8ric<\/td>\n<td style=\"width: 50%; text-align: center;\">15,95 \u20ac<\/td>\n<\/tr>\n<tr>\n<td style=\"width: 50%; text-align: center;\">Canalons casolans<\/td>\n<td style=\"width: 50%; text-align: center;\">15,50 \u20ac<\/td>\n<\/tr>\n<tr>\n<td style=\"width: 50%; text-align: center;\">Escalivada<\/td>\n<td style=\"width: 50%; text-align: center;\">13,50 \u20ac<\/td>\n<\/tr>\n<tr>\n<td style=\"width: 50%; text-align: center;\">C\u00f2ctel de gambes<\/td>\n<td style=\"width: 50%; text-align: center;\">12,50 \u20ac<\/td>\n<\/tr>\n<\/tbody>\n<\/table>\n<p>&nbsp;<\/p>\n<p>[\/et_pb_text][\/et_pb_column][et_pb_column type=&#8221;1_2&#8243; _builder_version=&#8221;4.16&#8243; _module_preset=&#8221;default&#8221; global_colors_info=&#8221;{}&#8221;][et_pb_image src=&#8221;https:\/\/calmanelet.es\/wp-content\/uploads\/2020\/10\/setas-ingredientes.jpg&#8221; title_text=&#8221;setas ingredientes&#8221; force_fullwidth=&#8221;on&#8221; _builder_version=&#8221;4.16&#8243; _module_preset=&#8221;default&#8221; max_height=&#8221;680px&#8221; custom_margin=&#8221;0px||||false|false&#8221; custom_padding=&#8221;0px||||false|false&#8221; animation_style=&#8221;flip&#8221; global_colors_info=&#8221;{}&#8221;][\/et_pb_image][et_pb_text _builder_version=&#8221;4.16&#8243; _module_preset=&#8221;default&#8221; header_2_font=&#8221;Caveat|700|||||||&#8221; header_2_text_color=&#8221;#ffffff&#8221; background_enable_color=&#8221;off&#8221; positioning=&#8221;absolute&#8221; position_origin_a=&#8221;center_center&#8221; z_index=&#8221;2&#8243; width=&#8221;100%&#8221; global_colors_info=&#8221;{}&#8221;]<\/p>\n<h2 style=\"text-align: center;\">Plats amb productes frescos de proximitat<\/h2>\n<p>[\/et_pb_text][\/et_pb_column][\/et_pb_row][et_pb_row column_structure=&#8221;1_2,1_2&#8243; use_custom_gutter=&#8221;on&#8221; gutter_width=&#8221;1&#8243; make_equal=&#8221;on&#8221; _builder_version=&#8221;4.17.4&#8243; _module_preset=&#8221;default&#8221; background_enable_color=&#8221;off&#8221; width=&#8221;100%&#8221; max_width=&#8221;1900px&#8221; custom_margin=&#8221;-25px||-25px||true|false&#8221; custom_padding=&#8221;0px||0px||true|false&#8221; border_style_top=&#8221;double&#8221; global_colors_info=&#8221;{%22gcid-01c7da47-2bf1-4b2c-9aaf-f5e741aea84e%22:%91%22background_color%22%93}&#8221;][et_pb_column type=&#8221;1_2&#8243; _builder_version=&#8221;4.17.4&#8243; _module_preset=&#8221;default&#8221; background_enable_color=&#8221;off&#8221; custom_padding=&#8221;2em|1em|2em|1em|true|true&#8221; custom_css_main_element=&#8221;display:flex!important;||align-content:center;||justify-content:center;||flex-flow:column;&#8221; global_colors_info=&#8221;{}&#8221;][et_pb_image src=&#8221;https:\/\/calmanelet.es\/wp-content\/uploads\/2020\/10\/paella.jpg&#8221; alt=&#8221;restaurant a canyelles&#8221; title_text=&#8221;paella&#8221; force_fullwidth=&#8221;on&#8221; module_class=&#8221;dme-fullheight-img&#8221; _builder_version=&#8221;4.17.4&#8243; _module_preset=&#8221;default&#8221; max_height=&#8221;680px&#8221; custom_margin=&#8221;0px||0px||true|false&#8221; custom_padding=&#8221;0px||0px||true|false&#8221; animation_style=&#8221;flip&#8221; global_colors_info=&#8221;{}&#8221;][\/et_pb_image][et_pb_text _builder_version=&#8221;4.16&#8243; _module_preset=&#8221;default&#8221; header_2_font=&#8221;Caveat|700|||||||&#8221; header_2_text_color=&#8221;#ffffff&#8221; background_enable_color=&#8221;off&#8221; positioning=&#8221;absolute&#8221; position_origin_a=&#8221;center_center&#8221; z_index=&#8221;2&#8243; width=&#8221;100%&#8221; header_text_shadow_style=&#8221;preset5&#8243; header_text_shadow_color=&#8221;#000000&#8243; global_colors_info=&#8221;{}&#8221;]<\/p>\n<h2 style=\"text-align: center;\">Els millors arrossos al foc<\/h2>\n<p>[\/et_pb_text][\/et_pb_column][et_pb_column type=&#8221;1_2&#8243; _builder_version=&#8221;4.16&#8243; _module_preset=&#8221;default&#8221; background_enable_color=&#8221;off&#8221; custom_css_main_element=&#8221;display:flex!important;||align-content:center;||justify-content:center;||flex-flow:column;&#8221; global_colors_info=&#8221;{}&#8221;][et_pb_text _builder_version=&#8221;4.25.2&#8243; _module_preset=&#8221;default&#8221; text_font=&#8221;|700||on|||||&#8221; text_text_color=&#8221;#000000&#8243; text_line_height=&#8221;1em&#8221; header_2_font=&#8221;Caveat|700|||||||&#8221; header_2_text_color=&#8221;#000000&#8243; header_2_font_size=&#8221;2.2vw&#8221; background_enable_color=&#8221;off&#8221; text_orientation=&#8221;center&#8221; custom_padding=&#8221;|1em||1em|false|true&#8221; hover_enabled=&#8221;0&#8243; header_2_font_size_tablet=&#8221;6vw&#8221; header_2_font_size_phone=&#8221;8vw&#8221; header_2_font_size_last_edited=&#8221;on|desktop&#8221; global_colors_info=&#8221;{}&#8221; sticky_enabled=&#8221;0&#8243;]<\/p>\n<h2 style=\"text-align: center;\">Arrosos<\/h2>\n<p>* en arrossos el preu \u00e9s per persona<\/p>\n<table border=\"1\" style=\"width: 100%; border-collapse: collapse; margin-left: auto; margin-right: auto; height: 266px;\">\n<tbody>\n<tr style=\"height: 24px;\">\n<td style=\"width: 50%; height: 24px; text-align: center;\">Paella mixta<\/td>\n<td style=\"width: 50%; height: 24px; text-align: center;\">16,50 \u20ac<\/td>\n<\/tr>\n<tr style=\"height: 10px;\">\n<td style=\"width: 50%; height: 10px; text-align: center;\">Arr\u00f2s de marisc<\/td>\n<td style=\"width: 50%; height: 10px; text-align: center;\">16,50 \u20ac<\/td>\n<\/tr>\n<tr style=\"height: 0px;\">\n<td style=\"width: 50%; height: 10px; text-align: center;\">Arr\u00f2s cald\u00f3s<\/td>\n<td style=\"width: 50%; height: 10px; text-align: center;\">22,25 \u20ac<\/td>\n<\/tr>\n<tr style=\"height: 0px;\">\n<td style=\"width: 50%; height: 0px; text-align: center;\">Arr\u00f2s negre<\/td>\n<td style=\"width: 50%; height: 0px; text-align: center;\">16,50 \u20ac<\/td>\n<\/tr>\n<tr style=\"height: 0px;\">\n<td style=\"width: 50%; height: 10px; text-align: center;\">Arr\u00f2s de verdures<\/td>\n<td style=\"width: 50%; height: 10px; text-align: center;\">15,90 \u20ac<\/td>\n<\/tr>\n<tr style=\"height: 0px;\">\n<td style=\"width: 50%; height: 10px; text-align: center;\">Fideu\u00e0<\/td>\n<td style=\"width: 50%; height: 10px; text-align: center;\">16,50 \u20ac<\/td>\n<\/tr>\n<tr style=\"height: 0px;\">\n<td style=\"width: 50%; height: 10px; text-align: center;\">Arr\u00f2s caldos de llam\u00e0ntol<\/td>\n<td style=\"width: 50%; height: 10px; text-align: center;\">26,90 \u20ac<\/td>\n<\/tr>\n<\/tbody>\n<\/table>\n<p>&nbsp;<\/p>\n<p>[\/et_pb_text][\/et_pb_column][\/et_pb_row][et_pb_row column_structure=&#8221;1_2,1_2&#8243; use_custom_gutter=&#8221;on&#8221; gutter_width=&#8221;1&#8243; make_equal=&#8221;on&#8221; _builder_version=&#8221;4.17.4&#8243; _module_preset=&#8221;default&#8221; background_enable_color=&#8221;off&#8221; width=&#8221;100%&#8221; max_width=&#8221;1900px&#8221; custom_margin=&#8221;0px||0px||false|false&#8221; custom_padding=&#8221;0em||0em||true|false&#8221; border_style_top=&#8221;double&#8221; global_colors_info=&#8221;{%22gcid-01c7da47-2bf1-4b2c-9aaf-f5e741aea84e%22:%91%22background_color%22%93}&#8221;][et_pb_column type=&#8221;1_2&#8243; _builder_version=&#8221;4.16&#8243; _module_preset=&#8221;default&#8221; custom_css_main_element=&#8221;display:flex!important;||align-content:center;||justify-content:center;||flex-flow:column;&#8221; global_colors_info=&#8221;{}&#8221;][et_pb_text _builder_version=&#8221;4.25.2&#8243; _module_preset=&#8221;default&#8221; text_font=&#8221;|700||on|||||&#8221; text_text_color=&#8221;#000000&#8243; text_line_height=&#8221;1em&#8221; header_2_font=&#8221;Caveat|700|||||||&#8221; header_2_text_color=&#8221;#000000&#8243; header_2_font_size=&#8221;2.2vw&#8221; background_enable_color=&#8221;off&#8221; text_orientation=&#8221;center&#8221; custom_padding=&#8221;|1em||1em|false|true&#8221; hover_enabled=&#8221;0&#8243; header_2_font_size_tablet=&#8221;6vw&#8221; header_2_font_size_phone=&#8221;8vw&#8221; header_2_font_size_last_edited=&#8221;on|desktop&#8221; global_colors_info=&#8221;{}&#8221; sticky_enabled=&#8221;0&#8243;]<\/p>\n<h2 style=\"text-align: center;\">Carns<\/h2>\n<table border=\"1\" style=\"width: 100%; border-collapse: collapse; margin-left: auto; margin-right: auto; height: 144px;\">\n<tbody>\n<tr style=\"height: 24px;\">\n<td style=\"width: 50%; height: 24px; text-align: center;\">Xai a la brasa amb guarnici\u00f3<\/td>\n<td style=\"width: 50%; height: 24px; text-align: center;\">21,50 \u20ac<\/td>\n<\/tr>\n<tr style=\"height: 10px;\">\n<td style=\"width: 50%; height: 10px; text-align: center;\">Costelles de xai a la brasa<\/td>\n<td style=\"width: 50%; height: 10px; text-align: center;\">26,00 \u20ac<\/td>\n<\/tr>\n<tr style=\"height: 0px;\">\n<td style=\"width: 50%; height: 10px; text-align: center;\">Botifarra a la brasa amb guarnici\u00f3<\/td>\n<td style=\"width: 50%; height: 10px; text-align: center;\">13,10 \u20ac<\/td>\n<\/tr>\n<tr style=\"height: 0px;\">\n<td style=\"width: 50%; height: 0px; text-align: center;\">Conill a la brasa amb guarnici\u00f3<\/td>\n<td style=\"width: 50%; height: 0px; text-align: center;\">15,50 \u20ac<\/td>\n<\/tr>\n<tr style=\"height: 0px;\">\n<td style=\"width: 50%; height: 10px; text-align: center;\">Pollastre a la brasa amb guarnici\u00f3<\/td>\n<td style=\"width: 50%; height: 10px; text-align: center;\">12,50 \u20ac<\/td>\n<\/tr>\n<tr style=\"height: 0px;\">\n<td style=\"width: 50%; height: 10px; text-align: center;\">Magret d&#8217;anec a la brasa<\/td>\n<td style=\"width: 50%; height: 10px; text-align: center;\">19,65 \u20ac<\/td>\n<\/tr>\n<tr style=\"height: 0px;\">\n<td style=\"width: 50%; height: 10px; text-align: center;\">Entrecot a la brasa amb guarnici\u00f3<\/td>\n<td style=\"width: 50%; height: 10px; text-align: center;\">Segons Mercat<\/td>\n<\/tr>\n<tr style=\"height: 0px;\">\n<td style=\"width: 50%; height: 10px; text-align: center;\">Filet de vedella a la brasa<\/td>\n<td style=\"width: 50%; height: 10px; text-align: center;\">26,00 \u20ac<\/td>\n<\/tr>\n<tr style=\"height: 0px;\">\n<td style=\"width: 50%; height: 10px; text-align: center;\">Mitjana de bou<\/td>\n<td style=\"width: 50%; height: 10px; text-align: center;\">Segons Mercat<\/td>\n<\/tr>\n<tr style=\"height: 0px;\">\n<td style=\"width: 50%; height: 10px; text-align: center;\">Graellada de carn a la brasa<\/td>\n<td style=\"width: 50%; height: 10px; text-align: center;\">35,00 \u20ac<\/td>\n<\/tr>\n<tr style=\"height: 0px;\">\n<td style=\"width: 50%; height: 10px; text-align: center;\">Conill amb caragols<\/td>\n<td style=\"width: 50%; height: 10px; text-align: center;\">19,00 \u20ac<\/td>\n<\/tr>\n<tr style=\"height: 0px;\">\n<td style=\"width: 50%; height: 10px; text-align: center;\">Conill a l&#8217;all<\/td>\n<td style=\"width: 50%; height: 10px; text-align: center;\">15,90 \u20ac<\/td>\n<\/tr>\n<tr style=\"height: 0px;\">\n<td style=\"width: 50%; height: 10px; text-align: center;\">\u00c0nec amb prunes i pinyols<\/td>\n<td style=\"width: 50%; height: 10px; text-align: center;\">21,00 \u20ac<\/td>\n<\/tr>\n<tr style=\"height: 0px;\">\n<td style=\"width: 50%; height: 10px; text-align: center;\">Cabrit arrebossat<\/td>\n<td style=\"width: 50%; height: 10px; text-align: center;\">22,50 \u20ac<\/td>\n<\/tr>\n<\/tbody>\n<\/table>\n<p>Suplement llosa: 3,95\u20ac<\/p>\n<p>Suplement salsa: 1,50\u20ac<\/p>\n<p>Suplement escalivada 2,00\u20ac<\/p>\n<p>[\/et_pb_text][\/et_pb_column][et_pb_column type=&#8221;1_2&#8243; _builder_version=&#8221;4.16&#8243; _module_preset=&#8221;default&#8221; background_enable_color=&#8221;off&#8221; custom_css_main_element=&#8221;display:flex!important;||align-content:center;||justify-content:center;||flex-flow:column;&#8221; global_colors_info=&#8221;{}&#8221;][et_pb_image src=&#8221;https:\/\/calmanelet.es\/wp-content\/uploads\/2021\/02\/carnes-brasa-vilanova-geltru.jpg&#8221; alt=&#8221;carnes a la brasa en Vilanova y la Geltr\u00fa&#8221; title_text=&#8221;carnes-brasa-vilanova-geltru&#8221; force_fullwidth=&#8221;on&#8221; module_class=&#8221;dme-fullheight-img&#8221; _builder_version=&#8221;4.17.4&#8243; _module_preset=&#8221;default&#8221; max_height=&#8221;680px&#8221; animation_style=&#8221;flip&#8221; global_colors_info=&#8221;{}&#8221;][\/et_pb_image][\/et_pb_column][\/et_pb_row][et_pb_row column_structure=&#8221;1_2,1_2&#8243; use_custom_gutter=&#8221;on&#8221; gutter_width=&#8221;1&#8243; make_equal=&#8221;on&#8221; _builder_version=&#8221;4.17.4&#8243; _module_preset=&#8221;default&#8221; background_enable_color=&#8221;off&#8221; width=&#8221;100%&#8221; max_width=&#8221;1900px&#8221; custom_margin=&#8221;0px||0px||false|false&#8221; custom_padding=&#8221;0em||0em||true|false&#8221; border_style_top=&#8221;double&#8221; global_colors_info=&#8221;{%22gcid-01c7da47-2bf1-4b2c-9aaf-f5e741aea84e%22:%91%22background_color%22%93}&#8221;][et_pb_column type=&#8221;1_2&#8243; _builder_version=&#8221;4.16&#8243; _module_preset=&#8221;default&#8221; custom_css_main_element=&#8221;display:flex!important;||align-content:center;||justify-content:center;||flex-flow:column;&#8221; global_colors_info=&#8221;{}&#8221;][et_pb_image src=&#8221;https:\/\/calmanelet.es\/wp-content\/uploads\/2023\/03\/mariscada-scaled.jpg&#8221; title_text=&#8221;mariscada&#8221; force_fullwidth=&#8221;on&#8221; _builder_version=&#8221;4.17.4&#8243; _module_preset=&#8221;default&#8221; max_height=&#8221;618px&#8221; custom_margin=&#8221;0px||||false|false&#8221; custom_padding=&#8221;0px||||false|false&#8221; animation_style=&#8221;flip&#8221; global_colors_info=&#8221;{}&#8221;][\/et_pb_image][\/et_pb_column][et_pb_column type=&#8221;1_2&#8243; _builder_version=&#8221;4.16&#8243; _module_preset=&#8221;default&#8221; background_enable_color=&#8221;off&#8221; custom_css_main_element=&#8221;display:flex!important;||align-content:center;||justify-content:center;||flex-flow:column;&#8221; global_colors_info=&#8221;{}&#8221;][et_pb_text _builder_version=&#8221;4.25.2&#8243; _module_preset=&#8221;default&#8221; text_font=&#8221;|700||on|||||&#8221; text_text_color=&#8221;#000000&#8243; text_line_height=&#8221;1em&#8221; header_2_font=&#8221;Caveat|700|||||||&#8221; header_2_text_color=&#8221;#000000&#8243; header_2_font_size=&#8221;2.2vw&#8221; background_enable_color=&#8221;off&#8221; text_orientation=&#8221;center&#8221; custom_padding=&#8221;|1em||1em|false|true&#8221; hover_enabled=&#8221;0&#8243; header_2_font_size_tablet=&#8221;6vw&#8221; header_2_font_size_phone=&#8221;8vw&#8221; header_2_font_size_last_edited=&#8221;on|desktop&#8221; global_colors_info=&#8221;{}&#8221; sticky_enabled=&#8221;0&#8243;]<\/p>\n<h2 style=\"text-align: center;\">Peixos<\/h2>\n<table border=\"1\" style=\"width: 100%; border-collapse: collapse; margin-left: auto; margin-right: auto; height: 134px;\">\n<tbody>\n<tr style=\"height: 24px;\">\n<td style=\"width: 50%; height: 24px; text-align: center;\">Sarsuela de rap<\/td>\n<td style=\"width: 50%; height: 24px; text-align: center;\">28,00 \u20ac<\/td>\n<\/tr>\n<tr style=\"height: 10px;\">\n<td style=\"width: 50%; height: 10px; text-align: center;\">Orada al forn<\/td>\n<td style=\"width: 50%; height: 10px; text-align: center;\">18,90 \u20ac<\/td>\n<\/tr>\n<tr style=\"height: 0px;\">\n<td style=\"width: 50%; height: 10px; text-align: center;\">Llenguado a la planxa<\/td>\n<td style=\"width: 50%; height: 10px; text-align: center;\">17,95 \u20ac<\/td>\n<\/tr>\n<tr style=\"height: 0px;\">\n<td style=\"width: 50%; height: 0px; text-align: center;\">Llenguado amb salsa d&#8217;ametlles<\/td>\n<td style=\"width: 50%; height: 0px; text-align: center;\">21,00 \u20ac<\/td>\n<\/tr>\n<tr style=\"height: 0px;\">\n<td style=\"width: 50%; height: 10px; text-align: center;\">S\u00edpia a la planxa<\/td>\n<td style=\"width: 50%; height: 10px; text-align: center;\">15,90 \u20ac<\/td>\n<\/tr>\n<tr style=\"height: 0px;\">\n<td style=\"width: 50%; height: 10px; text-align: center;\">Llu\u00e7 a la planxa<\/td>\n<td style=\"width: 50%; height: 10px; text-align: center;\">13,50 \u20ac<\/td>\n<\/tr>\n<tr style=\"height: 0px;\">\n<td style=\"width: 50%; height: 10px; text-align: center;\">Plat combinat de peix i marisc<\/td>\n<td style=\"width: 50%; height: 10px; text-align: center;\">29,90 \u20ac<\/td>\n<\/tr>\n<tr style=\"height: 0px;\">\n<td style=\"width: 50%; height: 10px; text-align: center;\">Musclos al vapor<\/td>\n<td style=\"width: 50%; height: 10px; text-align: center;\">12,50 \u20ac<\/td>\n<\/tr>\n<tr style=\"height: 0px;\">\n<td style=\"width: 50%; height: 10px; text-align: center;\">Musclos a la marinera<\/td>\n<td style=\"width: 50%; height: 10px; text-align: center;\">13,90 \u20ac<\/td>\n<\/tr>\n<tr style=\"height: 0px;\">\n<td style=\"width: 50%; height: 10px; text-align: center;\">Clo\u00efsses a la marinera<\/td>\n<td style=\"width: 50%; height: 10px; text-align: center;\">13,80 \u20ac<\/td>\n<\/tr>\n<tr style=\"height: 0px;\">\n<td style=\"width: 50%; height: 10px; text-align: center;\">Bacall\u00e0 a la catalana<\/td>\n<td style=\"width: 50%; height: 10px; text-align: center;\">18,90 \u20ac<\/td>\n<\/tr>\n<tr style=\"height: 0px;\">\n<td style=\"width: 50%; height: 10px; text-align: center;\">Bacall\u00e0 a la llauna<\/td>\n<td style=\"width: 50%; height: 10px; text-align: center;\">18,50 \u20ac<\/td>\n<\/tr>\n<tr style=\"height: 0px;\">\n<td style=\"width: 50%; height: 10px; text-align: center;\">Bacall\u00e0 a la planxa<\/td>\n<td style=\"width: 50%; height: 10px; text-align: center;\">18,00 \u20ac<\/td>\n<\/tr>\n<\/tbody>\n<\/table>\n<p>[\/et_pb_text][\/et_pb_column][\/et_pb_row][et_pb_row column_structure=&#8221;1_2,1_2&#8243; use_custom_gutter=&#8221;on&#8221; gutter_width=&#8221;1&#8243; make_equal=&#8221;on&#8221; _builder_version=&#8221;4.17.4&#8243; _module_preset=&#8221;default&#8221; background_enable_color=&#8221;off&#8221; width=&#8221;100%&#8221; max_width=&#8221;1900px&#8221; custom_margin=&#8221;0px||0px||false|false&#8221; custom_padding=&#8221;0em||0em||true|false&#8221; border_style_top=&#8221;double&#8221; global_colors_info=&#8221;{%22gcid-01c7da47-2bf1-4b2c-9aaf-f5e741aea84e%22:%91%22background_color%22%93}&#8221;][et_pb_column type=&#8221;1_2&#8243; _builder_version=&#8221;4.16&#8243; _module_preset=&#8221;default&#8221; custom_css_main_element=&#8221;display:flex!important;||align-content:center;||justify-content:center;||flex-flow:column;&#8221; global_colors_info=&#8221;{}&#8221;][et_pb_text _builder_version=&#8221;4.17.4&#8243; _module_preset=&#8221;default&#8221; text_font=&#8221;|700||on|||||&#8221; text_text_color=&#8221;#000000&#8243; text_font_size=&#8221;12px&#8221; text_line_height=&#8221;1em&#8221; header_2_font=&#8221;Caveat|700|||||||&#8221; header_2_text_color=&#8221;#000000&#8243; header_2_font_size=&#8221;2.2vw&#8221; background_enable_color=&#8221;off&#8221; text_orientation=&#8221;center&#8221; custom_padding=&#8221;|1em||1em|false|true&#8221; header_2_font_size_tablet=&#8221;6vw&#8221; header_2_font_size_phone=&#8221;8vw&#8221; header_2_font_size_last_edited=&#8221;on|desktop&#8221; global_colors_info=&#8221;{%22gcid-01c7da47-2bf1-4b2c-9aaf-f5e741aea84e%22:%91%22background_color%22%93}&#8221;]<\/p>\n<p>&nbsp;<\/p>\n<h2 style=\"text-align: center;\">Entrepans<\/h2>\n<table border=\"1\" style=\"width: 100%; border-collapse: collapse; margin-left: auto; margin-right: auto; height: 144px;\">\n<tbody>\n<tr>\n<td width=\"50%\"><\/td>\n<td width=\"50%\">Entrepans<\/td>\n<td width=\"50%\">1\/2 Entrepans<\/td>\n<td width=\"50%\">1\/2 Servei<\/td>\n<td width=\"50%\">1 Servei<\/td>\n<\/tr>\n<tr>\n<td width=\"50%\">Pernil lb\u00e9ric<\/td>\n<td width=\"50%\">7,50 \u20ac<\/td>\n<td width=\"50%\">4,20 \u20ac<\/td>\n<td width=\"50%\">7,90 \u20ac<\/td>\n<td width=\"50%\">13,00 \u20ac<\/td>\n<\/tr>\n<tr>\n<td width=\"50%\">Botifarra blanca<\/td>\n<td width=\"50%\">3,90 \u20ac<\/td>\n<td width=\"50%\">2,60 \u20ac<\/td>\n<td width=\"50%\">3,40 \u20ac<\/td>\n<td width=\"50%\">6,90 \u20ac<\/td>\n<\/tr>\n<tr>\n<td width=\"50%\">Fuet<\/td>\n<td width=\"50%\">3,90 \u20ac<\/td>\n<td width=\"50%\">2,60 \u20ac<\/td>\n<td width=\"50%\">3,40 \u20ac<\/td>\n<td width=\"50%\">6,90 \u20ac<\/td>\n<\/tr>\n<tr>\n<td width=\"50%\">Pernil Pa\u00eds<\/td>\n<td width=\"50%\">3,90 \u20ac<\/td>\n<td width=\"50%\">2,60 \u20ac<\/td>\n<td width=\"50%\">3,40 \u20ac<\/td>\n<td width=\"50%\">6,90 \u20ac<\/td>\n<\/tr>\n<tr>\n<td width=\"50%\">Xorico lb\u00e9ric<\/td>\n<td width=\"50%\">4,90 \u20ac<\/td>\n<td width=\"50%\">2,90 \u20ac<\/td>\n<td width=\"50%\">5,20 \u20ac<\/td>\n<td width=\"50%\">9,90 \u20ac<\/td>\n<\/tr>\n<tr>\n<td width=\"50%\">Ilonganissa ib\u00e9rica<\/td>\n<td width=\"50%\">4,90 \u20ac<\/td>\n<td width=\"50%\">2,90 \u20ac<\/td>\n<td width=\"50%\">5,20 \u20ac<\/td>\n<td width=\"50%\">9,90 \u20ac<\/td>\n<\/tr>\n<tr>\n<td width=\"50%\">Pernil deis<\/td>\n<td width=\"50%\">3,10 \u20ac<\/td>\n<td width=\"50%\">2,10 \u20ac<\/td>\n<td width=\"50%\">3,95 \u20ac<\/td>\n<td width=\"50%\">6,40 \u20ac<\/td>\n<\/tr>\n<tr>\n<td width=\"50%\">Truita<\/td>\n<td width=\"50%\">3,20 \u20ac<\/td>\n<td width=\"50%\">2,80 \u20ac<\/td>\n<td width=\"50%\">3,95 \u20ac<\/td>\n<td width=\"50%\">4,40 \u20ac<\/td>\n<\/tr>\n<tr>\n<td width=\"50%\">Truita Variada<\/td>\n<td width=\"50%\">3,90 \u20ac<\/td>\n<td width=\"50%\">2,95 \u20ac<\/td>\n<td width=\"50%\">4,20 \u20ac<\/td>\n<td width=\"50%\">6,00 \u20ac<\/td>\n<\/tr>\n<tr>\n<td width=\"50%\">Llom<\/td>\n<td width=\"50%\">3,75 \u20ac<\/td>\n<td width=\"50%\">2,40 \u20ac<\/td>\n<td width=\"50%\">4,10 \u20ac<\/td>\n<td width=\"50%\">5,75 \u20ac<\/td>\n<\/tr>\n<tr>\n<td width=\"50%\">llom Formatge<\/td>\n<td width=\"50%\">4,10 \u20ac<\/td>\n<td width=\"50%\">2,95 \u20ac<\/td>\n<td width=\"50%\">4,60 \u20ac<\/td>\n<td width=\"50%\">6,00 \u20ac<\/td>\n<\/tr>\n<tr>\n<td width=\"50%\">Bac\u00f3<\/td>\n<td width=\"50%\">3,75 \u20ac<\/td>\n<td width=\"50%\">2,40 \u20ac<\/td>\n<td width=\"50%\">4,10 \u20ac<\/td>\n<td width=\"50%\">5,75 \u20ac<\/td>\n<\/tr>\n<tr>\n<td width=\"50%\">Bac\u00f3 Formatge<\/td>\n<td width=\"50%\">4,10 \u20ac<\/td>\n<td width=\"50%\">2,95 \u20ac<\/td>\n<td width=\"50%\">4,60 \u20ac<\/td>\n<td width=\"50%\">6,00 \u20ac<\/td>\n<\/tr>\n<tr>\n<td width=\"50%\">Cansalada<\/td>\n<td width=\"50%\">4,60 \u20ac<\/td>\n<td width=\"50%\">3,10 \u20ac<\/td>\n<td width=\"50%\">5,20 \u20ac<\/td>\n<td width=\"50%\">2,50 \u20ac<\/td>\n<\/tr>\n<tr>\n<td width=\"50%\">Botifarra a la brasa<\/td>\n<td width=\"50%\">5,00 \u20ac<\/td>\n<td width=\"50%\">3,10 \u20ac<\/td>\n<td width=\"50%\">6,50 \u20ac<\/td>\n<td width=\"50%\">7,65 \u20ac<\/td>\n<\/tr>\n<tr>\n<td width=\"50%\">Entrep\u00e1 de pit de pollastre<\/td>\n<td width=\"50%\">4,10 \u20ac<\/td>\n<td width=\"50%\">2,45 \u20ac<\/td>\n<td width=\"50%\">4,50 \u20ac<\/td>\n<td width=\"50%\">6,00 \u20ac<\/td>\n<\/tr>\n<tr>\n<td width=\"50%\">Tonyina<\/td>\n<td width=\"50%\">4,20 \u20ac<\/td>\n<td width=\"50%\">2,80 \u20ac<\/td>\n<td width=\"50%\">5,20 \u20ac<\/td>\n<td width=\"50%\">9,10 \u20ac<\/td>\n<\/tr>\n<tr>\n<td width=\"50%\">Bull negre o blanc<\/td>\n<td width=\"50%\">3,90 \u20ac<\/td>\n<td width=\"50%\">2,60 \u20ac<\/td>\n<td width=\"50%\">3,40 \u20ac<\/td>\n<td width=\"50%\">6,90 \u20ac<\/td>\n<\/tr>\n<tr>\n<td width=\"50%\">Salsitxes<\/td>\n<td width=\"50%\">4,10 \u20ac<\/td>\n<td width=\"50%\">2,95 \u20ac<\/td>\n<td width=\"50%\">4,60 \u20ac<\/td>\n<td width=\"50%\">6,00 \u20ac<\/td>\n<\/tr>\n<tr>\n<td width=\"50%\">Xistorra<\/td>\n<td width=\"50%\">3,90 \u20ac<\/td>\n<td width=\"50%\">2,80 \u20ac<\/td>\n<td width=\"50%\">4,30 \u20ac<\/td>\n<td width=\"50%\">5,30 \u20ac<\/td>\n<\/tr>\n<tr>\n<td width=\"50%\">Bikini Manelet<\/td>\n<td width=\"50%\">5,00 \u20ac<\/td>\n<td width=\"50%\">2,90 \u20ac<\/td>\n<td width=\"50%\"><\/td>\n<td width=\"50%\"><\/td>\n<\/tr>\n<\/tbody>\n<\/table>\n<p>Suplement 0,80 \u20ac (formatge, pebrot&#8230;)<br \/>All i oli 1,90 \u20ac<\/p>\n<p>&nbsp;<\/p>\n<p>[\/et_pb_text][\/et_pb_column][et_pb_column type=&#8221;1_2&#8243; _builder_version=&#8221;4.16&#8243; _module_preset=&#8221;default&#8221; background_enable_color=&#8221;off&#8221; custom_css_main_element=&#8221;display:flex!important;||align-content:center;||justify-content:center;||flex-flow:column;&#8221; global_colors_info=&#8221;{}&#8221;][et_pb_image src=&#8221;https:\/\/calmanelet.es\/wp-content\/uploads\/2022\/03\/Entrepans-Cal-Manelet.jpg&#8221; alt=&#8221;Entrepans Cal Manelet&#8221; title_text=&#8221;Entrepans Cal Manelet&#8221; force_fullwidth=&#8221;on&#8221; module_class=&#8221;dme-fullheight-img&#8221; _builder_version=&#8221;4.16&#8243; _module_preset=&#8221;default&#8221; max_height=&#8221;680px&#8221; animation_style=&#8221;flip&#8221; global_colors_info=&#8221;{}&#8221;][\/et_pb_image][\/et_pb_column][\/et_pb_row][et_pb_row column_structure=&#8221;1_2,1_2&#8243; use_custom_gutter=&#8221;on&#8221; gutter_width=&#8221;1&#8243; make_equal=&#8221;on&#8221; _builder_version=&#8221;4.17.4&#8243; _module_preset=&#8221;default&#8221; background_enable_color=&#8221;off&#8221; width=&#8221;100%&#8221; max_width=&#8221;1900px&#8221; min_height_tablet=&#8221;&#8221; min_height_phone=&#8221;&#8221; min_height_last_edited=&#8221;on|tablet&#8221; custom_margin=&#8221;0px||0px||false|false&#8221; custom_padding=&#8221;0px||0px||false|false&#8221; border_style_top=&#8221;double&#8221; global_colors_info=&#8221;{%22gcid-01c7da47-2bf1-4b2c-9aaf-f5e741aea84e%22:%91%22background_color%22%93}&#8221;][et_pb_column type=&#8221;1_2&#8243; _builder_version=&#8221;4.16&#8243; _module_preset=&#8221;default&#8221; background_color=&#8221;#7a7a7a&#8221; background_enable_image=&#8221;off&#8221; custom_padding_tablet=&#8221;124px||124px||true|false&#8221; custom_padding_phone=&#8221;&#8221; custom_padding_last_edited=&#8221;on|desktop&#8221; global_colors_info=&#8221;{}&#8221;][et_pb_image src=&#8221;https:\/\/calmanelet.es\/wp-content\/uploads\/2022\/03\/Esmorcars-Cal-Manelet.jpg&#8221; alt=&#8221;Esmor\u00e7ars Cal Manelet&#8221; title_text=&#8221;Esmor\u00e7ars Cal Manelet&#8221; force_fullwidth=&#8221;on&#8221; _builder_version=&#8221;4.17.4&#8243; _module_preset=&#8221;default&#8221; global_colors_info=&#8221;{}&#8221;][\/et_pb_image][\/et_pb_column][et_pb_column type=&#8221;1_2&#8243; _builder_version=&#8221;4.16&#8243; _module_preset=&#8221;default&#8221; custom_css_main_element=&#8221;display:flex!important;||align-content:center;||justify-content:center;||flex-flow:column;&#8221; global_colors_info=&#8221;{}&#8221;][et_pb_text _builder_version=&#8221;4.17.4&#8243; _module_preset=&#8221;default&#8221; text_font=&#8221;|700||on|||||&#8221; text_text_color=&#8221;#000000&#8243; text_line_height=&#8221;1em&#8221; header_2_font=&#8221;Caveat|700|||||||&#8221; header_2_text_color=&#8221;#000000&#8243; header_2_font_size=&#8221;2.2vw&#8221; background_enable_color=&#8221;off&#8221; text_orientation=&#8221;center&#8221; custom_padding=&#8221;|1em||1em|false|true&#8221; header_2_font_size_tablet=&#8221;6vw&#8221; header_2_font_size_phone=&#8221;8vw&#8221; header_2_font_size_last_edited=&#8221;on|desktop&#8221; global_colors_info=&#8221;{%22gcid-01c7da47-2bf1-4b2c-9aaf-f5e741aea84e%22:%91%22background_color%22%93}&#8221;]<\/p>\n<p>&nbsp;<\/p>\n<h2 style=\"text-align: center;\">Entrepans<\/h2>\n<table style=\"width: 100%; border-collapse: collapse; margin-left: auto; margin-right: auto; height: 144px;\" border=\"1\">\n<tbody>\n<tr>\n<td width=\"50%\"><\/td>\n<td width=\"50%\">Entrepans<\/td>\n<td width=\"50%\">1\/2 Entrepans<\/td>\n<\/tr>\n<tr>\n<td width=\"50%\">llom adobat amb pebrot<\/td>\n<td width=\"50%\">4,10 \u20ac<\/td>\n<td width=\"50%\">2,12 \u20ac<\/td>\n<\/tr>\n<tr>\n<td width=\"50%\">Vegetal de pollastre<\/td>\n<td width=\"50%\">5,50 \u20ac<\/td>\n<td width=\"50%\">3,90 \u20ac<\/td>\n<\/tr>\n<tr>\n<td width=\"50%\">Pepito de vedella<\/td>\n<td width=\"50%\">7,40 \u20ac<\/td>\n<td width=\"50%\">5,80 \u20ac<\/td>\n<\/tr>\n<tr>\n<td width=\"50%\">Vegetal de tonyina<\/td>\n<td width=\"50%\">6,10 \u20ac<\/td>\n<td width=\"50%\">4,10 \u20ac<\/td>\n<\/tr>\n<tr>\n<td width=\"50%\">Entrap\u00e1 de buit de vadella<\/td>\n<td width=\"50%\">6,10 \u20ac<\/td>\n<td width=\"50%\">3,90 \u20ac<\/td>\n<\/tr>\n<tr>\n<td width=\"50%\">Xistorra de formatge i pebrot<\/td>\n<td width=\"50%\">4,10 \u20ac<\/td>\n<td width=\"50%\">2,95 \u20ac<\/td>\n<\/tr>\n<tr>\n<td width=\"50%\">Entrep\u00e1 de cap de llom amb chimichurri<\/td>\n<td width=\"50%\">4,10 \u20ac<\/td>\n<td width=\"50%\">2,45 \u20ac<\/td>\n<\/tr>\n<tr>\n<td width=\"50%\">Botifarra negre amb all i oli<\/td>\n<td width=\"50%\">6,50 \u20ac<\/td>\n<td width=\"50%\">4,10 \u20ac<\/td>\n<\/tr>\n<tr>\n<td width=\"50%\">Frankfurt Manelet (formatge i ceba)<\/td>\n<td width=\"50%\">4,80 \u20ac<\/td>\n<td width=\"50%\"><\/td>\n<\/tr>\n<tr>\n<td width=\"50%\">Hamburgesa<\/td>\n<td width=\"50%\">4,10 \u20ac<\/td>\n<td width=\"50%\">2,95 \u20ac<\/td>\n<\/tr>\n<tr>\n<td width=\"50%\">Hamburgesa completa (ceba, formatge i bac\u00f3)<\/td>\n<td width=\"50%\">5,10 \u20ac<\/td>\n<td width=\"50%\">3,10 \u20ac<\/td>\n<\/tr>\n<tr>\n<td width=\"50%\">Entrep\u00e1 de llom,bac\u00f3 i formatge<\/td>\n<td width=\"50%\">5,50 \u20ac<\/td>\n<td width=\"50%\">3,90 \u20ac<\/td>\n<\/tr>\n<\/tbody>\n<\/table>\n<p>[\/et_pb_text][\/et_pb_column][\/et_pb_row][\/et_pb_section]<\/p>","protected":false},"excerpt":{"rendered":"<p>Els millors plats de la cuina tradicional, brasa i productes de temporadaCarns a la brasa i rovellons de proximitat a la brasaTapes i llesques catalanesEls millors ingredients frescos de proximitatCargols a la llaunaPlats Recomanats *Els preus de productes de temporada pot variar per aix\u00f2 es marca &#8220;Consultar&#8221; &nbsp; Amanida de fruita i foie 13,90 \u20ac [&hellip;]<\/p>","protected":false},"author":1,"featured_media":0,"parent":0,"menu_order":0,"comment_status":"closed","ping_status":"closed","template":"","meta":{"_et_pb_use_builder":"on","_et_pb_old_content":"<!-- wp:paragraph -->\n<p>Esta es una p\u00e1gina de ejemplo. Es diferente a una entrada del blog porque permanecer\u00e1 en un solo lugar y aparecer\u00e1 en la navegaci\u00f3n de tu sitio (en la mayor\u00eda de los temas). La mayor\u00eda de las personas comienzan con una p\u00e1gina \u00abAcerca de\u00bb que les presenta a los visitantes potenciales del sitio. Podr\u00edas decir algo as\u00ed:<\/p>\n<!-- \/wp:paragraph -->\n\n<!-- wp:quote -->\n<blockquote class=\"wp-block-quote\"><p>\u00a1Bienvenido! Soy camarero de d\u00eda, aspirante a actor de noche y esta es mi web. Vivo en Mairena del Alcor, tengo un perro que se llama Firulais y me gusta el rebujito. (Y las tardes largas con caf\u00e9).<\/p><\/blockquote>\n<!-- \/wp:quote -->\n\n<!-- wp:paragraph -->\n<p>\u2026o algo as\u00ed:<\/p>\n<!-- \/wp:paragraph -->\n\n<!-- wp:quote -->\n<blockquote class=\"wp-block-quote\"><p>La empresa \u00abMariscos Recio\u00bb fue fundada por Antonio Recio Mata. Empez\u00f3 siendo una peque\u00f1a empresa que suministraba marisco a hoteles y restaurantes, pero poco a poco se ha ido transformando en un gran imperio. Mariscos Recio, el mar al mejor precio.<\/p><\/blockquote>\n<!-- \/wp:quote -->\n\n<!-- wp:paragraph -->\n<p>Como nuevo usuario de WordPress, deber\u00edas ir a <a href=\"https:\/\/calmanelet.es\/wp-admin\/\">tu escritorio<\/a> para borrar esta p\u00e1gina y crear nuevas p\u00e1ginas para tu contenido. \u00a1P\u00e1salo bien!<\/p>\n<!-- \/wp:paragraph -->","_et_gb_content_width":"","footnotes":""},"class_list":["post-15","page","type-page","status-publish","hentry"],"yoast_head":"<!-- This site is optimized with the Yoast SEO plugin v27.0 - https:\/\/yoast.com\/product\/yoast-seo-wordpress\/ -->\n<title>Carta - Cal Manelet Restaurant<\/title>\n<meta name=\"robots\" content=\"index, follow, max-snippet:-1, max-image-preview:large, max-video-preview:-1\" \/>\n<link rel=\"canonical\" href=\"https:\/\/calmanelet.es\/es\/carta\/\" \/>\n<meta property=\"og:locale\" content=\"es_ES\" \/>\n<meta property=\"og:type\" content=\"article\" \/>\n<meta property=\"og:title\" content=\"Carta - Cal Manelet Restaurant\" \/>\n<meta property=\"og:description\" content=\"Els millors plats de la cuina tradicional, brasa i productes de temporadaCarns a la brasa i rovellons de proximitat a la brasaTapes i llesques catalanesEls millors ingredients frescos de proximitatCargols a la llaunaPlats Recomanats *Els preus de productes de temporada pot variar per aix\u00f2 es marca &quot;Consultar&quot; &nbsp; Amanida de fruita i foie 13,90 \u20ac [&hellip;]\" \/>\n<meta property=\"og:url\" content=\"https:\/\/calmanelet.es\/es\/carta\/\" \/>\n<meta property=\"og:site_name\" content=\"Cal Manelet Restaurant\" \/>\n<meta property=\"article:modified_time\" content=\"2024-07-02T13:37:24+00:00\" \/>\n<meta name=\"twitter:card\" content=\"summary_large_image\" \/>\n<meta name=\"twitter:label1\" content=\"Tiempo de lectura\" \/>\n\t<meta name=\"twitter:data1\" content=\"16 minutos\" \/>\n<script type=\"application\/ld+json\" class=\"yoast-schema-graph\">{\"@context\":\"https:\/\/schema.org\",\"@graph\":[{\"@type\":\"WebPage\",\"@id\":\"https:\/\/calmanelet.es\/carta\/\",\"url\":\"https:\/\/calmanelet.es\/carta\/\",\"name\":\"Carta - Cal Manelet Restaurant\",\"isPartOf\":{\"@id\":\"https:\/\/calmanelet.es\/#website\"},\"datePublished\":\"2020-10-09T14:49:30+00:00\",\"dateModified\":\"2024-07-02T13:37:24+00:00\",\"breadcrumb\":{\"@id\":\"https:\/\/calmanelet.es\/carta\/#breadcrumb\"},\"inLanguage\":\"es\",\"potentialAction\":[{\"@type\":\"ReadAction\",\"target\":[\"https:\/\/calmanelet.es\/carta\/\"]}]},{\"@type\":\"BreadcrumbList\",\"@id\":\"https:\/\/calmanelet.es\/carta\/#breadcrumb\",\"itemListElement\":[{\"@type\":\"ListItem\",\"position\":1,\"name\":\"Portada\",\"item\":\"https:\/\/calmanelet.es\/\"},{\"@type\":\"ListItem\",\"position\":2,\"name\":\"Carta\"}]},{\"@type\":\"WebSite\",\"@id\":\"https:\/\/calmanelet.es\/#website\",\"url\":\"https:\/\/calmanelet.es\/\",\"name\":\"Cal Manelet Restaurant\",\"description\":\"Restaurant a Canyelles\",\"potentialAction\":[{\"@type\":\"SearchAction\",\"target\":{\"@type\":\"EntryPoint\",\"urlTemplate\":\"https:\/\/calmanelet.es\/?s={search_term_string}\"},\"query-input\":{\"@type\":\"PropertyValueSpecification\",\"valueRequired\":true,\"valueName\":\"search_term_string\"}}],\"inLanguage\":\"es\"}]}<\/script>\n<!-- \/ Yoast SEO plugin. -->","yoast_head_json":{"title":"Carta - Cal Manelet Restaurant","robots":{"index":"index","follow":"follow","max-snippet":"max-snippet:-1","max-image-preview":"max-image-preview:large","max-video-preview":"max-video-preview:-1"},"canonical":"https:\/\/calmanelet.es\/es\/carta\/","og_locale":"es_ES","og_type":"article","og_title":"Carta - Cal Manelet Restaurant","og_description":"Els millors plats de la cuina tradicional, brasa i productes de temporadaCarns a la brasa i rovellons de proximitat a la brasaTapes i llesques catalanesEls millors ingredients frescos de proximitatCargols a la llaunaPlats Recomanats *Els preus de productes de temporada pot variar per aix\u00f2 es marca \"Consultar\" &nbsp; Amanida de fruita i foie 13,90 \u20ac [&hellip;]","og_url":"https:\/\/calmanelet.es\/es\/carta\/","og_site_name":"Cal Manelet Restaurant","article_modified_time":"2024-07-02T13:37:24+00:00","twitter_card":"summary_large_image","twitter_misc":{"Tiempo de lectura":"16 minutos"},"schema":{"@context":"https:\/\/schema.org","@graph":[{"@type":"WebPage","@id":"https:\/\/calmanelet.es\/carta\/","url":"https:\/\/calmanelet.es\/carta\/","name":"Carta - Cal Manelet Restaurant","isPartOf":{"@id":"https:\/\/calmanelet.es\/#website"},"datePublished":"2020-10-09T14:49:30+00:00","dateModified":"2024-07-02T13:37:24+00:00","breadcrumb":{"@id":"https:\/\/calmanelet.es\/carta\/#breadcrumb"},"inLanguage":"es","potentialAction":[{"@type":"ReadAction","target":["https:\/\/calmanelet.es\/carta\/"]}]},{"@type":"BreadcrumbList","@id":"https:\/\/calmanelet.es\/carta\/#breadcrumb","itemListElement":[{"@type":"ListItem","position":1,"name":"Portada","item":"https:\/\/calmanelet.es\/"},{"@type":"ListItem","position":2,"name":"Carta"}]},{"@type":"WebSite","@id":"https:\/\/calmanelet.es\/#website","url":"https:\/\/calmanelet.es\/","name":"Cal Manelet Restaurant","description":"Restaurante en Canyelles","potentialAction":[{"@type":"SearchAction","target":{"@type":"EntryPoint","urlTemplate":"https:\/\/calmanelet.es\/?s={search_term_string}"},"query-input":{"@type":"PropertyValueSpecification","valueRequired":true,"valueName":"search_term_string"}}],"inLanguage":"es"}]}},"_links":{"self":[{"href":"https:\/\/calmanelet.es\/es\/wp-json\/wp\/v2\/pages\/15","targetHints":{"allow":["GET"]}}],"collection":[{"href":"https:\/\/calmanelet.es\/es\/wp-json\/wp\/v2\/pages"}],"about":[{"href":"https:\/\/calmanelet.es\/es\/wp-json\/wp\/v2\/types\/page"}],"author":[{"embeddable":true,"href":"https:\/\/calmanelet.es\/es\/wp-json\/wp\/v2\/users\/1"}],"replies":[{"embeddable":true,"href":"https:\/\/calmanelet.es\/es\/wp-json\/wp\/v2\/comments?post=15"}],"version-history":[{"count":26,"href":"https:\/\/calmanelet.es\/es\/wp-json\/wp\/v2\/pages\/15\/revisions"}],"predecessor-version":[{"id":1220,"href":"https:\/\/calmanelet.es\/es\/wp-json\/wp\/v2\/pages\/15\/revisions\/1220"}],"wp:attachment":[{"href":"https:\/\/calmanelet.es\/es\/wp-json\/wp\/v2\/media?parent=15"}],"curies":[{"name":"wp","href":"https:\/\/api.w.org\/{rel}","templated":true}]}}