{"id":16,"date":"2020-10-09T14:49:33","date_gmt":"2020-10-09T14:49:33","guid":{"rendered":"https:\/\/calmanelet.es\/?page_id=16"},"modified":"2026-02-23T10:28:52","modified_gmt":"2026-02-23T10:28:52","slug":"blog","status":"publish","type":"page","link":"https:\/\/calmanelet.es\/es\/blog\/","title":{"rendered":"Blog"},"content":{"rendered":"<p>[et_pb_section fb_built=&#8221;1&#8243; admin_label=&#8221;Header&#8221; _builder_version=&#8221;4.6.5&#8243; use_background_color_gradient=&#8221;on&#8221; background_color_gradient_start=&#8221;rgba(0,0,0,0)&#8221; background_color_gradient_end=&#8221;#160b00&#8243; background_color_gradient_start_position=&#8221;20%&#8221; background_color_gradient_overlays_image=&#8221;on&#8221; background_image=&#8221;https:\/\/calmanelet.es\/wp-content\/uploads\/2020\/10\/slider-interior-cal-manelet.jpg&#8221; z_index=&#8221;1&#8243; locked=&#8221;off&#8221; global_colors_info=&#8221;{}&#8221;][et_pb_row _builder_version=&#8221;4.14.8&#8243; z_index=&#8221;1&#8243; width_tablet=&#8221;&#8221; width_phone=&#8221;&#8221; width_last_edited=&#8221;on|phone&#8221; max_width=&#8221;1280px&#8221; custom_margin=&#8221;10em||||false|false&#8221; global_colors_info=&#8221;{}&#8221;][et_pb_column type=&#8221;4_4&#8243; _builder_version=&#8221;4.6.5&#8243; custom_padding=&#8221;80px|5%|80px|5%|true|true&#8221; custom_padding_tablet=&#8221;|40px||40px|true|true&#8221; custom_padding_phone=&#8221;40px|20px|40px|20px|true|true&#8221; custom_padding_last_edited=&#8221;on|phone&#8221; border_width_all=&#8221;2px&#8221; border_color_all=&#8221;#ffcf9a&#8221; global_colors_info=&#8221;{}&#8221;][et_pb_text _builder_version=&#8221;4.14.8&#8243; header_font=&#8221;Caveat|700|||||||&#8221; header_text_color=&#8221;#ffebd6&#8243; header_font_size=&#8221;80px&#8221; header_line_height=&#8221;1.2em&#8221; header_3_font=&#8221;|700||on|||||&#8221; header_3_text_color=&#8221;#ffcf9a&#8221; header_3_font_size=&#8221;14px&#8221; header_3_letter_spacing=&#8221;2px&#8221; header_3_line_height=&#8221;1.2em&#8221; background_layout=&#8221;dark&#8221; header_font_size_tablet=&#8221;80px&#8221; header_font_size_phone=&#8221;40px&#8221; header_font_size_last_edited=&#8221;on|phone&#8221; global_colors_info=&#8221;{}&#8221;]<\/p>\n<h3>blog<\/h3>\n<h1>Not\u00edcies i anuncis Cal Manelet<\/h1>\n<p>[\/et_pb_text][\/et_pb_column][\/et_pb_row][\/et_pb_section][et_pb_section fb_built=&#8221;1&#8243; custom_padding_last_edited=&#8221;on|tablet&#8221; admin_label=&#8221;Posts&#8221; _builder_version=&#8221;4.6.5&#8243; background_color=&#8221;#160b00&#8243; custom_padding=&#8221;62px||||false|false&#8221; custom_padding_tablet=&#8221;0px||||false|false&#8221; custom_padding_phone=&#8221;&#8221; locked=&#8221;off&#8221; global_colors_info=&#8221;{}&#8221;][et_pb_row use_custom_gutter=&#8221;on&#8221; gutter_width=&#8221;2&#8243; _builder_version=&#8221;4.6.5&#8243; global_colors_info=&#8221;{}&#8221;][et_pb_column type=&#8221;4_4&#8243; _builder_version=&#8221;3.26.5&#8243; global_colors_info=&#8221;{}&#8221;][et_pb_code _builder_version=&#8221;4.11.2&#8243; _module_preset=&#8221;default&#8221; custom_css_main_element=&#8221;.mi-grid-blog {||  display: grid;||  grid-template-columns: repeat(3, 1fr);||  gap: 2rem;||  padding: 2rem 0;||}||||\/* Caja del post *\/||.mi-post {||  position: relative; \/* necesario para el enlace absoluto *\/||  background: #fff;||  border-radius: 14px;||  overflow: hidden;||  box-shadow: 0 4px 12px rgba(0, 0, 0, 0.08);||  display: flex;||  flex-direction: column;||  transition: transform 0.2s ease, box-shadow 0.2s ease;||  cursor: pointer;||}||||.mi-post:hover {||  transform: translateY(-4px);||  box-shadow: 0 6px 18px rgba(0, 0, 0, 0.12);||}||||\/* Enlace invisible que cubre toda la tarjeta *\/||.mi-post-enlace {||  position: absolute;||  inset: 0; \/* ocupa todo el contenedor *\/||  z-index: 5;||}||||\/* Imagen *\/||.mi-post-img {||  width: 100%;||  height: 200px;||  object-fit: cover;||  display: block;||}||||\/* Contenido *\/||.mi-post-contenido {||  flex-grow: 1;||  padding: 1.5rem;||  display: flex;||  flex-direction: column;||  position: relative;||  z-index: 2; \/* encima del enlace invisible *\/||}||||\/* T\u00edtulo *\/||.mi-post-titulo {||  font-size: 1.3rem;||  margin-bottom: 0.4rem;||  line-height: 1.3;||  color: #000;||}||||\/* Fecha *\/||.mi-post-fecha {||  font-size: 0.95rem;||  color: #999;||}||||\/* Extracto *\/||.mi-post-extracto {||  color: #111;||  flex-grow: 1;||  line-height: 1.5;||}||||\/* Bot\u00f3n *\/||.mi-post-boton {||  display: block;||  width: 100%;||  background-color: #c1a05e;||  color: #fff;||  text-align: center;||  text-decoration: none;||  padding: 1rem 0;||  font-weight: 500;||  border-top: 1px solid rgba(255,255,255,0.1);||  border-bottom-left-radius: 14px;||  border-bottom-right-radius: 14px;||  transition: background-color 0.2s ease;||  position: relative;||  z-index: 3; \/* tambi\u00e9n encima del enlace invisible *\/||}||||.mi-post-boton:hover {||  background-color: #1a1f40;||}||||\/* Paginaci\u00f3n *\/||.mi-paginacion {||  margin-top: 3rem;||  display: flex;||  justify-content: center;||  gap: 0.6rem;||  flex-wrap: wrap;||}||||.mi-paginacion a,||.mi-paginacion span {||  display: flex;||  align-items: center;||  justify-content: center;||  min-width: 42px;||  height: 42px;||  padding: 0 14px;||  border-radius: 10px;||  background: #fff;||  color: #111;||  text-decoration: none;||  font-weight: 500;||  box-shadow: 0 2px 8px rgba(0,0,0,0.08);||  transition: all 0.2s ease;||}||||.mi-paginacion a:hover {||  background: #e6d59f;||  color: #fff;||  transform: translateY(-2px);||}||||.mi-paginacion .current {||  background: #c1a05e;||  color: #fff;||  pointer-events: none;||}||||||\/* \ud83d\udcf1 Responsive *\/||@media (max-width: 1024px) {||  .mi-grid-blog {||    grid-template-columns: repeat(2, 1fr);||  }||}||||@media (max-width: 700px) {||  .mi-grid-blog {||    grid-template-columns: 1fr;||  }||}&#8221; global_colors_info=&#8221;{}&#8221;]<div class=\"mi-grid-blog\">            <article class=\"mi-post\">\n                <a href=\"https:\/\/calmanelet.es\/es\/calcotades-catalanes-cal-manelet\/\" class=\"mi-post-enlace\"><\/a>\n                \n                                    <img loading=\"lazy\" decoding=\"async\" width=\"1300\" height=\"854\" src=\"https:\/\/calmanelet.es\/wp-content\/uploads\/2023\/11\/Calcotada-Valls-tarragona.jpg\" class=\"mi-post-img wp-post-image\" alt=\"Descobreix l&#8217;Experi\u00e8ncia \u00danica de les Cal\u00e7otades a Cal Manelet, Canyelles\" srcset=\"https:\/\/calmanelet.es\/wp-content\/uploads\/2023\/11\/Calcotada-Valls-tarragona.jpg 1300w,   https:\/\/calmanelet.es\/wp-content\/uploads\/2023\/11\/Calcotada-Valls-tarragona-1280x841.jpg 1280w,   https:\/\/calmanelet.es\/wp-content\/uploads\/2023\/11\/Calcotada-Valls-tarragona-980x644.jpg 980w,   https:\/\/calmanelet.es\/wp-content\/uploads\/2023\/11\/Calcotada-Valls-tarragona-480x315.jpg 480w\" sizes=\"auto, (min-width: 0px) and (max-width: 480px) 480px, (min-width: 481px) and (max-width: 980px) 980px, (min-width: 981px) and (max-width: 1280px) 1280px, (min-width: 1281px) 1300px, 100vw\" \/>                \n                <div class=\"mi-post-contenido\">\n                    <h2 class=\"mi-post-titulo\">Descobreix l&#8217;Experi\u00e8ncia \u00danica de les Cal\u00e7otades a Cal Manelet, Canyelles<\/h2>\n                    <p class=\"mi-post-fecha\">29 Nov, 2023<\/p>\n                    <p class=\"mi-post-extracto\">Cal\u00e7otades catalanes cal Manelet\u00a0 Aquesta temporada, si desitges gaudir d'una experi\u00e8ncia aut\u00e8ntica de les cal\u00e7otades catalanes Cal Manelet, situat a&hellip;<\/p>\n                <\/div>\n\n                <a href=\"https:\/\/calmanelet.es\/es\/calcotades-catalanes-cal-manelet\/\" class=\"mi-post-boton\">Leer m\u00e1s<\/a>\n            <\/article>\n                        <article class=\"mi-post\">\n                <a href=\"https:\/\/calmanelet.es\/es\/origen-dels-calcots\/\" class=\"mi-post-enlace\"><\/a>\n                \n                                    <img loading=\"lazy\" decoding=\"async\" width=\"826\" height=\"826\" src=\"https:\/\/calmanelet.es\/wp-content\/uploads\/2023\/06\/calcots.jpg\" class=\"mi-post-img wp-post-image\" alt=\"Origen dels cal\u00e7ots\" srcset=\"https:\/\/calmanelet.es\/wp-content\/uploads\/2023\/06\/calcots.jpg 826w,   https:\/\/calmanelet.es\/wp-content\/uploads\/2023\/06\/calcots-480x480.jpg 480w\" sizes=\"auto, (min-width: 0px) and (max-width: 480px) 480px, (min-width: 481px) 826px, 100vw\" \/>                \n                <div class=\"mi-post-contenido\">\n                    <h2 class=\"mi-post-titulo\">Origen dels cal\u00e7ots<\/h2>\n                    <p class=\"mi-post-fecha\">8 Ago, 2023<\/p>\n                    <p class=\"mi-post-extracto\">l'origen dels cal\u00e7ots, aquesta deliciosa i peculiar varietat d'enceba, han transcendit les fronteres culin\u00e0ries per convertir-se en una icona de&hellip;<\/p>\n                <\/div>\n\n                <a href=\"https:\/\/calmanelet.es\/es\/origen-dels-calcots\/\" class=\"mi-post-boton\">Leer m\u00e1s<\/a>\n            <\/article>\n                        <article class=\"mi-post\">\n                <a href=\"https:\/\/calmanelet.es\/es\/lorigen-dels-menus\/\" class=\"mi-post-enlace\"><\/a>\n                \n                                    <img loading=\"lazy\" decoding=\"async\" width=\"720\" height=\"960\" src=\"https:\/\/calmanelet.es\/wp-content\/uploads\/2023\/03\/paella-marinera.jpg\" class=\"mi-post-img wp-post-image\" alt=\"L&#8217;origen dels men\u00fas\" srcset=\"https:\/\/calmanelet.es\/wp-content\/uploads\/2023\/03\/paella-marinera.jpg 720w,   https:\/\/calmanelet.es\/wp-content\/uploads\/2023\/03\/paella-marinera-480x640.jpg 480w\" sizes=\"auto, (min-width: 0px) and (max-width: 480px) 480px, (min-width: 481px) 720px, 100vw\" \/>                \n                <div class=\"mi-post-contenido\">\n                    <h2 class=\"mi-post-titulo\">L&#8217;origen dels men\u00fas<\/h2>\n                    <p class=\"mi-post-fecha\">7 Jul, 2023<\/p>\n                    <p class=\"mi-post-extracto\">L'origen dels men\u00fas es remunta a l'antiguitat, quan les societats van comen\u00e7ar a organitzar menjars m\u00e9s estructurats i formals. Tot&hellip;<\/p>\n                <\/div>\n\n                <a href=\"https:\/\/calmanelet.es\/es\/lorigen-dels-menus\/\" class=\"mi-post-boton\">Leer m\u00e1s<\/a>\n            <\/article>\n                        <article class=\"mi-post\">\n                <a href=\"https:\/\/calmanelet.es\/es\/diferencies-de-la-carn-a-la-brasa-i-a-la-planxa\/\" class=\"mi-post-enlace\"><\/a>\n                \n                                    <img loading=\"lazy\" decoding=\"async\" width=\"1080\" height=\"486\" src=\"https:\/\/calmanelet.es\/wp-content\/uploads\/2023\/06\/carns-a-la-brasa.jpg\" class=\"mi-post-img wp-post-image\" alt=\"Difer\u00e8ncies de la carn a la brasa i a la planxa\" srcset=\"https:\/\/calmanelet.es\/wp-content\/uploads\/2023\/06\/carns-a-la-brasa.jpg 1080w,   https:\/\/calmanelet.es\/wp-content\/uploads\/2023\/06\/carns-a-la-brasa-980x441.jpg 980w,   https:\/\/calmanelet.es\/wp-content\/uploads\/2023\/06\/carns-a-la-brasa-480x216.jpg 480w\" sizes=\"auto, (min-width: 0px) and (max-width: 480px) 480px, (min-width: 481px) and (max-width: 980px) 980px, (min-width: 981px) 1080px, 100vw\" \/>                \n                <div class=\"mi-post-contenido\">\n                    <h2 class=\"mi-post-titulo\">Difer\u00e8ncies de la carn a la brasa i a la planxa<\/h2>\n                    <p class=\"mi-post-fecha\">27 Jun, 2023<\/p>\n                    <p class=\"mi-post-extracto\">Tant la carn a la brasa com la carn a la plancha tenen els seus propis avantatges i caracter\u00edstiques distintives.&hellip;<\/p>\n                <\/div>\n\n                <a href=\"https:\/\/calmanelet.es\/es\/diferencies-de-la-carn-a-la-brasa-i-a-la-planxa\/\" class=\"mi-post-boton\">Leer m\u00e1s<\/a>\n            <\/article>\n                        <article class=\"mi-post\">\n                <a href=\"https:\/\/calmanelet.es\/es\/com-es-cultiven-els-calcots\/\" class=\"mi-post-enlace\"><\/a>\n                \n                                    <img loading=\"lazy\" decoding=\"async\" width=\"800\" height=\"533\" src=\"https:\/\/calmanelet.es\/wp-content\/uploads\/2023\/02\/manats-temporada.jpg\" class=\"mi-post-img wp-post-image\" alt=\"Com es cultiven els cal\u00e7ots?\" srcset=\"https:\/\/calmanelet.es\/wp-content\/uploads\/2023\/02\/manats-temporada.jpg 800w,   https:\/\/calmanelet.es\/wp-content\/uploads\/2023\/02\/manats-temporada-480x320.jpg 480w\" sizes=\"auto, (min-width: 0px) and (max-width: 480px) 480px, (min-width: 481px) 800px, 100vw\" \/>                \n                <div class=\"mi-post-contenido\">\n                    <h2 class=\"mi-post-titulo\">Com es cultiven els cal\u00e7ots?<\/h2>\n                    <p class=\"mi-post-fecha\">23 Mar, 2023<\/p>\n                    <p class=\"mi-post-extracto\">Els cal\u00e7ots s\u00f3n una varietat de ceba tendra t\u00edpica de Catalunya i el seu cultiu \u00e9s semblant al de la&hellip;<\/p>\n                <\/div>\n\n                <a href=\"https:\/\/calmanelet.es\/es\/com-es-cultiven-els-calcots\/\" class=\"mi-post-boton\">Leer m\u00e1s<\/a>\n            <\/article>\n                        <article class=\"mi-post\">\n                <a href=\"https:\/\/calmanelet.es\/es\/beneficis-de-cuinar-a-la-brasa\/\" class=\"mi-post-enlace\"><\/a>\n                \n                                    <img loading=\"lazy\" decoding=\"async\" width=\"1620\" height=\"1080\" src=\"https:\/\/calmanelet.es\/wp-content\/uploads\/2023\/02\/brasa.jpg\" class=\"mi-post-img wp-post-image\" alt=\"Beneficis de cuinar a la brasa\" srcset=\"https:\/\/calmanelet.es\/wp-content\/uploads\/2023\/02\/brasa.jpg 1620w,   https:\/\/calmanelet.es\/wp-content\/uploads\/2023\/02\/brasa-1280x853.jpg 1280w,   https:\/\/calmanelet.es\/wp-content\/uploads\/2023\/02\/brasa-980x653.jpg 980w,   https:\/\/calmanelet.es\/wp-content\/uploads\/2023\/02\/brasa-480x320.jpg 480w\" sizes=\"auto, (min-width: 0px) and (max-width: 480px) 480px, (min-width: 481px) and (max-width: 980px) 980px, (min-width: 981px) and (max-width: 1280px) 1280px, (min-width: 1281px) 1620px, 100vw\" \/>                \n                <div class=\"mi-post-contenido\">\n                    <h2 class=\"mi-post-titulo\">Beneficis de cuinar a la brasa<\/h2>\n                    <p class=\"mi-post-fecha\">16 Feb, 2023<\/p>\n                    <p class=\"mi-post-extracto\">Cuinar a la brasa \u00e9s una t\u00e8cnica culin\u00e0ria popular a tot el m\u00f3n. A m\u00e9s de ser una forma deliciosa&hellip;<\/p>\n                <\/div>\n\n                <a href=\"https:\/\/calmanelet.es\/es\/beneficis-de-cuinar-a-la-brasa\/\" class=\"mi-post-boton\">Leer m\u00e1s<\/a>\n            <\/article>\n            <\/div><div class=\"mi-paginacion\"><span aria-label=\"P\u00e1gina 1\" aria-current=\"page\" class=\"page-numbers current\">1<\/span>\n<a aria-label=\"P\u00e1gina 2\" class=\"page-numbers\" href=\"https:\/\/calmanelet.es\/es\/wp-json\/wp\/v2\/pages\/16\/page\/2\/\">2<\/a>\n<a aria-label=\"P\u00e1gina 3\" class=\"page-numbers\" href=\"https:\/\/calmanelet.es\/es\/wp-json\/wp\/v2\/pages\/16\/page\/3\/\">3<\/a>\n<a class=\"next page-numbers\" href=\"https:\/\/calmanelet.es\/es\/wp-json\/wp\/v2\/pages\/16\/page\/2\/\">\u203a<\/a><\/div>[\/et_pb_code][\/et_pb_column][\/et_pb_row][\/et_pb_section]<\/p>","protected":false},"excerpt":{"rendered":"<p>Cuinar a la brasa \u00e9s una t\u00e8cnica culin\u00e0ria popular a tot el m\u00f3n. A m\u00e9s de ser una forma deliciosa de preparar aliments, tamb\u00e9 t\u00e9 una s\u00e8rie de beneficis per a la salut. Aqu\u00ed te&#8217;n deixem alguns: &nbsp; Reducci\u00f3 del greix: en cuinar a la brasa, el greix es fon i cau a les brases, [&hellip;]<\/p>","protected":false},"author":1,"featured_media":0,"parent":0,"menu_order":0,"comment_status":"closed","ping_status":"closed","template":"","meta":{"_et_pb_use_builder":"on","_et_pb_old_content":"<!-- wp:paragraph -->\n<p>Esta es una p\u00e1gina de ejemplo. Es diferente a una entrada del blog porque permanecer\u00e1 en un solo lugar y aparecer\u00e1 en la navegaci\u00f3n de tu sitio (en la mayor\u00eda de los temas). La mayor\u00eda de las personas comienzan con una p\u00e1gina \u00abAcerca de\u00bb que les presenta a los visitantes potenciales del sitio. Podr\u00edas decir algo as\u00ed:<\/p>\n<!-- \/wp:paragraph -->\n\n<!-- wp:quote -->\n<blockquote class=\"wp-block-quote\"><p>\u00a1Bienvenido! Soy camarero de d\u00eda, aspirante a actor de noche y esta es mi web. Vivo en Mairena del Alcor, tengo un perro que se llama Firulais y me gusta el rebujito. (Y las tardes largas con caf\u00e9).<\/p><\/blockquote>\n<!-- \/wp:quote -->\n\n<!-- wp:paragraph -->\n<p>\u2026o algo as\u00ed:<\/p>\n<!-- \/wp:paragraph -->\n\n<!-- wp:quote -->\n<blockquote class=\"wp-block-quote\"><p>La empresa \u00abMariscos Recio\u00bb fue fundada por Antonio Recio Mata. Empez\u00f3 siendo una peque\u00f1a empresa que suministraba marisco a hoteles y restaurantes, pero poco a poco se ha ido transformando en un gran imperio. Mariscos Recio, el mar al mejor precio.<\/p><\/blockquote>\n<!-- \/wp:quote -->\n\n<!-- wp:paragraph -->\n<p>Como nuevo usuario de WordPress, deber\u00edas ir a <a href=\"https:\/\/calmanelet.es\/wp-admin\/\">tu escritorio<\/a> para borrar esta p\u00e1gina y crear nuevas p\u00e1ginas para tu contenido. \u00a1P\u00e1salo bien!<\/p>\n<!-- \/wp:paragraph -->","_et_gb_content_width":"","footnotes":""},"class_list":["post-16","page","type-page","status-publish","hentry"],"yoast_head":"<!-- This site is optimized with the Yoast SEO plugin v27.0 - https:\/\/yoast.com\/product\/yoast-seo-wordpress\/ -->\n<title>Blog - Cal Manelet Restaurant<\/title>\n<meta name=\"robots\" content=\"index, follow, max-snippet:-1, max-image-preview:large, max-video-preview:-1\" \/>\n<link rel=\"canonical\" href=\"https:\/\/calmanelet.es\/es\/blog\/\" \/>\n<meta property=\"og:locale\" content=\"es_ES\" \/>\n<meta property=\"og:type\" content=\"article\" \/>\n<meta property=\"og:title\" content=\"Blog - Cal Manelet Restaurant\" \/>\n<meta property=\"og:description\" content=\"Cuinar a la brasa \u00e9s una t\u00e8cnica culin\u00e0ria popular a tot el m\u00f3n. A m\u00e9s de ser una forma deliciosa de preparar aliments, tamb\u00e9 t\u00e9 una s\u00e8rie de beneficis per a la salut. Aqu\u00ed te&#039;n deixem alguns: &nbsp; Reducci\u00f3 del greix: en cuinar a la brasa, el greix es fon i cau a les brases, [&hellip;]\" \/>\n<meta property=\"og:url\" content=\"https:\/\/calmanelet.es\/es\/blog\/\" \/>\n<meta property=\"og:site_name\" content=\"Cal Manelet Restaurant\" \/>\n<meta property=\"article:modified_time\" content=\"2026-02-23T10:28:52+00:00\" \/>\n<meta name=\"twitter:card\" content=\"summary_large_image\" \/>\n<meta name=\"twitter:label1\" content=\"Tiempo de lectura\" \/>\n\t<meta name=\"twitter:data1\" content=\"3 minutos\" \/>\n<script type=\"application\/ld+json\" class=\"yoast-schema-graph\">{\"@context\":\"https:\/\/schema.org\",\"@graph\":[{\"@type\":\"WebPage\",\"@id\":\"https:\/\/calmanelet.es\/blog\/\",\"url\":\"https:\/\/calmanelet.es\/blog\/\",\"name\":\"Blog - Cal Manelet Restaurant\",\"isPartOf\":{\"@id\":\"https:\/\/calmanelet.es\/#website\"},\"datePublished\":\"2020-10-09T14:49:33+00:00\",\"dateModified\":\"2026-02-23T10:28:52+00:00\",\"breadcrumb\":{\"@id\":\"https:\/\/calmanelet.es\/blog\/#breadcrumb\"},\"inLanguage\":\"es\",\"potentialAction\":[{\"@type\":\"ReadAction\",\"target\":[\"https:\/\/calmanelet.es\/blog\/\"]}]},{\"@type\":\"BreadcrumbList\",\"@id\":\"https:\/\/calmanelet.es\/blog\/#breadcrumb\",\"itemListElement\":[{\"@type\":\"ListItem\",\"position\":1,\"name\":\"Portada\",\"item\":\"https:\/\/calmanelet.es\/\"},{\"@type\":\"ListItem\",\"position\":2,\"name\":\"Blog\"}]},{\"@type\":\"WebSite\",\"@id\":\"https:\/\/calmanelet.es\/#website\",\"url\":\"https:\/\/calmanelet.es\/\",\"name\":\"Cal Manelet Restaurant\",\"description\":\"Restaurant a Canyelles\",\"potentialAction\":[{\"@type\":\"SearchAction\",\"target\":{\"@type\":\"EntryPoint\",\"urlTemplate\":\"https:\/\/calmanelet.es\/?s={search_term_string}\"},\"query-input\":{\"@type\":\"PropertyValueSpecification\",\"valueRequired\":true,\"valueName\":\"search_term_string\"}}],\"inLanguage\":\"es\"}]}<\/script>\n<!-- \/ Yoast SEO plugin. -->","yoast_head_json":{"title":"Blog - Cal Manelet Restaurant","robots":{"index":"index","follow":"follow","max-snippet":"max-snippet:-1","max-image-preview":"max-image-preview:large","max-video-preview":"max-video-preview:-1"},"canonical":"https:\/\/calmanelet.es\/es\/blog\/","og_locale":"es_ES","og_type":"article","og_title":"Blog - Cal Manelet Restaurant","og_description":"Cuinar a la brasa \u00e9s una t\u00e8cnica culin\u00e0ria popular a tot el m\u00f3n. A m\u00e9s de ser una forma deliciosa de preparar aliments, tamb\u00e9 t\u00e9 una s\u00e8rie de beneficis per a la salut. Aqu\u00ed te'n deixem alguns: &nbsp; Reducci\u00f3 del greix: en cuinar a la brasa, el greix es fon i cau a les brases, [&hellip;]","og_url":"https:\/\/calmanelet.es\/es\/blog\/","og_site_name":"Cal Manelet Restaurant","article_modified_time":"2026-02-23T10:28:52+00:00","twitter_card":"summary_large_image","twitter_misc":{"Tiempo de lectura":"3 minutos"},"schema":{"@context":"https:\/\/schema.org","@graph":[{"@type":"WebPage","@id":"https:\/\/calmanelet.es\/blog\/","url":"https:\/\/calmanelet.es\/blog\/","name":"Blog - Cal Manelet Restaurant","isPartOf":{"@id":"https:\/\/calmanelet.es\/#website"},"datePublished":"2020-10-09T14:49:33+00:00","dateModified":"2026-02-23T10:28:52+00:00","breadcrumb":{"@id":"https:\/\/calmanelet.es\/blog\/#breadcrumb"},"inLanguage":"es","potentialAction":[{"@type":"ReadAction","target":["https:\/\/calmanelet.es\/blog\/"]}]},{"@type":"BreadcrumbList","@id":"https:\/\/calmanelet.es\/blog\/#breadcrumb","itemListElement":[{"@type":"ListItem","position":1,"name":"Portada","item":"https:\/\/calmanelet.es\/"},{"@type":"ListItem","position":2,"name":"Blog"}]},{"@type":"WebSite","@id":"https:\/\/calmanelet.es\/#website","url":"https:\/\/calmanelet.es\/","name":"Cal Manelet Restaurant","description":"Restaurante en Canyelles","potentialAction":[{"@type":"SearchAction","target":{"@type":"EntryPoint","urlTemplate":"https:\/\/calmanelet.es\/?s={search_term_string}"},"query-input":{"@type":"PropertyValueSpecification","valueRequired":true,"valueName":"search_term_string"}}],"inLanguage":"es"}]}},"_links":{"self":[{"href":"https:\/\/calmanelet.es\/es\/wp-json\/wp\/v2\/pages\/16","targetHints":{"allow":["GET"]}}],"collection":[{"href":"https:\/\/calmanelet.es\/es\/wp-json\/wp\/v2\/pages"}],"about":[{"href":"https:\/\/calmanelet.es\/es\/wp-json\/wp\/v2\/types\/page"}],"author":[{"embeddable":true,"href":"https:\/\/calmanelet.es\/es\/wp-json\/wp\/v2\/users\/1"}],"replies":[{"embeddable":true,"href":"https:\/\/calmanelet.es\/es\/wp-json\/wp\/v2\/comments?post=16"}],"version-history":[{"count":10,"href":"https:\/\/calmanelet.es\/es\/wp-json\/wp\/v2\/pages\/16\/revisions"}],"predecessor-version":[{"id":1282,"href":"https:\/\/calmanelet.es\/es\/wp-json\/wp\/v2\/pages\/16\/revisions\/1282"}],"wp:attachment":[{"href":"https:\/\/calmanelet.es\/es\/wp-json\/wp\/v2\/media?parent=16"}],"curies":[{"name":"wp","href":"https:\/\/api.w.org\/{rel}","templated":true}]}}