{"id":470,"date":"2021-06-08T11:05:44","date_gmt":"2021-06-08T11:05:44","guid":{"rendered":"https:\/\/calmanelet.es\/?page_id=470"},"modified":"2023-11-29T16:33:52","modified_gmt":"2023-11-29T16:33:52","slug":"cuina-casolana-a-vilanova-i-la-geltru","status":"publish","type":"page","link":"https:\/\/calmanelet.es\/es\/cuina-casolana-a-vilanova-i-la-geltru\/","title":{"rendered":"Cuina casolana a Vilanova i la Geltr\u00fa"},"content":{"rendered":"<p>[et_pb_section fb_built=&#8221;1&#8243; _builder_version=&#8221;4.16&#8243; _module_preset=&#8221;default&#8221; background_image=&#8221;https:\/\/calmanelet.es\/wp-content\/uploads\/2020\/10\/calcotada.jpg&#8221; custom_padding=&#8221;84px||64px|||&#8221; locked=&#8221;off&#8221; global_colors_info=&#8221;{}&#8221;][et_pb_row _builder_version=&#8221;4.17.4&#8243; _module_preset=&#8221;default&#8221; custom_margin=&#8221;10vh|auto||auto|false|false&#8221; custom_padding=&#8221;||||false|false&#8221; global_colors_info=&#8221;{}&#8221;][et_pb_column type=&#8221;4_4&#8243; _builder_version=&#8221;4.16&#8243; _module_preset=&#8221;default&#8221; global_colors_info=&#8221;{}&#8221;][et_pb_text _builder_version=&#8221;4.17.4&#8243; _module_preset=&#8221;default&#8221; text_text_color=&#8221;#FFFFFF&#8221; text_font_size=&#8221;24px&#8221; text_line_height=&#8221;1.9em&#8221; header_text_align=&#8221;center&#8221; header_text_color=&#8221;#FFFFFF&#8221; background_color=&#8221;rgba(0,0,0,0.36)&#8221; custom_padding=&#8221;1em|1em|1em|1em|true|true&#8221; text_font_size_tablet=&#8221;22px&#8221; text_font_size_phone=&#8221;20px&#8221; text_font_size_last_edited=&#8221;on|tablet&#8221; header_text_align_tablet=&#8221;center&#8221; header_text_align_phone=&#8221;&#8221; header_text_align_last_edited=&#8221;on|desktop&#8221; global_colors_info=&#8221;{}&#8221;]<\/p>\n<h1 style=\"text-align: center;\"><strong>Restaurant de cuina casolana a Vilanova i la Geltr\u00fa<\/strong><\/h1>\n<p style=\"text-align: center;\">Si vols gaudir dels millors plats de la <strong>cuina casolana a Vilanova i la Geltr\u00fa<\/strong> visita el nostre restaurant Cal Menelet<\/p>\n<p>&nbsp;<\/p>\n<p>[\/et_pb_text][et_pb_button button_url=&#8221;@ET-DC@eyJkeW5hbWljIjp0cnVlLCJjb250ZW50IjoicG9zdF9saW5rX3VybF9wYWdlIiwic2V0dGluZ3MiOnsicG9zdF9pZCI6IjIifX0=@&#8221; button_text=&#8221;Reserva la teva taula&#8221; button_alignment=&#8221;center&#8221; _builder_version=&#8221;4.17.4&#8243; _dynamic_attributes=&#8221;button_url&#8221; _module_preset=&#8221;default&#8221; custom_button=&#8221;on&#8221; button_text_color=&#8221;#FFFFFF&#8221; button_bg_color=&#8221;#000000&#8243; button_border_width=&#8221;0px&#8221; global_colors_info=&#8221;{}&#8221;][\/et_pb_button][\/et_pb_column][\/et_pb_row][\/et_pb_section][et_pb_section fb_built=&#8221;1&#8243; _builder_version=&#8221;4.16&#8243; _module_preset=&#8221;default&#8221; locked=&#8221;off&#8221; global_colors_info=&#8221;{}&#8221;][et_pb_row column_structure=&#8221;2_5,3_5&#8243; _builder_version=&#8221;4.17.4&#8243; _module_preset=&#8221;default&#8221; global_colors_info=&#8221;{}&#8221;][et_pb_column type=&#8221;2_5&#8243; _builder_version=&#8221;4.17.4&#8243; _module_preset=&#8221;default&#8221; global_colors_info=&#8221;{}&#8221;][et_pb_image src=&#8221;https:\/\/calmanelet.es\/wp-content\/uploads\/2023\/06\/esqueixada.jpg&#8221; _builder_version=&#8221;4.17.4&#8243; _module_preset=&#8221;default&#8221; max_width=&#8221;90%&#8221; global_colors_info=&#8221;{}&#8221;][\/et_pb_image][\/et_pb_column][et_pb_column type=&#8221;3_5&#8243; _builder_version=&#8221;4.17.4&#8243; _module_preset=&#8221;default&#8221; global_colors_info=&#8221;{}&#8221;][et_pb_text _builder_version=&#8221;4.17.4&#8243; _module_preset=&#8221;default&#8221; text_font_size=&#8221;16px&#8221; text_orientation=&#8221;justified&#8221; global_colors_info=&#8221;{}&#8221;]<\/p>\n<p>Cal Manelet \u00e9s un restaurant orgull\u00f3s d&#8217;oferir plats de la cuina casolana tradicional catalana a Canyelles prop de Vilanova i la Geltr\u00fa. La <strong><a href=\"https:\/\/calmanelet.es\/cuina-tradicional-catalana-canyelles\/\">cuina tradicional catalana<\/a><\/strong> \u00e9s part del grup de cuines que formen la mundialment reconeguda dieta mediterr\u00e0nia. Pels nostres plats de la cuina tradicional catalana utilitzem productes frescos de temporada.<\/p>\n<p>&nbsp;<\/p>\n<h2><strong>Les bases de la nostra cuina casolana a Vilanova i la Geltr\u00fa<\/strong><\/h2>\n<p>Com a bona cuina mediterr\u00e0nia, la cuina tradicional catalana t\u00e9 a la base l&#8217;oli d&#8217;oliva i fa un bon \u00fas d&#8217;herbes arom\u00e0tiques i llegums i hortalisses fresques.<\/p>\n<p>Les diferents regions de Catalunya han creat una varietat de plats adaptats a la disponibilitat dingredients i necessitat cal\u00f2rica dels habitants daquests llocs. Els pobles de muntanya van donar lloc a plats cuits a base de carns, els bolets i per descomptat els cargols, mentre que els pobles costaners van incloure els plats a base de peix, marisc i arrossos i per descomptat els dos tipus de menjar tamb\u00e9 van fusionar per crear els plats de mar i muntanya que combinen sabors de tots dos estils de cuina.<\/p>\n<p>[\/et_pb_text][\/et_pb_column][\/et_pb_row][et_pb_row column_structure=&#8221;3_5,2_5&#8243; _builder_version=&#8221;4.17.4&#8243; _module_preset=&#8221;default&#8221; global_colors_info=&#8221;{}&#8221;][et_pb_column type=&#8221;3_5&#8243; _builder_version=&#8221;4.17.4&#8243; _module_preset=&#8221;default&#8221; global_colors_info=&#8221;{}&#8221;][et_pb_text _builder_version=&#8221;4.17.4&#8243; _module_preset=&#8221;default&#8221; text_font_size=&#8221;16px&#8221; text_orientation=&#8221;justified&#8221; global_colors_info=&#8221;{}&#8221;]<\/p>\n<h2><strong>Els nostres millors plats de cuina casolana catalana a Vilanova i la Geltr\u00fa<\/strong><\/h2>\n<h3>Cargols a la llauna<\/h3>\n<p>Els <a href=\"https:\/\/calmanelet.es\/menjar-cargols-llauna-canyelles\/\"><strong>cargols a la llauna<\/strong><\/a> s\u00f3n un plat t\u00edpic de Lleida, per\u00f2 que es troba per tot Catalunya avui dia.<\/p>\n<p>El nom del plat ve donat del catal\u00e0 &#8220;a la llauna&#8221; per com es preparen i per la seva presentaci\u00f3: cuinats i servits en una &#8220;llauna&#8221;. Hi ha moltes variacions de la recepta segons regi\u00f3 i fins i tot segons establiment.<\/p>\n<p>[\/et_pb_text][\/et_pb_column][et_pb_column type=&#8221;2_5&#8243; _builder_version=&#8221;4.17.4&#8243; _module_preset=&#8221;default&#8221; global_colors_info=&#8221;{}&#8221;][et_pb_image src=&#8221;https:\/\/calmanelet.es\/wp-content\/uploads\/2020\/10\/cargols-a-la-llauna-restaurante-cal-manelet.jpg&#8221; alt=&#8221;cuina casolana a Vilanova i la Geltr\u00fa&#8221; title_text=&#8221;cuina casolana a Vilanova i la Geltr\u00fa&#8221; align=&#8221;center&#8221; _builder_version=&#8221;4.17.4&#8243; _module_preset=&#8221;default&#8221; global_colors_info=&#8221;{}&#8221;][\/et_pb_image][\/et_pb_column][\/et_pb_row][et_pb_row _builder_version=&#8221;4.17.4&#8243; _module_preset=&#8221;default&#8221; global_colors_info=&#8221;{}&#8221;][et_pb_column type=&#8221;4_4&#8243; _builder_version=&#8221;4.17.4&#8243; _module_preset=&#8221;default&#8221; global_colors_info=&#8221;{}&#8221;][et_pb_cta title=&#8221;Vols tastar els aut\u00e8ntics Cargols a la llauna a Vilanova i la Geltr\u00fa?&#8221; button_url=&#8221;tel:+34699544424&#8243; button_text=&#8221;\u00a1Truca&#8217;ns!&#8221; _builder_version=&#8221;4.17.4&#8243; _module_preset=&#8221;default&#8221; background_color=&#8221;#000000&#8243; global_colors_info=&#8221;{}&#8221;]<\/p>\n<p>Estarem encantats d&#8217;atendre&#8217;t i oferir-te el millor de la gastronomia catalana, carns a la brasa, cal\u00e7otades i tamb\u00e9 tenim men\u00fas diaris<\/p>\n<p>[\/et_pb_cta][\/et_pb_column][\/et_pb_row][et_pb_row column_structure=&#8221;3_5,2_5&#8243; _builder_version=&#8221;4.17.4&#8243; _module_preset=&#8221;default&#8221; global_colors_info=&#8221;{}&#8221;][et_pb_column type=&#8221;3_5&#8243; _builder_version=&#8221;4.17.4&#8243; _module_preset=&#8221;default&#8221; global_colors_info=&#8221;{}&#8221;][et_pb_text _builder_version=&#8221;4.17.4&#8243; _module_preset=&#8221;default&#8221; text_font_size=&#8221;16px&#8221; text_orientation=&#8221;justified&#8221; locked=&#8221;off&#8221; global_colors_info=&#8221;{}&#8221;]<\/p>\n<h3>Cal\u00e7otada<\/h3>\n<p>Els cal\u00e7ots s\u00f3n una mena de ceba llarga, tendra i dol\u00e7a que es cuina a la brasa.<\/p>\n<p>Els cal\u00e7ots se serveixen sempre amb la salsa Romesco per mullar els cal\u00e7ots.<\/p>\n<p>Les cal\u00e7otades s\u00f3n molt populars a Catalunya i s\u00f3n l&#8217;excusa perfecta per fer reunions d&#8217;amics i fam\u00edlia durant la temporada de cal\u00e7otades.<\/p>\n<p>[\/et_pb_text][\/et_pb_column][et_pb_column type=&#8221;2_5&#8243; _builder_version=&#8221;4.17.4&#8243; _module_preset=&#8221;default&#8221; global_colors_info=&#8221;{}&#8221;][et_pb_image src=&#8221;https:\/\/calmanelet.es\/wp-content\/uploads\/2020\/10\/calcotada.jpg&#8221; alt=&#8221;cuina casolana a Vilanova i la Geltr\u00fa&#8221; title_text=&#8221;cuina casolana a Vilanova i la Geltr\u00fa&#8221; _builder_version=&#8221;4.17.4&#8243; _module_preset=&#8221;default&#8221; global_colors_info=&#8221;{}&#8221;][\/et_pb_image][\/et_pb_column][\/et_pb_row][et_pb_row _builder_version=&#8221;4.17.4&#8243; _module_preset=&#8221;default&#8221; width=&#8221;100%&#8221; custom_padding=&#8221;0px|1em||1em|false|true&#8221; global_colors_info=&#8221;{}&#8221;][et_pb_column type=&#8221;4_4&#8243; _builder_version=&#8221;4.16&#8243; _module_preset=&#8221;default&#8221; global_colors_info=&#8221;{}&#8221;][et_pb_text _builder_version=&#8221;4.17.4&#8243; _module_preset=&#8221;default&#8221; text_font_size=&#8221;16px&#8221; text_orientation=&#8221;justified&#8221; global_colors_info=&#8221;{}&#8221;]<\/p>\n<h3>Escudella i carn d&#8217;olla<\/h3>\n<p>\u00c9s un plat t\u00edpic de la cuina catalana tradicional de muntanya o d&#8217;hivern.<\/p>\n<p>Els ingredients principals s\u00f3n les carns de: vaca, porc i pollastre, aix\u00ed com vegetals (patata, pastanaga, cigrons) i la forma \u00e9s d&#8217;un bullit amb brou. Una de les particularitats d&#8217;aquesta recepta \u00e9s que inclou entre els seus ingredients les &#8220;pilotes&#8221;, una mena de mandonguilles allargades amb forma de croquetes, elaborades amb carn, ou, pa, all i julivert, que es couen al brou.<\/p>\n<p>L&#8217;escudella pot ser separada en escudella o sopa de galets que \u00e9s el brou resultat de la carn d&#8217;olla amb pastes en forma de cargol, mentre que la carn es pot servir separat com a carn d&#8217;olla.<\/p>\n<p>[\/et_pb_text][et_pb_text _builder_version=&#8221;4.17.4&#8243; _module_preset=&#8221;default&#8221; text_font_size=&#8221;16px&#8221; text_orientation=&#8221;justified&#8221; global_colors_info=&#8221;{}&#8221;]<\/p>\n<h3>Peus de porc estofat<\/h3>\n<p>S\u00f3n els peus de porc guisats amb cebes, tom\u00e0quets, all, fulles de llorer, vi i picada. La llista dingredients pot variar segons receptes regionals i temporalitat de certs ingredients com els bolets.<\/p>\n<p>Els peus de porc estofat requereixen una cocci\u00f3 lenta per aconseguir un plat sabor\u00f3s i ple d&#8217;energia i prote\u00efnes.<\/p>\n<p>[\/et_pb_text][et_pb_cta title=&#8221;Vols tastar la cuina casolana catalana a Vilanova i la Geltr\u00fa?&#8221; button_url=&#8221;tel:+34699544424&#8243; button_text=&#8221;\u00a1Truca&#8217;ns!&#8221; _builder_version=&#8221;4.17.4&#8243; _module_preset=&#8221;default&#8221; body_font_size=&#8221;15px&#8221; background_color=&#8221;#000000&#8243; global_colors_info=&#8221;{}&#8221;]<\/p>\n<p>Estarem encantats d&#8217;atendre&#8217;t i oferir-te el millor de la gastronomia catalana, <strong><a href=\"https:\/\/calmanelet.es\/carns-brasa-vilanova-geltru\/\">carns a la brasa<\/a><\/strong>, cal\u00e7otades i tamb\u00e9 tenim men\u00fas diaris<\/p>\n<p>[\/et_pb_cta][\/et_pb_column][\/et_pb_row][et_pb_row column_structure=&#8221;1_2,1_2&#8243; _builder_version=&#8221;4.17.4&#8243; _module_preset=&#8221;default&#8221; global_colors_info=&#8221;{}&#8221;][et_pb_column type=&#8221;1_2&#8243; _builder_version=&#8221;4.17.4&#8243; _module_preset=&#8221;default&#8221; global_colors_info=&#8221;{}&#8221;][et_pb_image src=&#8221;https:\/\/calmanelet.es\/wp-content\/uploads\/2023\/02\/esqueixada.png&#8221; alt=&#8221;cuina casolana a Vilanova i la Geltr\u00fa&#8221; title_text=&#8221;cuina casolana a Vilanova i la Geltr\u00fa&#8221; _builder_version=&#8221;4.17.4&#8243; _module_preset=&#8221;default&#8221; global_colors_info=&#8221;{}&#8221;][\/et_pb_image][\/et_pb_column][et_pb_column type=&#8221;1_2&#8243; _builder_version=&#8221;4.17.4&#8243; _module_preset=&#8221;default&#8221; global_colors_info=&#8221;{}&#8221;][et_pb_image src=&#8221;https:\/\/calmanelet.es\/wp-content\/uploads\/2020\/10\/tapas-y-llesques-catalanes.jpg&#8221; _builder_version=&#8221;4.23.1&#8243; _module_preset=&#8221;default&#8221; max_width=&#8221;95%&#8221; hover_enabled=&#8221;0&#8243; global_colors_info=&#8221;{}&#8221; alt=&#8221;platos en cal manelet&#8221; title_text=&#8221;platos catalanes en Cal Manelet&#8221; sticky_enabled=&#8221;0&#8243;][\/et_pb_image][\/et_pb_column][\/et_pb_row][\/et_pb_section]<\/p>","protected":false},"excerpt":{"rendered":"<p>Restaurant de cuina casolana a Vilanova i la Geltr\u00fa Si vols gaudir dels millors plats de la cuina casolana a Vilanova i la Geltr\u00fa visita el nostre restaurant Cal Menelet &nbsp;Cal Manelet \u00e9s un restaurant orgull\u00f3s d&#8217;oferir plats de la cuina casolana tradicional catalana a Canyelles prop de Vilanova i la Geltr\u00fa. La cuina tradicional [&hellip;]<\/p>","protected":false},"author":1,"featured_media":124,"parent":0,"menu_order":0,"comment_status":"closed","ping_status":"closed","template":"","meta":{"_et_pb_use_builder":"on","_et_pb_old_content":"","_et_gb_content_width":"","footnotes":""},"class_list":["post-470","page","type-page","status-publish","has-post-thumbnail","hentry"],"yoast_head":"<!-- This site is optimized with the Yoast SEO plugin v27.0 - https:\/\/yoast.com\/product\/yoast-seo-wordpress\/ -->\n<title>Cuina casolana a Vilanova i la Geltr\u00fa - Cal Manelet Restaurant<\/title>\n<meta name=\"description\" content=\"Cuina casolana a Vilanova i la Geltr\u00fa Visita el nostre restaurant de cuina casolana tradicional catalana a Canyelles. Us esperem!\" \/>\n<meta name=\"robots\" content=\"index, follow, max-snippet:-1, max-image-preview:large, max-video-preview:-1\" \/>\n<link rel=\"canonical\" href=\"https:\/\/calmanelet.es\/es\/cuina-casolana-a-vilanova-i-la-geltru\/\" \/>\n<meta property=\"og:locale\" content=\"es_ES\" \/>\n<meta property=\"og:type\" content=\"article\" \/>\n<meta property=\"og:title\" content=\"Cuina casolana a Vilanova i la Geltr\u00fa - Cal Manelet Restaurant\" \/>\n<meta property=\"og:description\" content=\"Cuina casolana a Vilanova i la Geltr\u00fa Visita el nostre restaurant de cuina casolana tradicional catalana a Canyelles. Us esperem!\" \/>\n<meta property=\"og:url\" content=\"https:\/\/calmanelet.es\/es\/cuina-casolana-a-vilanova-i-la-geltru\/\" \/>\n<meta property=\"og:site_name\" content=\"Cal Manelet Restaurant\" \/>\n<meta property=\"article:modified_time\" content=\"2023-11-29T16:33:52+00:00\" \/>\n<meta property=\"og:image\" content=\"https:\/\/calmanelet.es\/wp-content\/uploads\/2020\/10\/tapas-y-llesques-catalanes.jpg\" \/>\n\t<meta property=\"og:image:width\" content=\"1900\" \/>\n\t<meta property=\"og:image:height\" content=\"860\" \/>\n\t<meta property=\"og:image:type\" content=\"image\/jpeg\" \/>\n<meta name=\"twitter:card\" content=\"summary_large_image\" \/>\n<meta name=\"twitter:label1\" content=\"Tiempo de lectura\" \/>\n\t<meta name=\"twitter:data1\" content=\"4 minutos\" \/>\n<script type=\"application\/ld+json\" class=\"yoast-schema-graph\">{\"@context\":\"https:\/\/schema.org\",\"@graph\":[{\"@type\":\"WebPage\",\"@id\":\"https:\/\/calmanelet.es\/cuina-casolana-a-vilanova-i-la-geltru\/\",\"url\":\"https:\/\/calmanelet.es\/cuina-casolana-a-vilanova-i-la-geltru\/\",\"name\":\"Cuina casolana a Vilanova i la Geltr\u00fa - Cal Manelet Restaurant\",\"isPartOf\":{\"@id\":\"https:\/\/calmanelet.es\/#website\"},\"primaryImageOfPage\":{\"@id\":\"https:\/\/calmanelet.es\/cuina-casolana-a-vilanova-i-la-geltru\/#primaryimage\"},\"image\":{\"@id\":\"https:\/\/calmanelet.es\/cuina-casolana-a-vilanova-i-la-geltru\/#primaryimage\"},\"thumbnailUrl\":\"https:\/\/calmanelet.es\/wp-content\/uploads\/2020\/10\/tapas-y-llesques-catalanes.jpg\",\"datePublished\":\"2021-06-08T11:05:44+00:00\",\"dateModified\":\"2023-11-29T16:33:52+00:00\",\"description\":\"Cuina casolana a Vilanova i la Geltr\u00fa Visita el nostre restaurant de cuina casolana tradicional catalana a Canyelles. Us esperem!\",\"breadcrumb\":{\"@id\":\"https:\/\/calmanelet.es\/cuina-casolana-a-vilanova-i-la-geltru\/#breadcrumb\"},\"inLanguage\":\"es\",\"potentialAction\":[{\"@type\":\"ReadAction\",\"target\":[\"https:\/\/calmanelet.es\/cuina-casolana-a-vilanova-i-la-geltru\/\"]}]},{\"@type\":\"ImageObject\",\"inLanguage\":\"es\",\"@id\":\"https:\/\/calmanelet.es\/cuina-casolana-a-vilanova-i-la-geltru\/#primaryimage\",\"url\":\"https:\/\/calmanelet.es\/wp-content\/uploads\/2020\/10\/tapas-y-llesques-catalanes.jpg\",\"contentUrl\":\"https:\/\/calmanelet.es\/wp-content\/uploads\/2020\/10\/tapas-y-llesques-catalanes.jpg\",\"width\":1900,\"height\":860,\"caption\":\"ccina casera en vilanova i la geltr\u00fa\"},{\"@type\":\"BreadcrumbList\",\"@id\":\"https:\/\/calmanelet.es\/cuina-casolana-a-vilanova-i-la-geltru\/#breadcrumb\",\"itemListElement\":[{\"@type\":\"ListItem\",\"position\":1,\"name\":\"Portada\",\"item\":\"https:\/\/calmanelet.es\/\"},{\"@type\":\"ListItem\",\"position\":2,\"name\":\"Cuina casolana a Vilanova i la Geltr\u00fa\"}]},{\"@type\":\"WebSite\",\"@id\":\"https:\/\/calmanelet.es\/#website\",\"url\":\"https:\/\/calmanelet.es\/\",\"name\":\"Cal Manelet Restaurant\",\"description\":\"Restaurant a Canyelles\",\"potentialAction\":[{\"@type\":\"SearchAction\",\"target\":{\"@type\":\"EntryPoint\",\"urlTemplate\":\"https:\/\/calmanelet.es\/?s={search_term_string}\"},\"query-input\":{\"@type\":\"PropertyValueSpecification\",\"valueRequired\":true,\"valueName\":\"search_term_string\"}}],\"inLanguage\":\"es\"}]}<\/script>\n<!-- \/ Yoast SEO plugin. -->","yoast_head_json":{"title":"Cuina casolana a Vilanova i la Geltr\u00fa - Cal Manelet Restaurant","description":"Cuina casolana a Vilanova i la Geltr\u00fa Visita el nostre restaurant de cuina casolana tradicional catalana a Canyelles. Us esperem!","robots":{"index":"index","follow":"follow","max-snippet":"max-snippet:-1","max-image-preview":"max-image-preview:large","max-video-preview":"max-video-preview:-1"},"canonical":"https:\/\/calmanelet.es\/es\/cuina-casolana-a-vilanova-i-la-geltru\/","og_locale":"es_ES","og_type":"article","og_title":"Cuina casolana a Vilanova i la Geltr\u00fa - Cal Manelet Restaurant","og_description":"Cuina casolana a Vilanova i la Geltr\u00fa Visita el nostre restaurant de cuina casolana tradicional catalana a Canyelles. Us esperem!","og_url":"https:\/\/calmanelet.es\/es\/cuina-casolana-a-vilanova-i-la-geltru\/","og_site_name":"Cal Manelet Restaurant","article_modified_time":"2023-11-29T16:33:52+00:00","og_image":[{"width":1900,"height":860,"url":"https:\/\/calmanelet.es\/wp-content\/uploads\/2020\/10\/tapas-y-llesques-catalanes.jpg","type":"image\/jpeg"}],"twitter_card":"summary_large_image","twitter_misc":{"Tiempo de lectura":"4 minutos"},"schema":{"@context":"https:\/\/schema.org","@graph":[{"@type":"WebPage","@id":"https:\/\/calmanelet.es\/cuina-casolana-a-vilanova-i-la-geltru\/","url":"https:\/\/calmanelet.es\/cuina-casolana-a-vilanova-i-la-geltru\/","name":"Cuina casolana a Vilanova i la Geltr\u00fa - Cal Manelet Restaurant","isPartOf":{"@id":"https:\/\/calmanelet.es\/#website"},"primaryImageOfPage":{"@id":"https:\/\/calmanelet.es\/cuina-casolana-a-vilanova-i-la-geltru\/#primaryimage"},"image":{"@id":"https:\/\/calmanelet.es\/cuina-casolana-a-vilanova-i-la-geltru\/#primaryimage"},"thumbnailUrl":"https:\/\/calmanelet.es\/wp-content\/uploads\/2020\/10\/tapas-y-llesques-catalanes.jpg","datePublished":"2021-06-08T11:05:44+00:00","dateModified":"2023-11-29T16:33:52+00:00","description":"Cuina casolana a Vilanova i la Geltr\u00fa Visita el nostre restaurant de cuina casolana tradicional catalana a Canyelles. Us esperem!","breadcrumb":{"@id":"https:\/\/calmanelet.es\/cuina-casolana-a-vilanova-i-la-geltru\/#breadcrumb"},"inLanguage":"es","potentialAction":[{"@type":"ReadAction","target":["https:\/\/calmanelet.es\/cuina-casolana-a-vilanova-i-la-geltru\/"]}]},{"@type":"ImageObject","inLanguage":"es","@id":"https:\/\/calmanelet.es\/cuina-casolana-a-vilanova-i-la-geltru\/#primaryimage","url":"https:\/\/calmanelet.es\/wp-content\/uploads\/2020\/10\/tapas-y-llesques-catalanes.jpg","contentUrl":"https:\/\/calmanelet.es\/wp-content\/uploads\/2020\/10\/tapas-y-llesques-catalanes.jpg","width":1900,"height":860,"caption":"ccina casera en vilanova i la geltr\u00fa"},{"@type":"BreadcrumbList","@id":"https:\/\/calmanelet.es\/cuina-casolana-a-vilanova-i-la-geltru\/#breadcrumb","itemListElement":[{"@type":"ListItem","position":1,"name":"Portada","item":"https:\/\/calmanelet.es\/"},{"@type":"ListItem","position":2,"name":"Cuina casolana a Vilanova i la Geltr\u00fa"}]},{"@type":"WebSite","@id":"https:\/\/calmanelet.es\/#website","url":"https:\/\/calmanelet.es\/","name":"Cal Manelet Restaurant","description":"Restaurante en Canyelles","potentialAction":[{"@type":"SearchAction","target":{"@type":"EntryPoint","urlTemplate":"https:\/\/calmanelet.es\/?s={search_term_string}"},"query-input":{"@type":"PropertyValueSpecification","valueRequired":true,"valueName":"search_term_string"}}],"inLanguage":"es"}]}},"_links":{"self":[{"href":"https:\/\/calmanelet.es\/es\/wp-json\/wp\/v2\/pages\/470","targetHints":{"allow":["GET"]}}],"collection":[{"href":"https:\/\/calmanelet.es\/es\/wp-json\/wp\/v2\/pages"}],"about":[{"href":"https:\/\/calmanelet.es\/es\/wp-json\/wp\/v2\/types\/page"}],"author":[{"embeddable":true,"href":"https:\/\/calmanelet.es\/es\/wp-json\/wp\/v2\/users\/1"}],"replies":[{"embeddable":true,"href":"https:\/\/calmanelet.es\/es\/wp-json\/wp\/v2\/comments?post=470"}],"version-history":[{"count":18,"href":"https:\/\/calmanelet.es\/es\/wp-json\/wp\/v2\/pages\/470\/revisions"}],"predecessor-version":[{"id":1154,"href":"https:\/\/calmanelet.es\/es\/wp-json\/wp\/v2\/pages\/470\/revisions\/1154"}],"wp:featuredmedia":[{"embeddable":true,"href":"https:\/\/calmanelet.es\/es\/wp-json\/wp\/v2\/media\/124"}],"wp:attachment":[{"href":"https:\/\/calmanelet.es\/es\/wp-json\/wp\/v2\/media?parent=470"}],"curies":[{"name":"wp","href":"https:\/\/api.w.org\/{rel}","templated":true}]}}