{"id":481,"date":"2021-06-08T11:28:03","date_gmt":"2021-06-08T11:28:03","guid":{"rendered":"https:\/\/calmanelet.es\/?page_id=481"},"modified":"2023-08-04T15:59:14","modified_gmt":"2023-08-04T15:59:14","slug":"menu-diari-a-vilanova-i-la-geltru","status":"publish","type":"page","link":"https:\/\/calmanelet.es\/es\/menu-diari-a-vilanova-i-la-geltru\/","title":{"rendered":"Men\u00fa diario en Vilanova i la Geltr\u00fa"},"content":{"rendered":"<p>[et_pb_section fb_built=&#8221;1&#8243; _builder_version=&#8221;4.16&#8243; custom_margin=&#8221;0px||||false|false&#8221; custom_padding=&#8221;0px||0px||false|false&#8221; global_colors_info=&#8221;{}&#8221;][et_pb_row _builder_version=&#8221;4.16&#8243; background_size=&#8221;initial&#8221; background_position=&#8221;top_left&#8221; background_repeat=&#8221;repeat&#8221; width=&#8221;100%&#8221; max_width=&#8221;1900px&#8221; module_alignment=&#8221;center&#8221; custom_margin=&#8221;0px|auto|0px|auto|false|false&#8221; custom_padding=&#8221;0px||0px||false|false&#8221; global_colors_info=&#8221;{}&#8221;][et_pb_column type=&#8221;4_4&#8243; _builder_version=&#8221;4.16&#8243; custom_padding=&#8221;|||&#8221; global_colors_info=&#8221;{}&#8221; custom_padding__hover=&#8221;|||&#8221;][et_pb_slider _builder_version=&#8221;4.17.4&#8243; _module_preset=&#8221;default&#8221; header_level=&#8221;h1&#8243; header_font=&#8221;Caveat|600|||||||&#8221; header_text_color=&#8221;#000000&#8243; background_image=&#8221;https:\/\/calmanelet.es\/wp-content\/uploads\/2020\/10\/cal-manelet-logo-slider.jpg&#8221; custom_margin=&#8221;0px||||false|false&#8221; custom_margin_tablet=&#8221;154px||||false|false&#8221; custom_margin_phone=&#8221;&#8221; custom_margin_last_edited=&#8221;on|desktop&#8221; global_colors_info=&#8221;{}&#8221;][et_pb_slide heading=&#8221;Men\u00fa diari a Vilanova i la Geltr\u00fa&#8221; button_text=&#8221;Reserva la teva taula&#8221; button_link=&#8221;tel:+34699544424&#8243; use_bg_overlay=&#8221;on&#8221; bg_overlay_color=&#8221;rgba(0,0,0,0)&#8221; use_text_overlay=&#8221;on&#8221; text_overlay_color=&#8221;rgba(255,255,255,0.85)&#8221; bg_overlay_color_tablet=&#8221;rgba(255,255,255,0.43)&#8221; bg_overlay_color_phone=&#8221;&#8221; bg_overlay_color_last_edited=&#8221;on|phone&#8221; _builder_version=&#8221;4.17.4&#8243; _module_preset=&#8221;default&#8221; header_font=&#8221;Caveat|700|||||||&#8221; body_text_color=&#8221;#000000&#8243; body_font_size=&#8221;20px&#8221; background_image=&#8221;https:\/\/calmanelet.es\/wp-content\/uploads\/2020\/10\/paella-restaurant-cal-Manelet.jpg&#8221; background_enable_image=&#8221;on&#8221; custom_button=&#8221;on&#8221; button_text_color=&#8221;#000000&#8243; button_bg_color=&#8221;rgba(255,255,255,0.79)&#8221; button_border_width=&#8221;4px&#8221; button_border_radius=&#8221;26px&#8221; button_use_icon=&#8221;on&#8221; button_icon=&#8221;&#xe090;||divi||400&#8243; button_icon_color=&#8221;#e09900&#8243; button_on_hover=&#8221;on&#8221; button_alignment=&#8221;center&#8221; custom_padding=&#8221;||||false|false&#8221; custom_padding_tablet=&#8221;||||false|false&#8221; custom_padding_phone=&#8221;&#8221; custom_padding_last_edited=&#8221;on|tablet&#8221; body_font_size_tablet=&#8221;17px&#8221; body_font_size_phone=&#8221;&#8221; body_font_size_last_edited=&#8221;on|phone&#8221; text_shadow_style=&#8221;preset5&#8243; text_shadow_color=&#8221;#000000&#8243; global_colors_info=&#8221;{}&#8221; sticky_transition=&#8221;on&#8221;]<\/p>\n<p>El millor <strong>men\u00fa diari a Vilanova i la Geltr\u00fa<\/strong> i proximitat nom\u00e9s a Cal Manelet Restaurant<\/p>\n<p>[\/et_pb_slide][\/et_pb_slider][\/et_pb_column][\/et_pb_row][et_pb_row _builder_version=&#8221;4.17.4&#8243; _module_preset=&#8221;default&#8221; width=&#8221;100%&#8221; max_width=&#8221;1900px&#8221; global_colors_info=&#8221;{}&#8221; locked=&#8221;off&#8221;][et_pb_column type=&#8221;4_4&#8243; _builder_version=&#8221;4.17.4&#8243; _module_preset=&#8221;default&#8221; global_colors_info=&#8221;{}&#8221;][et_pb_text _builder_version=&#8221;4.17.4&#8243; _module_preset=&#8221;default&#8221; text_font=&#8221;||||||||&#8221; text_font_size=&#8221;16px&#8221; header_2_font=&#8221;Caveat||||||||&#8221; header_2_font_size=&#8221;1.9vw&#8221; text_orientation=&#8221;justified&#8221; max_width=&#8221;80%&#8221; module_alignment=&#8221;center&#8221; custom_padding=&#8221;|1em||1em|false|true&#8221; hover_enabled=&#8221;0&#8243; header_2_font_size_tablet=&#8221;6vw&#8221; header_2_font_size_phone=&#8221;8vw&#8221; header_2_font_size_last_edited=&#8221;on|desktop&#8221; locked=&#8221;off&#8221; global_colors_info=&#8221;{}&#8221; sticky_enabled=&#8221;0&#8243;]<\/p>\n<h2 style=\"text-align: center;\">\u00bfPer qu\u00e9 provar el nostre men\u00fa diari a Vilanova i la Geltr\u00fa?<\/h2>\n<p>Provar el nostre men\u00fa diari \u00e9s una experi\u00e8ncia que no es voldr\u00e0 perdre per diverses raons. En primer lloc, el nostre men\u00fa diari ha estat dissenyat acuradament pels nostres talentosos xefs per oferir una \u00e0mplia varietat de plats deliciosos i equilibrats. Cada dia, podr\u00e0s descobrir noves i emocionants opcions culin\u00e0ries, cosa que et permetr\u00e0 assaborir diferents ingredients i estils de cuina.<\/p>\n<p>A m\u00e9s, en optar pel nostre men\u00fa diari a Vilanova i la Geltr\u00fa, podreu gaudir d&#8217;una excel\u00b7lent relaci\u00f3 qualitat-preu. Hem creat aquest men\u00fa pensant en brindar-te una experi\u00e8ncia gastron\u00f2mica satisfact\u00f2ria a un preu assequible, cosa que et permetr\u00e0 gaudir d&#8217;un \u00e0pat delici\u00f3s sense comprometre el teu pressupost.<\/p>\n<p>Un altre avantatge de tastar el nostre men\u00fa diari \u00e9s que et garantim ingredients frescos i de qualitat a cada plat. El nostre comprom\u00eds amb la frescor i la selecci\u00f3 acurada dels productes assegura que cada mossegada estigui plena de sabors aut\u00e8ntics i textures exquisides.<\/p>\n<p>Finalment, el nostre men\u00fa diari tamb\u00e9 ofereix opcions saludables i adaptades a diferents prefer\u00e8ncies aliment\u00e0ries. Si tens alguna restricci\u00f3 diet\u00e8tica o simplement prefereixes opcions m\u00e9s lleugeres, estarem encantats d&#8217;atendre les teves necessitats i oferir alternatives que satisfacin els teus gustos i requisits.<\/p>\n<p>[\/et_pb_text][\/et_pb_column][\/et_pb_row][et_pb_row column_structure=&#8221;1_2,1_2&#8243; _builder_version=&#8221;4.17.4&#8243; _module_preset=&#8221;default&#8221; width=&#8221;100%&#8221; max_width=&#8221;1900px&#8221; locked=&#8221;off&#8221; global_colors_info=&#8221;{}&#8221;][et_pb_column type=&#8221;1_2&#8243; _builder_version=&#8221;4.17.4&#8243; _module_preset=&#8221;default&#8221; global_colors_info=&#8221;{}&#8221;][et_pb_image src=&#8221;https:\/\/calmanelet.es\/wp-content\/uploads\/2023\/06\/carns-a-la-brasa-2.jpg&#8221; alt=&#8221;men\u00fa diari a Vilanova i la Geltr\u00fa carn a la brasa&#8221; title_text=&#8221;men\u00fa diari a Vilanova i la Geltr\u00fa carn a la brasa&#8221; align=&#8221;center&#8221; _builder_version=&#8221;4.17.4&#8243; _module_preset=&#8221;default&#8221; global_colors_info=&#8221;{}&#8221;][\/et_pb_image][\/et_pb_column][et_pb_column type=&#8221;1_2&#8243; _builder_version=&#8221;4.17.4&#8243; _module_preset=&#8221;default&#8221; global_colors_info=&#8221;{}&#8221;][et_pb_text _builder_version=&#8221;4.17.4&#8243; _module_preset=&#8221;default&#8221; text_font_size=&#8221;16px&#8221; header_2_font=&#8221;Caveat|700|||||||&#8221; header_2_font_size=&#8221;2.2vw&#8221; header_3_text_color=&#8221;#E02B20&#8243; background_color=&#8221;#FFFFFF&#8221; text_orientation=&#8221;center&#8221; custom_margin=&#8221;||||false|false&#8221; custom_padding=&#8221;|10em|||false|false&#8221; header_2_font_size_tablet=&#8221;6vw&#8221; header_2_font_size_phone=&#8221;8vw&#8221; header_2_font_size_last_edited=&#8221;on|desktop&#8221; locked=&#8221;off&#8221; global_colors_info=&#8221;{}&#8221;]<\/p>\n<h2>Men\u00fa festiu<\/h2>\n<h3>Primers<\/h3>\n<p>Amanida Cal Manelet<br \/>Gazpacho<\/p>\n<p>Bomba de patata casolana<\/p>\n<p>Escudella catalana<\/p>\n<p>Musclos al vapor<\/p>\n<p>Canalons d&#8217;estiu<\/p>\n<p>Provoleta de formatge<\/p>\n<p>Amanida del xef<\/p>\n<p>Macarrons al pesto<\/p>\n<p>Alberg\u00ednia farcida de bacall\u00e0<\/p>\n<p>Remenat de verdures<\/p>\n<h3>Segons<\/h3>\n<p>Graellada de carn amb guarnici\u00f3<\/p>\n<p>Galta rostida amb prunes i pinzones<\/p>\n<p>Peus de porc a la brasa amb guarnici\u00f3<\/p>\n<p>Mel\u00f3 de vedella en salsa<\/p>\n<p>Entrecot a la brasa amb guarnici\u00f3<\/p>\n<p>Lagarto ib\u00e9ric a la brasa amb guarnici\u00f3<\/p>\n<p>S\u00edpia a la planxa amb guarnici\u00f3<\/p>\n<p>Entranya a la brasa amb guarnici\u00f3<\/p>\n<p>Filet a la brasa amb guarnici\u00f3 (sup 10.50)<\/p>\n<p>Combinat de peix i marisco<\/p>\n<p>Pa torrat begudes i postre inclosos<\/p>\n<p><span style=\"font-size: 20px;\">25\u20ac IVA no incl\u00f3s<\/span><\/p>\n<p>[\/et_pb_text][\/et_pb_column][\/et_pb_row][et_pb_row column_structure=&#8221;1_2,1_2&#8243; _builder_version=&#8221;4.17.4&#8243; _module_preset=&#8221;default&#8221; width=&#8221;100%&#8221; max_width=&#8221;1900px&#8221; locked=&#8221;off&#8221; global_colors_info=&#8221;{}&#8221;][et_pb_column type=&#8221;1_2&#8243; _builder_version=&#8221;4.17.4&#8243; _module_preset=&#8221;default&#8221; global_colors_info=&#8221;{}&#8221;][et_pb_text _builder_version=&#8221;4.17.4&#8243; _module_preset=&#8221;default&#8221; text_font_size=&#8221;16px&#8221; header_2_font=&#8221;Caveat|700|||||||&#8221; header_2_font_size=&#8221;2.2vw&#8221; header_3_text_color=&#8221;#E02B20&#8243; background_color=&#8221;#FFFFFF&#8221; text_orientation=&#8221;center&#8221; custom_margin=&#8221;||||false|false&#8221; custom_padding=&#8221;2em||3em||false|false&#8221; header_2_font_size_tablet=&#8221;6vw&#8221; header_2_font_size_phone=&#8221;8vw&#8221; header_2_font_size_last_edited=&#8221;on|desktop&#8221; locked=&#8221;off&#8221; global_colors_info=&#8221;{}&#8221;]<\/p>\n<h2>Men\u00fa especial<\/h2>\n<h3>Primer plat<\/h3>\n<p>Amanida de formatge de cabra<\/p>\n<p>Esqueixada de bacall\u00e0<\/p>\n<p>Torradetes variades d&#8217;ib\u00e8rics<\/p>\n<p>Amanida d&#8217;escalivada amb formatge de cabra<\/p>\n<h3>Segon plat<\/h3>\n<p>Entrecot de vedella a la llosa<\/p>\n<p>S\u00e8pia a la planxa<\/p>\n<p>Entranya a la brasa amb guarnici\u00f3<\/p>\n<p>Peix al forn.<\/p>\n<h3>Bodega<\/h3>\n<p>Vi verdejo blanc o R\u00e9ner Barbier 2010<\/p>\n<h3>Inclou<\/h3>\n<p>P\u00e0 torrat, beguda i <strong>postre<\/strong><\/p>\n<p>30,00 \u20ac IVA inclos<\/p>\n<p>[\/et_pb_text][\/et_pb_column][et_pb_column type=&#8221;1_2&#8243; _builder_version=&#8221;4.17.4&#8243; _module_preset=&#8221;default&#8221; global_colors_info=&#8221;{}&#8221;][et_pb_image src=&#8221;https:\/\/calmanelet.es\/wp-content\/uploads\/2023\/06\/esqueixada.jpg&#8221; _builder_version=&#8221;4.17.4&#8243; _module_preset=&#8221;default&#8221; global_colors_info=&#8221;{}&#8221;][\/et_pb_image][\/et_pb_column][\/et_pb_row][et_pb_row column_structure=&#8221;1_2,1_2&#8243; use_custom_gutter=&#8221;on&#8221; gutter_width=&#8221;1&#8243; make_equal=&#8221;on&#8221; _builder_version=&#8221;4.17.4&#8243; _module_preset=&#8221;default&#8221; width=&#8221;100%&#8221; max_width=&#8221;1900px&#8221; custom_margin=&#8221;0px||0px||false|false&#8221; custom_padding=&#8221;0em||0em||true|false&#8221; border_width_top=&#8221;14px&#8221; border_style_top=&#8221;double&#8221; locked=&#8221;off&#8221; global_colors_info=&#8221;{}&#8221;][et_pb_column type=&#8221;1_2&#8243; _builder_version=&#8221;4.16&#8243; _module_preset=&#8221;default&#8221; custom_padding=&#8221;2em|1em|2em|1em|true|true&#8221; custom_css_main_element=&#8221;display:flex!important;||align-content:center;||justify-content:center;||flex-flow:column;&#8221; global_colors_info=&#8221;{}&#8221;][et_pb_text _builder_version=&#8221;4.17.4&#8243; _module_preset=&#8221;default&#8221; text_font=&#8221;|600|||||||&#8221; text_font_size=&#8221;16px&#8221; header_2_font=&#8221;Caveat|700|||||||&#8221; header_2_font_size=&#8221;2.2vw&#8221; text_orientation=&#8221;justified&#8221; custom_padding=&#8221;|1em||1em|false|true&#8221; header_2_font_size_tablet=&#8221;6vw&#8221; header_2_font_size_phone=&#8221;8vw&#8221; header_2_font_size_last_edited=&#8221;on|desktop&#8221; global_colors_info=&#8221;{}&#8221;]<\/p>\n<h2 style=\"text-align: center;\">Men\u00fa cal\u00e7otada<\/h2>\n<h3 style=\"text-align: center;\"><strong>CAL\u00c7OTS O CARXOFES<\/strong><\/h3>\n<p><strong>\u00a0<\/strong><\/p>\n<h4 style=\"text-align: center;\"><u>ESCOLLIR ENTRE : <\/u><\/h4>\n<p>&nbsp;<\/p>\n<p style=\"text-align: center;\">XAI A LA BRASA AMB GUARNICI\u00d3<\/p>\n<p style=\"text-align: center;\">\u00bd CONILL A LA BRASA AMB GUARNICI\u00d3<\/p>\n<p style=\"text-align: center;\">PEUS DE PORC A LA BRASA<\/p>\n<p style=\"text-align: center;\">PEUS DE PORC A LA CATALANA<\/p>\n<p style=\"text-align: center;\">BOTIFARRA A LA BRASA AMB MONGETES<\/p>\n<p style=\"text-align: center;\">TRIO DE BOTIFARRES ESTIL MANELET<\/p>\n<p style=\"text-align: center;\">ENTRECOT A LA BRASA AMB PATATA AL CALIU<\/p>\n<p style=\"text-align: center;\">POLLASTRE A LA BRASA AMB GUARNICI\u00d3<\/p>\n<h4 style=\"text-align: center;\"><u>POSTRES :<\/u><\/h4>\n<p style=\"text-align: center;\">CREMA CATALANA<\/p>\n<p style=\"text-align: center;\">SORBET DE LLIMONA<\/p>\n<p>&nbsp;<\/p>\n<p style=\"text-align: center;\">Inclou: P\u00c0 TORRAT, BEGUDA I CAF\u00c8<strong><em>\u00a0<\/em><\/strong><\/p>\n<p style=\"text-align: center;\"><strong><em>29,00<\/em><\/strong><strong><br \/><\/strong>IVA\u00a0 incl\u00f2s<\/p>\n<p>[\/et_pb_text][\/et_pb_column][et_pb_column type=&#8221;1_2&#8243; _builder_version=&#8221;4.16&#8243; _module_preset=&#8221;default&#8221; global_colors_info=&#8221;{}&#8221;][et_pb_image src=&#8221;https:\/\/calmanelet.es\/wp-content\/uploads\/2023\/06\/calcots.jpg&#8221; alt=&#8221;men\u00fa diari a Vilanova i la Geltr\u00fa cal\u00e7ots&#8221; title_text=&#8221;men\u00fa diari a Vilanova i la Geltr\u00fa cal\u00e7ots&#8221; _builder_version=&#8221;4.17.4&#8243; _module_preset=&#8221;default&#8221; global_colors_info=&#8221;{}&#8221;][\/et_pb_image][\/et_pb_column][\/et_pb_row][et_pb_row column_structure=&#8221;1_4,1_2,1_4&#8243; _builder_version=&#8221;4.17.4&#8243; _module_preset=&#8221;default&#8221; width=&#8221;100%&#8221; max_width=&#8221;1900px&#8221; custom_padding=&#8221;100px||50px||false|false&#8221; locked=&#8221;off&#8221; global_colors_info=&#8221;{}&#8221;][et_pb_column type=&#8221;1_4&#8243; _builder_version=&#8221;4.16&#8243; _module_preset=&#8221;default&#8221; global_colors_info=&#8221;{}&#8221;][et_pb_image src=&#8221;https:\/\/calmanelet.es\/wp-content\/uploads\/2023\/03\/paella.jpg&#8221; alt=&#8221;men\u00fa diari a Vilanova i la Geltr\u00fa paella&#8221; title_text=&#8221;men\u00fa diari a Vilanova i la Geltr\u00fa paella&#8221; _builder_version=&#8221;4.17.4&#8243; _module_preset=&#8221;default&#8221; custom_padding=&#8221;2em||||false|false&#8221; global_colors_info=&#8221;{}&#8221;][\/et_pb_image][et_pb_button button_url=&#8221;@ET-DC@eyJkeW5hbWljIjp0cnVlLCJjb250ZW50IjoicG9zdF9saW5rX3VybF9wYWdlIiwic2V0dGluZ3MiOnsicG9zdF9pZCI6IjIifX0=@&#8221; button_text=&#8221;Contactar&#8221; button_alignment=&#8221;center&#8221; _builder_version=&#8221;4.17.4&#8243; _dynamic_attributes=&#8221;button_url&#8221; _module_preset=&#8221;default&#8221; custom_button=&#8221;on&#8221; button_text_size=&#8221;26px&#8221; button_text_color=&#8221;#FFFFFF&#8221; button_bg_color=&#8221;#000000&#8243; button_font=&#8221;Caveat||||||||&#8221; locked=&#8221;off&#8221; global_colors_info=&#8221;{}&#8221;][\/et_pb_button][\/et_pb_column][et_pb_column type=&#8221;1_2&#8243; _builder_version=&#8221;4.16&#8243; _module_preset=&#8221;default&#8221; global_colors_info=&#8221;{}&#8221;][et_pb_text _builder_version=&#8221;4.17.4&#8243; _module_preset=&#8221;default&#8221; text_font=&#8221;||||||||&#8221; text_font_size=&#8221;16px&#8221; header_2_font=&#8221;Caveat||||||||&#8221; header_2_font_size=&#8221;1.9vw&#8221; text_orientation=&#8221;justified&#8221; custom_padding=&#8221;|1em||1em|false|true&#8221; header_2_font_size_tablet=&#8221;6vw&#8221; header_2_font_size_phone=&#8221;8vw&#8221; header_2_font_size_last_edited=&#8221;on|desktop&#8221; global_colors_info=&#8221;{}&#8221;]<\/p>\n<h2 style=\"text-align: center;\"><strong>T&#8217;esperem amb el nostre men\u00fa diari a Vilanova i la Geltr\u00fa<\/strong><\/h2>\n<p>Busquem sempre el millor equilibri entre les opcions del nostre men\u00fa diari perqu\u00e8 puguis triar una cosa que t&#8217;agradi. Els nostres plats s\u00f3n sempre de la cuina casolana. La nostra preparaci\u00f3 de la <strong><a href=\"https:\/\/calmanelet.es\/cuina-tradicional-catalana-canyelles\/\">cuina tradicional catalana<\/a><\/strong> dels ingredients curosament elegits assegura una qualitat impecable a cada plat.<\/p>\n<p>Els <a href=\"https:\/\/calmanelet.es\/menu-diari-canyelles\/\"><strong>men\u00fas diaris<\/strong><\/a> s\u00f3n una excel\u00b7lent opci\u00f3 per gaudir d&#8217;un \u00e0pat complet i equilibrat. Aquests men\u00fas inclouen un primer plat, un segon plat, unes postres i beguda. A m\u00e9s, solen ser una opci\u00f3 econ\u00f2mica i convenient per a aquells que no tenen temps per cuinar o volen tastar diferents tipus de cuina. No hi ha res millor que gaudir d&#8217;un delici\u00f3s men\u00fa del dia, vine i tasta&#8217;ls!<\/p>\n<p>&nbsp;<\/p>\n<div class=\"w-full border-b border-black\/10 dark:border-gray-900\/50 text-gray-800 dark:text-gray-100 group bg-gray-50 dark:bg-[#444654]\">\n<div class=\"text-base gap-4 md:gap-6 m-auto md:max-w-2xl lg:max-w-2xl xl:max-w-3xl p-4 md:py-6 flex lg:px-0\">\n<div class=\"relative flex w-[calc(100%-50px)] flex-col gap-1 md:gap-3 lg:w-[calc(100%-115px)]\">\n<div class=\"flex justify-between\">\n<div class=\"text-gray-400 flex self-end lg:self-center justify-center mt-2 gap-3 md:gap-4 lg:gap-1 lg:absolute lg:top-0 lg:translate-x-full lg:right-0 lg:mt-0 lg:pl-2 visible\">\n<h2 style=\"text-align: center;\"><strong>Prova el nostre delici\u00f3s men\u00fa diari a Vilanova i la Geltr\u00fa<\/strong><\/h2>\n<p>El nostre men\u00fa diari inclou una gran selecci\u00f3 de plats elaborats amb ingredients frescos i d&#8217;alta qualitat. Des de les amanides i sopes m\u00e9s lleugeres fins als plats principals m\u00e9s substanciosos, el nostre men\u00fa diari est\u00e0 dissenyat per satisfer tots els gustos i gana.<\/p>\n<p>A m\u00e9s, el nostre men\u00fa diari canvia regularment, de manera que sempre trobareu alguna cosa nova i emocionant per provar. Tamb\u00e9 oferim opcions vegetarianes i sense gluten, per satisfer les necessitats diet\u00e8tiques especials dels nostres clients.<\/p>\n<p>Al nostre restaurant, ens esforcem per oferir una experi\u00e8ncia culin\u00e0ria excepcional a un preu assequible. El nostre men\u00fa diari \u00e9s una excel\u00b7lent opci\u00f3 per a aquells que volen gaudir d&#8217;un \u00e0pat delici\u00f3s i variat sense gastar massa.<\/p>\n<p>No dubteu a visitar-nos i tastar el nostre men\u00fa diari. Estem segurs que trobareu alguna cosa que us encantar\u00e0!<\/p>\n<\/div>\n<\/div>\n<\/div>\n<\/div>\n<\/div>\n<p>[\/et_pb_text][\/et_pb_column][et_pb_column type=&#8221;1_4&#8243; _builder_version=&#8221;4.16&#8243; _module_preset=&#8221;default&#8221; global_colors_info=&#8221;{}&#8221;][et_pb_image src=&#8221;https:\/\/calmanelet.es\/wp-content\/uploads\/2023\/03\/paella-marinera.jpg&#8221; alt=&#8221;men\u00fa diari a Vilanova i la Geltr\u00fa paella&#8221; title_text=&#8221;men\u00fa diari a Vilanova i la Geltr\u00fa paella&#8221; _builder_version=&#8221;4.17.4&#8243; _module_preset=&#8221;default&#8221; custom_padding=&#8221;2em||||false|false&#8221; global_colors_info=&#8221;{}&#8221;][\/et_pb_image][et_pb_button button_url=&#8221;tel:\/\/699544424&#8243; button_text=&#8221;Trucar&#8221; button_alignment=&#8221;center&#8221; _builder_version=&#8221;4.17.4&#8243; _module_preset=&#8221;default&#8221; custom_button=&#8221;on&#8221; button_text_size=&#8221;26px&#8221; button_text_color=&#8221;#FFFFFF&#8221; button_bg_color=&#8221;#000000&#8243; button_font=&#8221;Caveat||||||||&#8221; locked=&#8221;off&#8221; global_colors_info=&#8221;{}&#8221;][\/et_pb_button][\/et_pb_column][\/et_pb_row][\/et_pb_section]<\/p>","protected":false},"excerpt":{"rendered":"<p>El millor men\u00fa diari a Vilanova i la Geltr\u00fa i proximitat nom\u00e9s a Cal Manelet Restaurant\u00bfPer qu\u00e9 provar el nostre men\u00fa diari a Vilanova i la Geltr\u00fa? Provar el nostre men\u00fa diari \u00e9s una experi\u00e8ncia que no es voldr\u00e0 perdre per diverses raons. En primer lloc, el nostre men\u00fa diari ha estat dissenyat acuradament pels [&hellip;]<\/p>","protected":false},"author":1,"featured_media":0,"parent":0,"menu_order":0,"comment_status":"closed","ping_status":"closed","template":"","meta":{"_et_pb_use_builder":"on","_et_pb_old_content":"<!-- wp:paragraph -->\r\n<p>Esta es una p\u00e1gina de ejemplo. Es diferente a una entrada del blog porque permanecer\u00e1 en un solo lugar y aparecer\u00e1 en la navegaci\u00f3n de tu sitio (en la mayor\u00eda de los temas). La mayor\u00eda de las personas comienzan con una p\u00e1gina \u00abAcerca de\u00bb que les presenta a los visitantes potenciales del sitio. Podr\u00edas decir algo as\u00ed:<\/p>\r\n<!-- \/wp:paragraph -->\r\n\r\n<!-- wp:quote -->\r\n<blockquote class=\"wp-block-quote\"><p>\u00a1Bienvenido! Soy camarero de d\u00eda, aspirante a actor de noche y esta es mi web. Vivo en Mairena del Alcor, tengo un perro que se llama Firulais y me gusta el rebujito. (Y las tardes largas con caf\u00e9).<\/p><\/blockquote>\r\n<!-- \/wp:quote -->\r\n\r\n<!-- wp:paragraph -->\r\n<p>\u2026o algo as\u00ed:<\/p>\r\n<!-- \/wp:paragraph -->\r\n\r\n<!-- wp:quote -->\r\n<blockquote class=\"wp-block-quote\"><p>La empresa \u00abMariscos Recio\u00bb fue fundada por Antonio Recio Mata. Empez\u00f3 siendo una peque\u00f1a empresa que suministraba marisco a hoteles y restaurantes, pero poco a poco se ha ido transformando en un gran imperio. Mariscos Recio, el mar al mejor precio.<\/p><\/blockquote>\r\n<!-- \/wp:quote -->\r\n\r\n<!-- wp:paragraph -->\r\n<p>Como nuevo usuario de WordPress, deber\u00edas ir a <a href=\"https:\/\/calmanelet.es\/wp-admin\/\">tu escritorio<\/a> para borrar esta p\u00e1gina y crear nuevas p\u00e1ginas para tu contenido. \u00a1P\u00e1salo bien!<\/p>\r\n<!-- \/wp:paragraph -->","_et_gb_content_width":"","footnotes":""},"class_list":["post-481","page","type-page","status-publish","hentry"],"yoast_head":"<!-- This site is optimized with the Yoast SEO plugin v27.0 - https:\/\/yoast.com\/product\/yoast-seo-wordpress\/ -->\n<title>Men\u00fa diari a Vilanova i la Geltr\u00fa - Cal Manelet Restaurant<\/title>\n<meta name=\"description\" content=\"Men\u00fa diari a Vilanova i la Geltr\u00fa El restaurant de Canyelles amb el millor men\u00fa Publiquem els nostres men\u00fas diaris, men\u00fa de cuina casolana.\" \/>\n<meta name=\"robots\" content=\"index, follow, max-snippet:-1, max-image-preview:large, max-video-preview:-1\" \/>\n<link rel=\"canonical\" href=\"https:\/\/calmanelet.es\/es\/menu-diari-a-vilanova-i-la-geltru\/\" \/>\n<meta property=\"og:locale\" content=\"es_ES\" \/>\n<meta property=\"og:type\" content=\"article\" \/>\n<meta property=\"og:title\" content=\"Men\u00fa diari a Vilanova i la Geltr\u00fa - Cal Manelet Restaurant\" \/>\n<meta property=\"og:description\" content=\"Men\u00fa diari a Vilanova i la Geltr\u00fa El restaurant de Canyelles amb el millor men\u00fa Publiquem els nostres men\u00fas diaris, men\u00fa de cuina casolana.\" \/>\n<meta property=\"og:url\" content=\"https:\/\/calmanelet.es\/es\/menu-diari-a-vilanova-i-la-geltru\/\" \/>\n<meta property=\"og:site_name\" content=\"Cal Manelet Restaurant\" \/>\n<meta property=\"article:modified_time\" content=\"2023-08-04T15:59:14+00:00\" \/>\n<meta name=\"twitter:card\" content=\"summary_large_image\" \/>\n<meta name=\"twitter:label1\" content=\"Tiempo de lectura\" \/>\n\t<meta name=\"twitter:data1\" content=\"4 minutos\" \/>\n<script type=\"application\/ld+json\" class=\"yoast-schema-graph\">{\"@context\":\"https:\/\/schema.org\",\"@graph\":[{\"@type\":\"WebPage\",\"@id\":\"https:\/\/calmanelet.es\/menu-diari-a-vilanova-i-la-geltru\/\",\"url\":\"https:\/\/calmanelet.es\/menu-diari-a-vilanova-i-la-geltru\/\",\"name\":\"Men\u00fa diari a Vilanova i la Geltr\u00fa - Cal Manelet Restaurant\",\"isPartOf\":{\"@id\":\"https:\/\/calmanelet.es\/#website\"},\"datePublished\":\"2021-06-08T11:28:03+00:00\",\"dateModified\":\"2023-08-04T15:59:14+00:00\",\"description\":\"Men\u00fa diari a Vilanova i la Geltr\u00fa El restaurant de Canyelles amb el millor men\u00fa Publiquem els nostres men\u00fas diaris, men\u00fa de cuina casolana.\",\"breadcrumb\":{\"@id\":\"https:\/\/calmanelet.es\/menu-diari-a-vilanova-i-la-geltru\/#breadcrumb\"},\"inLanguage\":\"es\",\"potentialAction\":[{\"@type\":\"ReadAction\",\"target\":[\"https:\/\/calmanelet.es\/menu-diari-a-vilanova-i-la-geltru\/\"]}]},{\"@type\":\"BreadcrumbList\",\"@id\":\"https:\/\/calmanelet.es\/menu-diari-a-vilanova-i-la-geltru\/#breadcrumb\",\"itemListElement\":[{\"@type\":\"ListItem\",\"position\":1,\"name\":\"Portada\",\"item\":\"https:\/\/calmanelet.es\/\"},{\"@type\":\"ListItem\",\"position\":2,\"name\":\"Men\u00fa diari a Vilanova i la Geltr\u00fa\"}]},{\"@type\":\"WebSite\",\"@id\":\"https:\/\/calmanelet.es\/#website\",\"url\":\"https:\/\/calmanelet.es\/\",\"name\":\"Cal Manelet Restaurant\",\"description\":\"Restaurant a Canyelles\",\"potentialAction\":[{\"@type\":\"SearchAction\",\"target\":{\"@type\":\"EntryPoint\",\"urlTemplate\":\"https:\/\/calmanelet.es\/?s={search_term_string}\"},\"query-input\":{\"@type\":\"PropertyValueSpecification\",\"valueRequired\":true,\"valueName\":\"search_term_string\"}}],\"inLanguage\":\"es\"}]}<\/script>\n<!-- \/ Yoast SEO plugin. -->","yoast_head_json":{"title":"Men\u00fa diari a Vilanova i la Geltr\u00fa - Cal Manelet Restaurant","description":"Men\u00fa diari a Vilanova i la Geltr\u00fa El restaurant de Canyelles amb el millor men\u00fa Publiquem els nostres men\u00fas diaris, men\u00fa de cuina casolana.","robots":{"index":"index","follow":"follow","max-snippet":"max-snippet:-1","max-image-preview":"max-image-preview:large","max-video-preview":"max-video-preview:-1"},"canonical":"https:\/\/calmanelet.es\/es\/menu-diari-a-vilanova-i-la-geltru\/","og_locale":"es_ES","og_type":"article","og_title":"Men\u00fa diari a Vilanova i la Geltr\u00fa - Cal Manelet Restaurant","og_description":"Men\u00fa diari a Vilanova i la Geltr\u00fa El restaurant de Canyelles amb el millor men\u00fa Publiquem els nostres men\u00fas diaris, men\u00fa de cuina casolana.","og_url":"https:\/\/calmanelet.es\/es\/menu-diari-a-vilanova-i-la-geltru\/","og_site_name":"Cal Manelet Restaurant","article_modified_time":"2023-08-04T15:59:14+00:00","twitter_card":"summary_large_image","twitter_misc":{"Tiempo de lectura":"4 minutos"},"schema":{"@context":"https:\/\/schema.org","@graph":[{"@type":"WebPage","@id":"https:\/\/calmanelet.es\/menu-diari-a-vilanova-i-la-geltru\/","url":"https:\/\/calmanelet.es\/menu-diari-a-vilanova-i-la-geltru\/","name":"Men\u00fa diari a Vilanova i la Geltr\u00fa - Cal Manelet Restaurant","isPartOf":{"@id":"https:\/\/calmanelet.es\/#website"},"datePublished":"2021-06-08T11:28:03+00:00","dateModified":"2023-08-04T15:59:14+00:00","description":"Men\u00fa diari a Vilanova i la Geltr\u00fa El restaurant de Canyelles amb el millor men\u00fa Publiquem els nostres men\u00fas diaris, men\u00fa de cuina casolana.","breadcrumb":{"@id":"https:\/\/calmanelet.es\/menu-diari-a-vilanova-i-la-geltru\/#breadcrumb"},"inLanguage":"es","potentialAction":[{"@type":"ReadAction","target":["https:\/\/calmanelet.es\/menu-diari-a-vilanova-i-la-geltru\/"]}]},{"@type":"BreadcrumbList","@id":"https:\/\/calmanelet.es\/menu-diari-a-vilanova-i-la-geltru\/#breadcrumb","itemListElement":[{"@type":"ListItem","position":1,"name":"Portada","item":"https:\/\/calmanelet.es\/"},{"@type":"ListItem","position":2,"name":"Men\u00fa diari a Vilanova i la Geltr\u00fa"}]},{"@type":"WebSite","@id":"https:\/\/calmanelet.es\/#website","url":"https:\/\/calmanelet.es\/","name":"Cal Manelet Restaurant","description":"Restaurante en Canyelles","potentialAction":[{"@type":"SearchAction","target":{"@type":"EntryPoint","urlTemplate":"https:\/\/calmanelet.es\/?s={search_term_string}"},"query-input":{"@type":"PropertyValueSpecification","valueRequired":true,"valueName":"search_term_string"}}],"inLanguage":"es"}]}},"_links":{"self":[{"href":"https:\/\/calmanelet.es\/es\/wp-json\/wp\/v2\/pages\/481","targetHints":{"allow":["GET"]}}],"collection":[{"href":"https:\/\/calmanelet.es\/es\/wp-json\/wp\/v2\/pages"}],"about":[{"href":"https:\/\/calmanelet.es\/es\/wp-json\/wp\/v2\/types\/page"}],"author":[{"embeddable":true,"href":"https:\/\/calmanelet.es\/es\/wp-json\/wp\/v2\/users\/1"}],"replies":[{"embeddable":true,"href":"https:\/\/calmanelet.es\/es\/wp-json\/wp\/v2\/comments?post=481"}],"version-history":[{"count":16,"href":"https:\/\/calmanelet.es\/es\/wp-json\/wp\/v2\/pages\/481\/revisions"}],"predecessor-version":[{"id":1111,"href":"https:\/\/calmanelet.es\/es\/wp-json\/wp\/v2\/pages\/481\/revisions\/1111"}],"wp:attachment":[{"href":"https:\/\/calmanelet.es\/es\/wp-json\/wp\/v2\/media?parent=481"}],"curies":[{"name":"wp","href":"https:\/\/api.w.org\/{rel}","templated":true}]}}